{"id":12090,"date":"2020-03-06T10:43:54","date_gmt":"2020-03-06T10:43:54","guid":{"rendered":"https:\/\/www.tortosaturisme.cat\/es\/passeig-de-les-cultures\/"},"modified":"2020-07-22T16:21:47","modified_gmt":"2020-07-22T16:21:47","slug":"el-paseo-de-las-culturas","status":"publish","type":"page","link":"https:\/\/www.tortosaturisme.cat\/es\/el-paseo-de-las-culturas\/","title":{"rendered":"El Paseo de las Culturas"},"content":{"rendered":"<p>[vc_row][vc_column]<div class=\"vc-incubalia-medium-header\"><img decoding=\"async\" class=\"vc-incubalia-medium-header__mobile-picture brightness-100\" src=\"https:\/\/www.tortosaturisme.cat\/wp-content\/uploads\/2020\/03\/passeig-cap\u00e7alera-768x350.jpg\">\n                  <img decoding=\"async\" class=\"vc-incubalia-medium-header__desktop-picture brightness-100\" src=\"https:\/\/www.tortosaturisme.cat\/wp-content\/uploads\/2020\/03\/passeig_cultures_1920x550.jpg\"><\/div><div class=\"vc-incubalia-text-title\"><h2 class=\"vc-incubalia-text-title__title\">EL PASEO DE LAS CULTURAS<\/h2><\/div>[\/vc_column][\/vc_row][vc_row][vc_column width=\u00bb1\/2&#8243;]<div class=\"vc-incubalia-text-1-column-subtitle\"><h3 class=\"vc-incubalia-text-1-column-subtitle__subtitle\">Actuaci\u00f3n realizada en el marco del Programa Operativo FEDER 2014\/2020-EJE 6, \u00abDertosa-Turtuxa-Tortosa: una ciudad, tres nombres y 2000 a\u00f1os\u00bb<\/h3><div class=\"vc-incubalia-text-1-column-subtitle__text\">La actuaci\u00f3n <strong>El Paseo de las Culturas<\/strong> dentro del PO FEDER ha tenido como meta recuperar y valorizar un entorno hist\u00f3rico privilegiado que se encontraba en un estado de degradaci\u00f3n avanzado.<\/p><br \/>\n<p>El objetivo global de la intervenci\u00f3n era <strong>enlazar y permitir la continuidad<\/strong> entre el barrio del Castillo y el barrio de Remolins, dando <strong>valor urbano y paisaj\u00edstico<\/strong> a la zona. Esto ha permitido la circulaci\u00f3n de peatones por un paseo que conecta los principales activos tur\u00edsticos y culturales de la ciudad. De este modo, la Catedral, el Castillo de la Suda y las murallas, el barrio jud\u00edo, los Reales Colegios y los Jardines del Pr\u00edncipe quedan interconectados entre s\u00ed, favoreciendo la movilidad de los ciudadanos y de aquellos que visitan Tortosa.<\/div><\/div>[\/vc_column][vc_column width=\u00bb1\/2&#8243;]<div class=\"vc-incubalia-image-3x2-centered\"><img decoding=\"async\" class=\"vc-incubalia-image-3x2-centered__mobile-picture\" src=\"https:\/\/www.tortosaturisme.cat\/wp-content\/uploads\/2020\/03\/paseo-catedral-768-768x467.jpg\" alt=\"\"><img decoding=\"async\" class=\"vc-incubalia-image-3x2-centered__desktop-picture\" src=\"https:\/\/www.tortosaturisme.cat\/wp-content\/uploads\/2020\/03\/paseo-catedral-1920-1920x1168.jpg\" alt=\"\"><\/div>[\/vc_column][\/vc_row][vc_row][vc_column]<div class=\"vc-incubalia-text-1-column\"><div class=\"vc-incubalia-text-1-column__text\">El resultado ha sido un paseo que traza la morfolog\u00eda de la muralla siguiendo el antiguo Paseo de Ronda y que permite observar el Castillo de la Suda desde una perspectiva \u00fanica. Adem\u00e1s, a la importancia hist\u00f3rica del emplazamiento, se le ha sumado el<strong> valor art\u00edstico<\/strong> al introducir quince esculturas del artista Ignasi Blanch, que gu\u00edan al visitante a trav\u00e9s del recorrido f\u00edsico del paseo, as\u00ed como a trav\u00e9s de la historia de la ciudad.<\/p><br \/>\n<p>El<strong>\u00a0presupuesto total<\/strong>\u00a0de la actuaci\u00f3n el Paseo de las Culturas asciende a un total de 741.710,60\u20ac, IVA incluido. De este importe, la\u00a0<strong>Uni\u00f3 Europea\u00a0<\/strong>participa\u00a0aportando 306.491,99\u20ac mediante el PO FEDER 2014\/2020 EJE 6. Adem\u00e1s, la actuaci\u00f3n cuenta tambi\u00e9n con subvenciones de la\u00a0<strong>Generalitat de Catalunya<\/strong>, con\u00a0\u00a0308.253,75\u20ac otorgados por el Plan de Fomento Tur\u00edstico el a\u00f1o 2018, y de la\u00a0<strong>Diputaci\u00f3n de Tarragona<\/strong>,\u00a0que ha destinado\u00a094.042,50\u20ac a trav\u00e9s del PAM. Finalmente, la <strong>aportaci\u00f3n municipal\u00a0<\/strong> es de 32.922,37\u20ac que representa el 4,4% del total de la actuaci\u00f3n.<\/div><\/div><script>\n            (function($) {\n                $(function() {\n                    $(\".vc_col-sm-6\").parent(\".vc_row\").addClass(\"vc_layout_2\");\n                });\n            })(jQuery);\n            <\/script>[\/vc_column][\/vc_row][vc_row][vc_column width=\u00bb1\/3&#8243;]<div class=\"vc-incubalia-image-3x2-centered\"><img decoding=\"async\" class=\"vc-incubalia-image-3x2-centered__mobile-picture\" src=\"https:\/\/www.tortosaturisme.cat\/wp-content\/uploads\/2020\/03\/passeig_despuig768x512.jpg\" alt=\"\"><img decoding=\"async\" class=\"vc-incubalia-image-3x2-centered__desktop-picture\" src=\"https:\/\/www.tortosaturisme.cat\/wp-content\/uploads\/2020\/03\/passeig_despuig1920x1280.jpg\" alt=\"\"><\/div>[\/vc_column][vc_column width=\u00bb1\/3&#8243;]<div class=\"vc-incubalia-image-3x2-centered\"><img decoding=\"async\" class=\"vc-incubalia-image-3x2-centered__mobile-picture\" src=\"https:\/\/www.tortosaturisme.cat\/wp-content\/uploads\/2020\/03\/passeig_edatmitjana_768x512.jpg\" alt=\"\"><img decoding=\"async\" class=\"vc-incubalia-image-3x2-centered__desktop-picture\" src=\"https:\/\/www.tortosaturisme.cat\/wp-content\/uploads\/2020\/03\/passeig_edatmitjana_1920x1280.jpg\" alt=\"\"><\/div>[\/vc_column][vc_column width=\u00bb1\/3&#8243;]<div class=\"vc-incubalia-image-3x2-centered\"><img decoding=\"async\" class=\"vc-incubalia-image-3x2-centered__mobile-picture\" src=\"https:\/\/www.tortosaturisme.cat\/wp-content\/uploads\/2020\/03\/passeig_familia_768x512.jpg\" alt=\"\"><img decoding=\"async\" class=\"vc-incubalia-image-3x2-centered__desktop-picture\" src=\"https:\/\/www.tortosaturisme.cat\/wp-content\/uploads\/2020\/03\/passeig_familia_1920x1280.jpg\" alt=\"\"><\/div>[\/vc_column][\/vc_row][vc_row][vc_column]<div class=\"vc-incubalia-text-title\"><h2 class=\"vc-incubalia-text-title__title\">Making of<\/h2><\/div><div class=\"vc-incubalia-video-full-width\"><img decoding=\"async\" class=\"vc-incubalia-video-full-width__image-mobile\" src=\"https:\/\/www.tortosaturisme.cat\/wp-content\/uploads\/2020\/03\/video_cultres_768x350.jpg\"><img decoding=\"async\" class=\"vc-incubalia-video-full-width__image-desktop\" src=\"https:\/\/www.tortosaturisme.cat\/wp-content\/uploads\/2020\/03\/video_cultres_1920x550.jpg\"><div id=\"9003e74e8f\" class=\"vc-incubalia-video-full-width__play-button\"><img decoding=\"async\" class=\"play-button\" src=\"https:\/\/www.tortosaturisme.cat\/wp-content\/plugins\/vc-incubalia-elements\/elements\/..\/assets\/img\/video-play.png\"><\/div><div class=\"vc-incubalia-video-full-width__youtube-iframe\"><iframe loading=\"lazy\" width=\"560\" height=\"315\" src=\"https:\/\/www.youtube.com\/embed\/7YYsdCdrRqg\" frameborder=\"0\" allowfullscreen><\/iframe><\/div><\/div><script>(function($) {\n                $(function() {\n                    $('#9003e74e8f').on('click', function() {\n                        $(this).parent().parent().find('.vc-incubalia-video-full-width').addClass('play');\n                        \/\/$(this).parent().parent().find('.vc-incubalia-video-full-width__youtube-iframe iframe').attr('src', $('.vc-incubalia-video-full-width__youtube-iframe iframe').attr('src') + '?autoplay=1');\n                    });\n                });\n\n                $(window).load(function() {\n                    height = $('.vc-incubalia-video-full-width').height();\n                    setYoutubeIframeDimensions();\n                });\n\n                $(window).resize(function() {\n                    setYoutubeIframeDimensions();\n                });\n\n                function setYoutubeIframeDimensions()\n                {\n                    if ($('.vc-incubalia-video-full-width').height() > 0) {\n                        height = $('.vc-incubalia-video-full-width').height();\n                    }\n                    $('.vc-incubalia-video-full-width__youtube-iframe iframe').attr('height', height);\n                    let width = height * 16 \/ 9;\n                    $('.vc-incubalia-video-full-width__youtube-iframe iframe').attr('width', width);\n                }\n            })(jQuery)<\/script>[\/vc_column][\/vc_row][vc_row][vc_column]<div class=\"vc-incubalia-3-images\"><h2 class=\"vc-incubalia-3-images__title\">saber m\u00e1s<\/h2><div class=\"vc-incubalia-3-images__image\"><a href=\"https:\/\/www.tortosaturisme.cat\/es\/lugar\/el-passeig-de-les-cultures\/\"><img decoding=\"async\" src=\"https:\/\/www.tortosaturisme.cat\/wp-content\/uploads\/2020\/03\/Passeig-de-les-Cultures_Bqr800x600.jpg\" alt=\"\"><\/a><a href=\"https:\/\/www.tortosaturisme.cat\/es\/lugar\/el-passeig-de-les-cultures\/\"><p class=\"vc-incubalia-3-images__image-title\">Vis\u00edtalo<\/p><\/a><p class=\"vc-incubalia-3-images__image-subtitle\">El Paseo de las Culturas de cerca<\/p><\/div><div class=\"vc-incubalia-3-images__image\"><a href=\"\/es\/tortosa-cota-0\/\"><img decoding=\"async\" src=\"https:\/\/www.tortosaturisme.cat\/wp-content\/uploads\/2020\/03\/AL\u00c7ATS-COTA_0-800x600.jpg\" alt=\"\"><\/a><a href=\"\/es\/tortosa-cota-0\/\"><p class=\"vc-incubalia-3-images__image-title\">Tortosa Cota_0<\/p><\/a><p class=\"vc-incubalia-3-images__image-subtitle\">Los vestigios del pasado<\/p><\/div><div class=\"vc-incubalia-3-images__image\"><a href=\"\/es\/feder-dertosa-turtuxa-tortosa\/\"><img decoding=\"async\" src=\"https:\/\/www.tortosaturisme.cat\/wp-content\/uploads\/2020\/03\/FEDER_800x600.jpg\" alt=\"\"><\/a><a href=\"\/es\/feder-dertosa-turtuxa-tortosa\/\"><p class=\"vc-incubalia-3-images__image-title\">Dertosa-Turtuxa-Tortosa: una ciudad, tres nombres y 2000 a\u00f1os<\/p><\/a><p class=\"vc-incubalia-3-images__image-subtitle\">PO FEDER 2014\/2020-EJE 6<\/p><\/div><\/div>[vc_gmaps link=\u00bb#E-8_JTNDaWZyYW1lJTIwc3JjJTNEJTIyaHR0cHMlM0ElMkYlMkZ3d3cuZ29vZ2xlLmNvbSUyRm1hcHMlMkZlbWJlZCUzRnBiJTNEJTIxMW0xOCUyMTFtMTIlMjExbTMlMjExZDMwMTkuNTgxNjI4ODY4OTk0JTIxMmQwLjUyMDk3OTExNTI0Mjk0MjYlMjEzZDQwLjgxNTE4NjUzOTIzMzYzNiUyMTJtMyUyMTFmMCUyMTJmMCUyMTNmMCUyMTNtMiUyMTFpMTAyNCUyMTJpNzY4JTIxNGYxMy4xJTIxM20zJTIxMW0yJTIxMXMweDEyYTBlNGExY2Q0YWM0MjUlMjUzQTB4MTg5YmQyNTNhNTU1NDQ5ZCUyMTJzUGFzc2VpZyUyNTIwZGUlMjUyMFJvbmRhJTI1MkMlMjUyMDQzNTAwJTI1MjBUb3J0b3NhJTI1MkMlMjUyMFRhcnJhZ29uYSUyMTVlMCUyMTNtMiUyMTFzZXMlMjEyc2VzJTIxNHYxNTgzODI4NjM1NDIyJTIxNW0yJTIxMXNlcyUyMTJzZXMlMjIlMjB3aWR0aCUzRCUyMjYwMCUyMiUyMGhlaWdodCUzRCUyMjQ1MCUyMiUyMGZyYW1lYm9yZGVyJTNEJTIyMCUyMiUyMHN0eWxlJTNEJTIyYm9yZGVyJTNBMCUzQiUyMiUyMGFsbG93ZnVsbHNjcmVlbiUzRCUyMiUyMiUzRSUzQyUyRmlmcmFtZSUzRQ==\u00bb]<div class=\"vc-incubalia-4-icons\"><h2 class=\"vc-incubalia-4-icons__title\"><\/h2><div class=\"vc-incubalia-4-icons__icon\"><a class=\"vc-incubalia-4-icons__icon-url\" href=\"http:\/\/www2.tortosa.cat\/\"><img decoding=\"async\" class=\"vc-incubalia-4-icons__icon-image\" src=\"https:\/\/www.tortosaturisme.cat\/wp-content\/uploads\/2020\/03\/ajuntament-500x500-400x400.jpg\"><\/a><\/div><div class=\"vc-incubalia-4-icons__icon\"><a class=\"vc-incubalia-4-icons__icon-url\" href=\"https:\/\/www.dipta.cat\/\"><img decoding=\"async\" class=\"vc-incubalia-4-icons__icon-image\" src=\"https:\/\/www.tortosaturisme.cat\/wp-content\/uploads\/2020\/03\/Diputaci\u00f3-de-Tarragona-500x500-400x400.jpg\"><\/a><\/div><div class=\"vc-incubalia-4-icons__icon\"><a class=\"vc-incubalia-4-icons__icon-url\" href=\"http:\/\/fonseuropeus.gencat.cat\/ca\/\"><img decoding=\"async\" class=\"vc-incubalia-4-icons__icon-image\" src=\"https:\/\/www.tortosaturisme.cat\/wp-content\/uploads\/2020\/03\/FEder_Vertical_400x400.png\"><\/a><\/div><div class=\"vc-incubalia-4-icons__icon\"><a class=\"vc-incubalia-4-icons__icon-url\" href=\"https:\/\/web.gencat.cat\/ca\/inici\"><img decoding=\"async\" class=\"vc-incubalia-4-icons__icon-image\" src=\"https:\/\/www.tortosaturisme.cat\/wp-content\/uploads\/2020\/03\/generalitat-de-catalunya500x500-400x400.jpg\"><\/a><\/div><\/div>[\/vc_column][\/vc_row]<\/p>\n","protected":false},"excerpt":{"rendered":"<p>[vc_row][vc_column][\/vc_column][\/vc_row][vc_row][vc_column width=\u00bb1\/2&#8243;][\/vc_column][vc_column width=\u00bb1\/2&#8243;][\/vc_column][\/vc_row][vc_row][vc_column][\/vc_column][\/vc_row][vc_row][vc_column width=\u00bb1\/3&#8243;][\/vc_column][vc_column width=\u00bb1\/3&#8243;][\/vc_column][vc_column width=\u00bb1\/3&#8243;][\/vc_column][\/vc_row][vc_row][vc_column][\/vc_column][\/vc_row][vc_row][vc_column][vc_gmaps link=\u00bb#E-8_JTNDaWZyYW1lJTIwc3JjJTNEJTIyaHR0cHMlM0ElMkYlMkZ3d3cuZ29vZ2xlLmNvbSUyRm1hcHMlMkZlbWJlZCUzRnBiJTNEJTIxMW0xOCUyMTFtMTIlMjExbTMlMjExZDMwMTkuNTgxNjI4ODY4OTk0JTIxMmQwLjUyMDk3OTExNTI0Mjk0MjYlMjEzZDQwLjgxNTE4NjUzOTIzMzYzNiUyMTJtMyUyMTFmMCUyMTJmMCUyMTNmMCUyMTNtMiUyMTFpMTAyNCUyMTJpNzY4JTIxNGYxMy4xJTIxM20zJTIxMW0yJTIxMXMweDEyYTBlNGExY2Q0YWM0MjUlMjUzQTB4MTg5YmQyNTNhNTU1NDQ5ZCUyMTJzUGFzc2VpZyUyNTIwZGUlMjUyMFJvbmRhJTI1MkMlMjUyMDQzNTAwJTI1MjBUb3J0b3NhJTI1MkMlMjUyMFRhcnJhZ29uYSUyMTVlMCUyMTNtMiUyMTFzZXMlMjEyc2VzJTIxNHYxNTgzODI4NjM1NDIyJTIxNW0yJTIxMXNlcyUyMTJzZXMlMjIlMjB3aWR0aCUzRCUyMjYwMCUyMiUyMGhlaWdodCUzRCUyMjQ1MCUyMiUyMGZyYW1lYm9yZGVyJTNEJTIyMCUyMiUyMHN0eWxlJTNEJTIyYm9yZGVyJTNBMCUzQiUyMiUyMGFsbG93ZnVsbHNjcmVlbiUzRCUyMiUyMiUzRSUzQyUyRmlmcmFtZSUzRQ==\u00bb][\/vc_column][\/vc_row]<\/p>\n","protected":false},"author":2,"featured_media":0,"parent":0,"menu_order":166,"comment_status":"closed","ping_status":"closed","template":"","meta":{"footnotes":""},"class_list":["post-12090","page","type-page","status-publish","hentry"],"acf":[],"yoast_head":"<!-- This site is optimized with the Yoast SEO plugin v27.5 - https:\/\/yoast.com\/product\/yoast-seo-wordpress\/ -->\n<title>El Paseo de las Culturas - Actuaci\u00f3n PO FEDER | Tortosa Turisme<\/title>\n<meta name=\"description\" content=\"El Paseo de las Culturas es un recorrido, que combina arte y historia, trazando el camino del antiguo Paso de Ronda de la muralla medieval de Tortosa. Esta actuaci\u00f3n ha sido ejecutada a trav\u00e9s del Programa Operativo FEDER 2014\/2020 EJE-6 &quot;Dertosa-Turtuxa-Tortosa: una ciudad, tres nombres y 2000 a\u00f1os&quot;.\" \/>\n<meta name=\"robots\" content=\"index, follow, max-snippet:-1, max-image-preview:large, max-video-preview:-1\" \/>\n<link rel=\"canonical\" href=\"https:\/\/www.tortosaturisme.cat\/es\/el-paseo-de-las-culturas\/\" \/>\n<meta property=\"og:locale\" content=\"es_ES\" \/>\n<meta property=\"og:type\" content=\"article\" \/>\n<meta property=\"og:title\" content=\"El Paseo de las Culturas - Actuaci\u00f3n PO FEDER | Tortosa Turisme\" \/>\n<meta property=\"og:description\" content=\"El Paseo de las Culturas es un recorrido, que combina arte y historia, trazando el camino del antiguo Paso de Ronda de la muralla medieval de Tortosa. Esta actuaci\u00f3n ha sido ejecutada a trav\u00e9s del Programa Operativo FEDER 2014\/2020 EJE-6 &quot;Dertosa-Turtuxa-Tortosa: una ciudad, tres nombres y 2000 a\u00f1os&quot;.\" \/>\n<meta property=\"og:url\" content=\"https:\/\/www.tortosaturisme.cat\/es\/el-paseo-de-las-culturas\/\" \/>\n<meta property=\"og:site_name\" content=\"tortosaturisme\" \/>\n<meta property=\"article:modified_time\" content=\"2020-07-22T16:21:47+00:00\" \/>\n<meta name=\"twitter:card\" content=\"summary_large_image\" \/>\n<meta name=\"twitter:label1\" content=\"Tiempo de lectura\" \/>\n\t<meta name=\"twitter:data1\" content=\"3 minutos\" \/>\n<script type=\"application\/ld+json\" class=\"yoast-schema-graph\">{\"@context\":\"https:\\\/\\\/schema.org\",\"@graph\":[{\"@type\":\"WebPage\",\"@id\":\"https:\\\/\\\/www.tortosaturisme.cat\\\/es\\\/el-paseo-de-las-culturas\\\/\",\"url\":\"https:\\\/\\\/www.tortosaturisme.cat\\\/es\\\/el-paseo-de-las-culturas\\\/\",\"name\":\"El Paseo de las Culturas - Actuaci\u00f3n PO FEDER | Tortosa Turisme\",\"isPartOf\":{\"@id\":\"https:\\\/\\\/www.tortosaturisme.cat\\\/es\\\/#website\"},\"datePublished\":\"2020-03-06T10:43:54+00:00\",\"dateModified\":\"2020-07-22T16:21:47+00:00\",\"description\":\"El Paseo de las Culturas es un recorrido, que combina arte y historia, trazando el camino del antiguo Paso de Ronda de la muralla medieval de Tortosa. Esta actuaci\u00f3n ha sido ejecutada a trav\u00e9s del Programa Operativo FEDER 2014\\\/2020 EJE-6 \\\"Dertosa-Turtuxa-Tortosa: una ciudad, tres nombres y 2000 a\u00f1os\\\".\",\"breadcrumb\":{\"@id\":\"https:\\\/\\\/www.tortosaturisme.cat\\\/es\\\/el-paseo-de-las-culturas\\\/#breadcrumb\"},\"inLanguage\":\"es\",\"potentialAction\":[{\"@type\":\"ReadAction\",\"target\":[\"https:\\\/\\\/www.tortosaturisme.cat\\\/es\\\/el-paseo-de-las-culturas\\\/\"]}]},{\"@type\":\"BreadcrumbList\",\"@id\":\"https:\\\/\\\/www.tortosaturisme.cat\\\/es\\\/el-paseo-de-las-culturas\\\/#breadcrumb\",\"itemListElement\":[{\"@type\":\"ListItem\",\"position\":1,\"name\":\"Home\",\"item\":\"https:\\\/\\\/www.tortosaturisme.cat\\\/es\\\/\"},{\"@type\":\"ListItem\",\"position\":2,\"name\":\"El Paseo de las Culturas\"}]},{\"@type\":\"WebSite\",\"@id\":\"https:\\\/\\\/www.tortosaturisme.cat\\\/es\\\/#website\",\"url\":\"https:\\\/\\\/www.tortosaturisme.cat\\\/es\\\/\",\"name\":\"tortosaturisme\",\"description\":\"Otro sitio realizado con WordPress\",\"potentialAction\":[{\"@type\":\"SearchAction\",\"target\":{\"@type\":\"EntryPoint\",\"urlTemplate\":\"https:\\\/\\\/www.tortosaturisme.cat\\\/es\\\/?s={search_term_string}\"},\"query-input\":{\"@type\":\"PropertyValueSpecification\",\"valueRequired\":true,\"valueName\":\"search_term_string\"}}],\"inLanguage\":\"es\"}]}<\/script>\n<!-- \/ Yoast SEO plugin. -->","yoast_head_json":{"title":"El Paseo de las Culturas - Actuaci\u00f3n PO FEDER | Tortosa Turisme","description":"El Paseo de las Culturas es un recorrido, que combina arte y historia, trazando el camino del antiguo Paso de Ronda de la muralla medieval de Tortosa. Esta actuaci\u00f3n ha sido ejecutada a trav\u00e9s del Programa Operativo FEDER 2014\/2020 EJE-6 \"Dertosa-Turtuxa-Tortosa: una ciudad, tres nombres y 2000 a\u00f1os\".","robots":{"index":"index","follow":"follow","max-snippet":"max-snippet:-1","max-image-preview":"max-image-preview:large","max-video-preview":"max-video-preview:-1"},"canonical":"https:\/\/www.tortosaturisme.cat\/es\/el-paseo-de-las-culturas\/","og_locale":"es_ES","og_type":"article","og_title":"El Paseo de las Culturas - Actuaci\u00f3n PO FEDER | Tortosa Turisme","og_description":"El Paseo de las Culturas es un recorrido, que combina arte y historia, trazando el camino del antiguo Paso de Ronda de la muralla medieval de Tortosa. Esta actuaci\u00f3n ha sido ejecutada a trav\u00e9s del Programa Operativo FEDER 2014\/2020 EJE-6 \"Dertosa-Turtuxa-Tortosa: una ciudad, tres nombres y 2000 a\u00f1os\".","og_url":"https:\/\/www.tortosaturisme.cat\/es\/el-paseo-de-las-culturas\/","og_site_name":"tortosaturisme","article_modified_time":"2020-07-22T16:21:47+00:00","twitter_card":"summary_large_image","twitter_misc":{"Tiempo de lectura":"3 minutos"},"schema":{"@context":"https:\/\/schema.org","@graph":[{"@type":"WebPage","@id":"https:\/\/www.tortosaturisme.cat\/es\/el-paseo-de-las-culturas\/","url":"https:\/\/www.tortosaturisme.cat\/es\/el-paseo-de-las-culturas\/","name":"El Paseo de las Culturas - Actuaci\u00f3n PO FEDER | Tortosa Turisme","isPartOf":{"@id":"https:\/\/www.tortosaturisme.cat\/es\/#website"},"datePublished":"2020-03-06T10:43:54+00:00","dateModified":"2020-07-22T16:21:47+00:00","description":"El Paseo de las Culturas es un recorrido, que combina arte y historia, trazando el camino del antiguo Paso de Ronda de la muralla medieval de Tortosa. Esta actuaci\u00f3n ha sido ejecutada a trav\u00e9s del Programa Operativo FEDER 2014\/2020 EJE-6 \"Dertosa-Turtuxa-Tortosa: una ciudad, tres nombres y 2000 a\u00f1os\".","breadcrumb":{"@id":"https:\/\/www.tortosaturisme.cat\/es\/el-paseo-de-las-culturas\/#breadcrumb"},"inLanguage":"es","potentialAction":[{"@type":"ReadAction","target":["https:\/\/www.tortosaturisme.cat\/es\/el-paseo-de-las-culturas\/"]}]},{"@type":"BreadcrumbList","@id":"https:\/\/www.tortosaturisme.cat\/es\/el-paseo-de-las-culturas\/#breadcrumb","itemListElement":[{"@type":"ListItem","position":1,"name":"Home","item":"https:\/\/www.tortosaturisme.cat\/es\/"},{"@type":"ListItem","position":2,"name":"El Paseo de las Culturas"}]},{"@type":"WebSite","@id":"https:\/\/www.tortosaturisme.cat\/es\/#website","url":"https:\/\/www.tortosaturisme.cat\/es\/","name":"tortosaturisme","description":"Otro sitio realizado con WordPress","potentialAction":[{"@type":"SearchAction","target":{"@type":"EntryPoint","urlTemplate":"https:\/\/www.tortosaturisme.cat\/es\/?s={search_term_string}"},"query-input":{"@type":"PropertyValueSpecification","valueRequired":true,"valueName":"search_term_string"}}],"inLanguage":"es"}]}},"_links":{"self":[{"href":"https:\/\/www.tortosaturisme.cat\/es\/wp-json\/wp\/v2\/pages\/12090","targetHints":{"allow":["GET"]}}],"collection":[{"href":"https:\/\/www.tortosaturisme.cat\/es\/wp-json\/wp\/v2\/pages"}],"about":[{"href":"https:\/\/www.tortosaturisme.cat\/es\/wp-json\/wp\/v2\/types\/page"}],"author":[{"embeddable":true,"href":"https:\/\/www.tortosaturisme.cat\/es\/wp-json\/wp\/v2\/users\/2"}],"replies":[{"embeddable":true,"href":"https:\/\/www.tortosaturisme.cat\/es\/wp-json\/wp\/v2\/comments?post=12090"}],"version-history":[{"count":8,"href":"https:\/\/www.tortosaturisme.cat\/es\/wp-json\/wp\/v2\/pages\/12090\/revisions"}],"predecessor-version":[{"id":13893,"href":"https:\/\/www.tortosaturisme.cat\/es\/wp-json\/wp\/v2\/pages\/12090\/revisions\/13893"}],"wp:attachment":[{"href":"https:\/\/www.tortosaturisme.cat\/es\/wp-json\/wp\/v2\/media?parent=12090"}],"curies":[{"name":"wp","href":"https:\/\/api.w.org\/{rel}","templated":true}]}}