{"id":12109,"date":"2020-03-19T13:33:04","date_gmt":"2020-03-19T13:33:04","guid":{"rendered":"https:\/\/www.tortosaturisme.cat\/es\/casa-de-les-tres-cultures\/"},"modified":"2020-07-24T08:51:56","modified_gmt":"2020-07-24T08:51:56","slug":"casa-de-las-tres-culturas","status":"publish","type":"page","link":"https:\/\/www.tortosaturisme.cat\/es\/casa-de-las-tres-culturas\/","title":{"rendered":"Casa de las tres culturas"},"content":{"rendered":"<p>[vc_row][vc_column]<div class=\"vc-incubalia-medium-header\"><img decoding=\"async\" class=\"vc-incubalia-medium-header__mobile-picture brightness-100\" src=\"https:\/\/www.tortosaturisme.cat\/wp-content\/uploads\/2020\/03\/lapida1920x550-768x350.jpg\">\n                  <img decoding=\"async\" class=\"vc-incubalia-medium-header__desktop-picture brightness-100\" src=\"https:\/\/www.tortosaturisme.cat\/wp-content\/uploads\/2020\/03\/lapida1920x550.jpg\"><\/div><div class=\"vc-incubalia-text-1-column-subtitle\"><h2 class=\"vc-incubalia-text-1-column-subtitle__title\">La casa de las Tres Culturas<\/h2><h3 class=\"vc-incubalia-text-1-column-subtitle__subtitle\">Actuaci\u00f3n realizada en el marco del Programa Operativo FEDER 2014\/2020-EJE 6, \u00abDertosa-Turtuxa-Tortosa: una ciudad, tres nombres y 2000 a\u00f1os\u00bb<\/h3><div class=\"vc-incubalia-text-1-column-subtitle__text\">La actuaci\u00f3n <strong>La Casa de las Tres Culturas<\/strong> se plante\u00f3 delante de la necesidad de<strong> poner en valor el barrio de Remolins.<\/strong> Este es un barrio con mucha historia donde, en la Edad Media, se localizaban las dos juder\u00edas (la vieja y la nueva), el cementerio jud\u00edo, la morer\u00eda y la muralla, el portal y las torres que los rodeaban. Por lo tanto, era en esta zona donde se asentaban las diferentes aljamas de Tortosa, y en ella tanto jud\u00edos, musulmanes como cristianos desarrollaron relaciones sociales y culturales muy estrechas.<\/p><br \/>\n<p>La <strong>convivencia<\/strong> de las tres culturas arraigadas en la ciudad como son el \u00e1rabe, la jud\u00eda y la cristiana desde el siglo X se ha convertido en un producto cultural y tur\u00edsitco que hay que potenciar. Se trata de destacar un discurso hist\u00f3rico poco conocido y de capital importancia hoy en d\u00eda, que explica que la ciudad de Tortosa era de los pocos lugares en toda Catalu\u00f1a donde, durante un per\u00edodo destacable, las tres comunidades se relacionaron.<\/div><\/div><div class=\"vc-incubalia-image-3x2-centered\"><img decoding=\"async\" class=\"vc-incubalia-image-3x2-centered__mobile-picture\" src=\"https:\/\/www.tortosaturisme.cat\/wp-content\/uploads\/2020\/03\/personatges-768x444-768x444.jpg\" alt=\"\"><img decoding=\"async\" class=\"vc-incubalia-image-3x2-centered__desktop-picture\" src=\"https:\/\/www.tortosaturisme.cat\/wp-content\/uploads\/2020\/03\/personatges-1920x1110-1920x1110.jpg\" alt=\"\"><\/div>[\/vc_column][\/vc_row][vc_row][vc_column width=\u00bb1\/2&#8243;]<div class=\"vc-incubalia-text-1-column\"><div class=\"vc-incubalia-text-1-column__text\">Con la idea de habilitar un espacio donde se pueda mostrar esta historia a trav\u00e9s de una <strong>exposici\u00f3n permanente<\/strong>, se ha decidido reconstruir uno de los antiguos pabellones del antiguo<strong> Balneario del Porcar<\/strong> (s.XIX) que se encuentra dentro de los Jardines del Pr\u00edncipe, en el centro del antiguo barrio jud\u00edo.<\/p><br \/>\n<p>Con esta intervenci\u00f3n se podr\u00e1 abrir al p\u00fablico la Casa de las Tres Culturas, donde el visitante descubrir\u00e1 a trav\u00e9s de <strong>tres gu\u00edas virtuales<\/strong>, los cuales representan sus respectivas culturas, cu\u00e1les eran las diferentes formas de vivir que exist\u00edan en la Edad Media.<\/p><br \/>\n<p>El <strong>presupuesto total<\/strong> de la actuaci\u00f3n asciende a un total 194.309,50 \u20ac, IVA incluido. De este importe, la <strong>Uni\u00f3n Europea<\/strong> participa aportando 80.293,18 \u20ac mediante el PO FEDER 2014 \/2020 EJE 6. Adem\u00e1s, la actuaci\u00f3n tambi\u00e9n est\u00e1 subvencionada por la <strong>Diputaci\u00f3n de Tarragona<\/strong>, destinando 66.892,75 \u20ac a trav\u00e9s del PAM. Finalmente, la<strong> aportaci\u00f3n municipal<\/strong> es de 47.123,57 \u20ac que representa el 24,3% del total de la actuaci\u00f3n.<\/div><\/div><script>\n            (function($) {\n                $(function() {\n                    $(\".vc_col-sm-6\").parent(\".vc_row\").addClass(\"vc_layout_2\");\n                });\n            })(jQuery);\n            <\/script>[\/vc_column][vc_column width=\u00bb1\/2&#8243;]<div class=\"vc-incubalia-image-3x2-centered\"><img decoding=\"async\" class=\"vc-incubalia-image-3x2-centered__mobile-picture\" src=\"https:\/\/www.tortosaturisme.cat\/wp-content\/uploads\/2020\/03\/render_casa3cultures_768x512.jpg\" alt=\"\"><img decoding=\"async\" class=\"vc-incubalia-image-3x2-centered__desktop-picture\" src=\"https:\/\/www.tortosaturisme.cat\/wp-content\/uploads\/2020\/03\/render_casa3cultures_1920x1280.jpg\" alt=\"\"><\/div>[\/vc_column][\/vc_row][vc_row][vc_column]<div class=\"vc-incubalia-3-images\"><h2 class=\"vc-incubalia-3-images__title\">saber m\u00e1s<\/h2><div class=\"vc-incubalia-3-images__image\"><a href=\"\/es\/lugar\/los-jardines-del-principe\/\"><img decoding=\"async\" src=\"https:\/\/www.tortosaturisme.cat\/wp-content\/uploads\/2020\/03\/Jardins-del-Pr\u00edncep-800x600.jpg\" alt=\"\"><\/a><a href=\"\/es\/lugar\/los-jardines-del-principe\/\"><p class=\"vc-incubalia-3-images__image-title\">Los Jardines del Pr\u00edncipe<\/p><\/a><p class=\"vc-incubalia-3-images__image-subtitle\">Un museo de esculturas al aire libre<\/p><\/div><div class=\"vc-incubalia-3-images__image\"><a href=\"\/es\/el-paseo-de-las-culturas\/\"><img decoding=\"async\" src=\"https:\/\/www.tortosaturisme.cat\/wp-content\/uploads\/2020\/03\/Passeig-de-les-Cultures_Bqr800x600.jpg\" alt=\"\"><\/a><a href=\"\/es\/el-paseo-de-las-culturas\/\"><p class=\"vc-incubalia-3-images__image-title\">paseo de las culturas<\/p><\/a><p class=\"vc-incubalia-3-images__image-subtitle\">Un recorrido por la historia de Tortosa<\/p><\/div><div class=\"vc-incubalia-3-images__image\"><a href=\"\/es\/feder-dertosa-turtuxa-tortosa\/\"><img decoding=\"async\" src=\"https:\/\/www.tortosaturisme.cat\/wp-content\/uploads\/2020\/03\/FEDER_800x600.jpg\" alt=\"\"><\/a><a href=\"\/es\/feder-dertosa-turtuxa-tortosa\/\"><p class=\"vc-incubalia-3-images__image-title\">Dertosa-Turtuxa-Tortosa: una ciudad, tres nombres y 2000 a\u00f1os<\/p><\/a><p class=\"vc-incubalia-3-images__image-subtitle\">PO FEDER 2014\/2020-EJE 6<\/p><\/div><\/div>[vc_gmaps link=\u00bb#E-8_JTNDaWZyYW1lJTIwc3JjJTNEJTIyaHR0cHMlM0ElMkYlMkZ3d3cuZ29vZ2xlLmNvbSUyRm1hcHMlMkZlbWJlZCUzRnBiJTNEJTIxMW0xOCUyMTFtMTIlMjExbTMlMjExZDMwMTkuNTIyMTEyMzg2MDklMjEyZDAuNTIzMDc3MDE0OTA3OTM5NiUyMTNkNDAuODE2NDk0MTM5MTU0MDclMjEybTMlMjExZjAlMjEyZjAlMjEzZjAlMjEzbTIlMjExaTEwMjQlMjEyaTc2OCUyMTRmMTMuMSUyMTNtMyUyMTFtMiUyMTFzMHgxMmEwZTQ5ZmZhZWQzNGRmJTI1M0EweGRlZjdkZmI5ODQyYjM4NGYlMjEyc0phcmRpbnMlMjUyMGRlbCUyNTIwcHIlMjVDMyUyNUFEbmNlcCUyMTVlMCUyMTNtMiUyMTFzZXMlMjEyc2VzJTIxNHYxNTg0NjI5MzQ2ODAzJTIxNW0yJTIxMXNlcyUyMTJzZXMlMjIlMjB3aWR0aCUzRCUyMjYwMCUyMiUyMGhlaWdodCUzRCUyMjQ1MCUyMiUyMGZyYW1lYm9yZGVyJTNEJTIyMCUyMiUyMHN0eWxlJTNEJTIyYm9yZGVyJTNBMCUzQiUyMiUyMGFsbG93ZnVsbHNjcmVlbiUzRCUyMiUyMiUyMGFyaWEtaGlkZGVuJTNEJTIyZmFsc2UlMjIlMjB0YWJpbmRleCUzRCUyMjAlMjIlM0UlM0MlMkZpZnJhbWUlM0U=\u00bb][\/vc_column][\/vc_row][vc_row][vc_column]<div class=\"vc-incubalia-4-icons\"><h2 class=\"vc-incubalia-4-icons__title\"><\/h2><div class=\"vc-incubalia-4-icons__icon\"><a class=\"vc-incubalia-4-icons__icon-url\" href=\"http:\/\/www2.tortosa.cat\/\"><img decoding=\"async\" class=\"vc-incubalia-4-icons__icon-image\" src=\"https:\/\/www.tortosaturisme.cat\/wp-content\/uploads\/2020\/03\/ajuntament-500x500-400x400.jpg\"><\/a><\/div><div class=\"vc-incubalia-4-icons__icon\"><a class=\"vc-incubalia-4-icons__icon-url\" href=\"https:\/\/www.dipta.cat\/\"><img decoding=\"async\" class=\"vc-incubalia-4-icons__icon-image\" src=\"https:\/\/www.tortosaturisme.cat\/wp-content\/uploads\/2020\/03\/Diputaci\u00f3-de-Tarragona-500x500-400x400.jpg\"><\/a><\/div><div class=\"vc-incubalia-4-icons__icon\"><a class=\"vc-incubalia-4-icons__icon-url\" href=\"http:\/\/fonseuropeus.gencat.cat\/ca\/\"><img decoding=\"async\" class=\"vc-incubalia-4-icons__icon-image\" src=\"https:\/\/www.tortosaturisme.cat\/wp-content\/uploads\/2020\/03\/FEder_Vertical_400x400.png\"><\/a><\/div><div class=\"vc-incubalia-4-icons__icon\"><a class=\"vc-incubalia-4-icons__icon-url\" href=\"https:\/\/web.gencat.cat\/ca\/inici\"><img decoding=\"async\" class=\"vc-incubalia-4-icons__icon-image\" src=\"https:\/\/www.tortosaturisme.cat\/wp-content\/uploads\/2020\/03\/generalitat-de-catalunya500x500-400x400.jpg\"><\/a><\/div><\/div>[\/vc_column][\/vc_row]<\/p>\n","protected":false},"excerpt":{"rendered":"<p>[vc_row][vc_column][\/vc_column][\/vc_row][vc_row][vc_column width=\u00bb1\/2&#8243;][\/vc_column][vc_column width=\u00bb1\/2&#8243;][\/vc_column][\/vc_row][vc_row][vc_column][vc_gmaps link=\u00bb#E-8_JTNDaWZyYW1lJTIwc3JjJTNEJTIyaHR0cHMlM0ElMkYlMkZ3d3cuZ29vZ2xlLmNvbSUyRm1hcHMlMkZlbWJlZCUzRnBiJTNEJTIxMW0xOCUyMTFtMTIlMjExbTMlMjExZDMwMTkuNTIyMTEyMzg2MDklMjEyZDAuNTIzMDc3MDE0OTA3OTM5NiUyMTNkNDAuODE2NDk0MTM5MTU0MDclMjEybTMlMjExZjAlMjEyZjAlMjEzZjAlMjEzbTIlMjExaTEwMjQlMjEyaTc2OCUyMTRmMTMuMSUyMTNtMyUyMTFtMiUyMTFzMHgxMmEwZTQ5ZmZhZWQzNGRmJTI1M0EweGRlZjdkZmI5ODQyYjM4NGYlMjEyc0phcmRpbnMlMjUyMGRlbCUyNTIwcHIlMjVDMyUyNUFEbmNlcCUyMTVlMCUyMTNtMiUyMTFzZXMlMjEyc2VzJTIxNHYxNTg0NjI5MzQ2ODAzJTIxNW0yJTIxMXNlcyUyMTJzZXMlMjIlMjB3aWR0aCUzRCUyMjYwMCUyMiUyMGhlaWdodCUzRCUyMjQ1MCUyMiUyMGZyYW1lYm9yZGVyJTNEJTIyMCUyMiUyMHN0eWxlJTNEJTIyYm9yZGVyJTNBMCUzQiUyMiUyMGFsbG93ZnVsbHNjcmVlbiUzRCUyMiUyMiUyMGFyaWEtaGlkZGVuJTNEJTIyZmFsc2UlMjIlMjB0YWJpbmRleCUzRCUyMjAlMjIlM0UlM0MlMkZpZnJhbWUlM0U=\u00bb][\/vc_column][\/vc_row][vc_row][vc_column][\/vc_column][\/vc_row]<\/p>\n","protected":false},"author":2,"featured_media":0,"parent":0,"menu_order":0,"comment_status":"closed","ping_status":"closed","template":"","meta":{"footnotes":""},"class_list":["post-12109","page","type-page","status-publish","hentry"],"acf":[],"yoast_head":"<!-- This site is optimized with the Yoast SEO plugin v27.5 - https:\/\/yoast.com\/product\/yoast-seo-wordpress\/ -->\n<title>La Casa de las Tres Culturas - Actuaci\u00f3n PO FEDER | Tortosa Turisme<\/title>\n<meta name=\"description\" content=\"La Casa de las Tres Culturas mostrar\u00e1 una exposici\u00f3n permanente sobre las formas de vida de las tres comunidades religiosas que viv\u00edan en la ciudad medieval de Tortosa. Esta actuaci\u00f3n se ejecuta a trav\u00e9s del Programa Operativo FEDER 2014\/2020 EJE-6 &quot;Dertosa-Turtuxa-Tortosa: una ciudad, tres nombres y 2000 a\u00f1os&quot;.\" \/>\n<meta name=\"robots\" content=\"index, follow, max-snippet:-1, max-image-preview:large, max-video-preview:-1\" \/>\n<link rel=\"canonical\" href=\"https:\/\/www.tortosaturisme.cat\/es\/casa-de-las-tres-culturas\/\" \/>\n<meta property=\"og:locale\" content=\"es_ES\" \/>\n<meta property=\"og:type\" content=\"article\" \/>\n<meta property=\"og:title\" content=\"La Casa de las Tres Culturas - Actuaci\u00f3n PO FEDER | Tortosa Turisme\" \/>\n<meta property=\"og:description\" content=\"La Casa de las Tres Culturas mostrar\u00e1 una exposici\u00f3n permanente sobre las formas de vida de las tres comunidades religiosas que viv\u00edan en la ciudad medieval de Tortosa. Esta actuaci\u00f3n se ejecuta a trav\u00e9s del Programa Operativo FEDER 2014\/2020 EJE-6 &quot;Dertosa-Turtuxa-Tortosa: una ciudad, tres nombres y 2000 a\u00f1os&quot;.\" \/>\n<meta property=\"og:url\" content=\"https:\/\/www.tortosaturisme.cat\/es\/casa-de-las-tres-culturas\/\" \/>\n<meta property=\"og:site_name\" content=\"tortosaturisme\" \/>\n<meta property=\"article:modified_time\" content=\"2020-07-24T08:51:56+00:00\" \/>\n<meta name=\"twitter:card\" content=\"summary_large_image\" \/>\n<meta name=\"twitter:label1\" content=\"Tiempo de lectura\" \/>\n\t<meta name=\"twitter:data1\" content=\"3 minutos\" \/>\n<script type=\"application\/ld+json\" class=\"yoast-schema-graph\">{\"@context\":\"https:\\\/\\\/schema.org\",\"@graph\":[{\"@type\":\"WebPage\",\"@id\":\"https:\\\/\\\/www.tortosaturisme.cat\\\/es\\\/casa-de-las-tres-culturas\\\/\",\"url\":\"https:\\\/\\\/www.tortosaturisme.cat\\\/es\\\/casa-de-las-tres-culturas\\\/\",\"name\":\"La Casa de las Tres Culturas - Actuaci\u00f3n PO FEDER | Tortosa Turisme\",\"isPartOf\":{\"@id\":\"https:\\\/\\\/www.tortosaturisme.cat\\\/es\\\/#website\"},\"datePublished\":\"2020-03-19T13:33:04+00:00\",\"dateModified\":\"2020-07-24T08:51:56+00:00\",\"description\":\"La Casa de las Tres Culturas mostrar\u00e1 una exposici\u00f3n permanente sobre las formas de vida de las tres comunidades religiosas que viv\u00edan en la ciudad medieval de Tortosa. Esta actuaci\u00f3n se ejecuta a trav\u00e9s del Programa Operativo FEDER 2014\\\/2020 EJE-6 \\\"Dertosa-Turtuxa-Tortosa: una ciudad, tres nombres y 2000 a\u00f1os\\\".\",\"breadcrumb\":{\"@id\":\"https:\\\/\\\/www.tortosaturisme.cat\\\/es\\\/casa-de-las-tres-culturas\\\/#breadcrumb\"},\"inLanguage\":\"es\",\"potentialAction\":[{\"@type\":\"ReadAction\",\"target\":[\"https:\\\/\\\/www.tortosaturisme.cat\\\/es\\\/casa-de-las-tres-culturas\\\/\"]}]},{\"@type\":\"BreadcrumbList\",\"@id\":\"https:\\\/\\\/www.tortosaturisme.cat\\\/es\\\/casa-de-las-tres-culturas\\\/#breadcrumb\",\"itemListElement\":[{\"@type\":\"ListItem\",\"position\":1,\"name\":\"Home\",\"item\":\"https:\\\/\\\/www.tortosaturisme.cat\\\/es\\\/\"},{\"@type\":\"ListItem\",\"position\":2,\"name\":\"Casa de las tres culturas\"}]},{\"@type\":\"WebSite\",\"@id\":\"https:\\\/\\\/www.tortosaturisme.cat\\\/es\\\/#website\",\"url\":\"https:\\\/\\\/www.tortosaturisme.cat\\\/es\\\/\",\"name\":\"tortosaturisme\",\"description\":\"Otro sitio realizado con WordPress\",\"potentialAction\":[{\"@type\":\"SearchAction\",\"target\":{\"@type\":\"EntryPoint\",\"urlTemplate\":\"https:\\\/\\\/www.tortosaturisme.cat\\\/es\\\/?s={search_term_string}\"},\"query-input\":{\"@type\":\"PropertyValueSpecification\",\"valueRequired\":true,\"valueName\":\"search_term_string\"}}],\"inLanguage\":\"es\"}]}<\/script>\n<!-- \/ Yoast SEO plugin. -->","yoast_head_json":{"title":"La Casa de las Tres Culturas - Actuaci\u00f3n PO FEDER | Tortosa Turisme","description":"La Casa de las Tres Culturas mostrar\u00e1 una exposici\u00f3n permanente sobre las formas de vida de las tres comunidades religiosas que viv\u00edan en la ciudad medieval de Tortosa. Esta actuaci\u00f3n se ejecuta a trav\u00e9s del Programa Operativo FEDER 2014\/2020 EJE-6 \"Dertosa-Turtuxa-Tortosa: una ciudad, tres nombres y 2000 a\u00f1os\".","robots":{"index":"index","follow":"follow","max-snippet":"max-snippet:-1","max-image-preview":"max-image-preview:large","max-video-preview":"max-video-preview:-1"},"canonical":"https:\/\/www.tortosaturisme.cat\/es\/casa-de-las-tres-culturas\/","og_locale":"es_ES","og_type":"article","og_title":"La Casa de las Tres Culturas - Actuaci\u00f3n PO FEDER | Tortosa Turisme","og_description":"La Casa de las Tres Culturas mostrar\u00e1 una exposici\u00f3n permanente sobre las formas de vida de las tres comunidades religiosas que viv\u00edan en la ciudad medieval de Tortosa. Esta actuaci\u00f3n se ejecuta a trav\u00e9s del Programa Operativo FEDER 2014\/2020 EJE-6 \"Dertosa-Turtuxa-Tortosa: una ciudad, tres nombres y 2000 a\u00f1os\".","og_url":"https:\/\/www.tortosaturisme.cat\/es\/casa-de-las-tres-culturas\/","og_site_name":"tortosaturisme","article_modified_time":"2020-07-24T08:51:56+00:00","twitter_card":"summary_large_image","twitter_misc":{"Tiempo de lectura":"3 minutos"},"schema":{"@context":"https:\/\/schema.org","@graph":[{"@type":"WebPage","@id":"https:\/\/www.tortosaturisme.cat\/es\/casa-de-las-tres-culturas\/","url":"https:\/\/www.tortosaturisme.cat\/es\/casa-de-las-tres-culturas\/","name":"La Casa de las Tres Culturas - Actuaci\u00f3n PO FEDER | Tortosa Turisme","isPartOf":{"@id":"https:\/\/www.tortosaturisme.cat\/es\/#website"},"datePublished":"2020-03-19T13:33:04+00:00","dateModified":"2020-07-24T08:51:56+00:00","description":"La Casa de las Tres Culturas mostrar\u00e1 una exposici\u00f3n permanente sobre las formas de vida de las tres comunidades religiosas que viv\u00edan en la ciudad medieval de Tortosa. Esta actuaci\u00f3n se ejecuta a trav\u00e9s del Programa Operativo FEDER 2014\/2020 EJE-6 \"Dertosa-Turtuxa-Tortosa: una ciudad, tres nombres y 2000 a\u00f1os\".","breadcrumb":{"@id":"https:\/\/www.tortosaturisme.cat\/es\/casa-de-las-tres-culturas\/#breadcrumb"},"inLanguage":"es","potentialAction":[{"@type":"ReadAction","target":["https:\/\/www.tortosaturisme.cat\/es\/casa-de-las-tres-culturas\/"]}]},{"@type":"BreadcrumbList","@id":"https:\/\/www.tortosaturisme.cat\/es\/casa-de-las-tres-culturas\/#breadcrumb","itemListElement":[{"@type":"ListItem","position":1,"name":"Home","item":"https:\/\/www.tortosaturisme.cat\/es\/"},{"@type":"ListItem","position":2,"name":"Casa de las tres culturas"}]},{"@type":"WebSite","@id":"https:\/\/www.tortosaturisme.cat\/es\/#website","url":"https:\/\/www.tortosaturisme.cat\/es\/","name":"tortosaturisme","description":"Otro sitio realizado con WordPress","potentialAction":[{"@type":"SearchAction","target":{"@type":"EntryPoint","urlTemplate":"https:\/\/www.tortosaturisme.cat\/es\/?s={search_term_string}"},"query-input":{"@type":"PropertyValueSpecification","valueRequired":true,"valueName":"search_term_string"}}],"inLanguage":"es"}]}},"_links":{"self":[{"href":"https:\/\/www.tortosaturisme.cat\/es\/wp-json\/wp\/v2\/pages\/12109","targetHints":{"allow":["GET"]}}],"collection":[{"href":"https:\/\/www.tortosaturisme.cat\/es\/wp-json\/wp\/v2\/pages"}],"about":[{"href":"https:\/\/www.tortosaturisme.cat\/es\/wp-json\/wp\/v2\/types\/page"}],"author":[{"embeddable":true,"href":"https:\/\/www.tortosaturisme.cat\/es\/wp-json\/wp\/v2\/users\/2"}],"replies":[{"embeddable":true,"href":"https:\/\/www.tortosaturisme.cat\/es\/wp-json\/wp\/v2\/comments?post=12109"}],"version-history":[{"count":9,"href":"https:\/\/www.tortosaturisme.cat\/es\/wp-json\/wp\/v2\/pages\/12109\/revisions"}],"predecessor-version":[{"id":15030,"href":"https:\/\/www.tortosaturisme.cat\/es\/wp-json\/wp\/v2\/pages\/12109\/revisions\/15030"}],"wp:attachment":[{"href":"https:\/\/www.tortosaturisme.cat\/es\/wp-json\/wp\/v2\/media?parent=12109"}],"curies":[{"name":"wp","href":"https:\/\/api.w.org\/{rel}","templated":true}]}}