{"id":37272,"date":"2025-04-12T14:01:00","date_gmt":"2025-04-12T14:01:00","guid":{"rendered":"https:\/\/www.tortosaturisme.cat\/setmana-santa-2025-2\/"},"modified":"2026-03-26T18:38:53","modified_gmt":"2026-03-26T17:38:53","slug":"setmana-santa-2026","status":"publish","type":"page","link":"https:\/\/www.tortosaturisme.cat\/es\/setmana-santa-2026\/","title":{"rendered":"Setmana Santa 2026"},"content":{"rendered":"<p>[vc_row][vc_column]<div class=\"vc-incubalia-text-image-full\"><div class=\"vc-incubalia-text-image-full__image-container\"><img decoding=\"async\" class=\"vc-incubalia-text-image-full__image-mobile\" alt=\"\" src=\"https:\/\/www.tortosaturisme.cat\/wp-content\/uploads\/2025\/04\/Banner-setmana-santa-768x450-1-768x350.png\"><img decoding=\"async\" class=\"vc-incubalia-text-image-full__image-desktop\" alt=\"\" src=\"https:\/\/www.tortosaturisme.cat\/wp-content\/uploads\/2025\/04\/Banner-home-1920x550.png\"><h2 class=\"vc-incubalia-text-image-full__title\">SETMANA SANTA 2026<\/h2><i class=\"arrow-down\"><\/i><\/div><div class=\"vc-incubalia-text-image-full__text-container\"><div class=\"vc-incubalia-text-image-full__text\"><\/div><\/div><\/div>[\/vc_column][\/vc_row][vc_row][vc_column]<div class=\"vc-incubalia-text-1-column-subtitle\"><h2 class=\"vc-incubalia-text-1-column-subtitle__title\">Descobriu la cultura, la natura i l\u2019emoci\u00f3<\/h2><div class=\"vc-incubalia-text-1-column-subtitle__text\"><strong>Escapa\u2019t a Tortosa aquesta Setmana Santa<\/strong>. Ciutat hist\u00f2rica de les Terres de l\u2019Ebre amb un interessant conjunt monumental i envoltada per dos parcs naturals, el Delta de l\u2019Ebre i els Ports. En el cor d\u2019una zona declarada <strong>Reserva de la Biosfera<\/strong> per la UNESCO, Tortosa \u00e9s el punt de partida idoni per descobrir el territori i les propostes que t\u2019ofereix, ja sigui fent cicloturisme a trav\u00e9s de la <strong>Via Verda de la Val de Zaf\u00e1n<\/strong> i el <strong>Cam\u00ed Natural Tortosa-Deltebre<\/strong>, fent senderisme o esports d\u2019aventura.<\/p><br \/>\n<p>M\u00e9s prop del que imagines, a les <strong>Terres de l\u2019Ebre<\/strong>, es respira diferent, viu experi\u00e8ncies que es quedaran a la teva mem\u00f2ria.<\/p><br \/>\n<p><strong>Tortosa A un pas de viure intensament<\/strong><\/div><\/div>[\/vc_column][\/vc_row][vc_row][vc_column]<div class=\"vc-incubalia-text-image-full\"><div class=\"vc-incubalia-text-image-full__image-container\"><img decoding=\"async\" class=\"vc-incubalia-text-image-full__image-mobile\" alt=\"\" src=\"https:\/\/www.tortosaturisme.cat\/wp-content\/uploads\/2025\/04\/Vestes-768X350.png\"><img decoding=\"async\" class=\"vc-incubalia-text-image-full__image-desktop\" alt=\"\" src=\"https:\/\/www.tortosaturisme.cat\/wp-content\/uploads\/2025\/04\/Vestes-1920x550-1.png\"><i class=\"arrow-down\"><\/i><\/div><div class=\"vc-incubalia-text-image-full__text-container\"><div class=\"vc-incubalia-text-image-full__text\"><\/div><\/div><\/div><div class=\"vc-incubalia-text-1-column-subtitle\"><h2 class=\"vc-incubalia-text-1-column-subtitle__title\">La Setmana Santa m\u00e9s multitudin\u00e0ria de les Terres de l'Ebre<\/h2><div class=\"vc-incubalia-text-1-column-subtitle__text\"><strong>Tortosa \u00e9s l\u2019escenari dels actes m\u00e9s multitudinaris i espectaculars que conformen la Setmana Santa a les Terres de l\u2019Ebre<\/strong>. Tot\u00a0 aix\u00f2 permet descobrir el territori, del Parc Natural dels Ports al Parc Natural del Delta de l\u2019Ebre i a la vegada, gaudir de les processons i tradicions ancestrals, de la m\u00fasica sacra i assaborir una gastronomia genu\u00efna.<\/p><br \/>\n<p><strong>Vine per les vacances de Setmana Santa<\/strong>\u00a0i gaudeix d\u2019una ciutat que combina la tradici\u00f3 i la devoci\u00f3 popular, amb processons concorregudes, com la de la\u00a0<strong>Passi\u00f3<\/strong>, el\u00a0<strong>Diumenge de Rams<\/strong>, amb m\u00e9s de<strong>\u00a01.500 vestes i 11 passos<\/strong>, i el\u00a0<strong>patrimoni<\/strong>, on destaca la impressionant\u00a0<strong>catedral<\/strong>, que mira directament al riu Ebre, els\u00a0<strong>Reials Col\u00b7legis<\/strong>, la joia del Renaixement a Catalunya, o els<strong>\u00a0m\u00e9s de 6 quil\u00f2metres de muralla<\/strong>, constru\u00efts entre els segles X i XVIII.<\/p><br \/>\n<h2><\/h2><br \/>\n<h2><\/h2><br \/>\n<h2><strong>PROGRAMACI\u00d3 DE SETMANA SANTA<\/strong><\/h2><br \/>\n<p>&nbsp;<\/p><br \/>\n<p><strong>Dijous, 26 de mar\u00e7<\/strong><\/p><br \/>\n<p><strong>20:30<\/strong> h Preg\u00f3 de Setmana Santa a c\u00e0rrec de l\u2019Ill\u00b7lma Sra. Mar Lleix\u00e0 Fortu\u00f1o, alcaldessa de Tortosa<\/p><br \/>\n<p>Lloc: Centre d\u2019interpretaci\u00f3 de la Setmana Santa<\/p><br \/>\n<p>&nbsp;<\/p><br \/>\n<p><strong>Divendres, 27 de mar\u00e7<\/strong><\/p><br \/>\n<p><strong>20:00<\/strong> h Concert a Remolins a c\u00e0rrec de la formaci\u00f3 \u201cSons de Passi\u00f3\u201d de Reus. Organitza: Confraria de la Pur\u00edssima Sang. Lloc: Esgl\u00e9sia de Sant Jaume de Remolins<\/p><br \/>\n<p><strong>21:00<\/strong> h 6\u00aa Tamborada popular a Remolins. Toc d\u2019inici de la Setmana Santa<\/p><br \/>\n<p>Organitza: Confraria de la Pur\u00edssima Sang. Lloc: Esgl\u00e9sia de Sant Jaume de Remolins<\/p><br \/>\n<p>&nbsp;<\/p><br \/>\n<p><strong>Dissabte, 28 de mar\u00e7<\/strong><\/p><br \/>\n<p><strong>20:00 <\/strong>h \u201cConcert Gospel Experience\u201d a c\u00e0rrec de Gospel Hoppers<\/p><br \/>\n<p>Lloc: Catedral de Santa Maria de Tortosa. Donatiu 5\u20ac a benefici de la Casa d\u2019Acollida de Tortosa<\/p><br \/>\n<p>&nbsp;<\/p><br \/>\n<p><strong>Diumenge, 29 de mar\u00e7- Diumenge de Rams<\/strong><\/p><br \/>\n<p><strong>11:00<\/strong> h Exposici\u00f3 dels Passos de la Process\u00f3 de la Passi\u00f3. Lloc: Pla\u00e7a de la Cinta<\/p><br \/>\n<p><strong>12:00<\/strong> h 7\u00aa Tamborada a Jes\u00fas. Organitza: Banda de Bombos i Tambors de la Confraria del Sagrat Cor de Jes\u00fas. Sortida i recorregut: Noviciat de la Consolaci\u00f3 fins a l\u2019esgl\u00e9sia de Sant Francesc<\/p><br \/>\n<p><strong>20:00<\/strong> h Process\u00f3 de la Passi\u00f3. Lloc: Pla\u00e7a de la Cinta<\/p><br \/>\n<p>&nbsp;<\/p><br \/>\n<p><strong>Dilluns, 30 de mar\u00e7<\/strong><\/p><br \/>\n<p><strong>17:30<\/strong> h Taller Infantil de Setmana Santa. Organitza: Confrar\u00eda de ;Maria Immaculada i Patronat Escolar Obrer de la Sagrada Fam\u00edlia- Col\u00b7labora: Nati Dol\u00e7os. Lloc: Patronat Escolar Obrer de la Sagrada Fam\u00edlia<\/p><br \/>\n<p>&nbsp;<\/p><br \/>\n<p><strong>Dimarts, 31 de mar\u00e7<\/strong><\/p><br \/>\n<p><strong>20:00<\/strong> h Confer\u00e8ncia- Homenatge \u201cEl Llegat d\u2019Hilari Mu\u00f1oz: hist\u00f2ria i Setmana Santa\u201d a c\u00e0rrec d\u2019Emigdi Subirats. Organitza: Confraria de Sant Antoni dels Pagesos. Lloc: Centre d\u2019interpretaci\u00f3 de la Setmana Santa<\/p><br \/>\n<p>&nbsp;<\/p><br \/>\n<p><strong>Dimecres, 1 d\u2019abril<\/strong><\/p><br \/>\n<p><strong>20:00<\/strong> h Cicle de confer\u00e8ncies de la Confraria dels Hermanos \u201cJes\u00fas davant Pilat, una realitat actual\u201d a c\u00e0rrec de Xavier Faura Sanmart\u00edn, advocat. Lloc: Centre d\u2019interpretaci\u00f3 de la Setmana Santa<\/p><br \/>\n<p><strong>\u00a0<\/strong><\/p><br \/>\n<p><strong>Dijous, 2 d\u2019abril<\/strong><\/p><br \/>\n<p><strong>00:00<\/strong> h Process\u00f3 del Silenci\u00a0 (concentraci\u00e7o\u00a0 a les 23:30 h a la Pl. Immaculada)<\/p><br \/>\n<p>&nbsp;<\/p><br \/>\n<p><strong>Divendres, 3 d\u2019abril<\/strong><\/p><br \/>\n<p><strong>07:30<\/strong> h Viacrucis. Lloc: Parr\u00f2quia Sant Francesc de Jes\u00fas<\/p><br \/>\n<p><strong>10:30<\/strong> h Viacrucis. Lloc: Calvari de Santa Clara- Tortosa.<\/p><br \/>\n<p><strong>09:00<\/strong> a <strong>13:00<\/strong> h Vetlla del Sant Crist de la Pur\u00edssima<\/p><br \/>\n<p><strong>20:00<\/strong> h Process\u00f3 del Sant Enterrament de Tortosa. Lloc: Pla\u00e7a de la Cinta<\/p><br \/>\n<p><strong>22:00<\/strong> h Process\u00f3 del Sant Enterrament de Jes\u00fas. Lloc: Jes\u00fas<\/div><\/div>[\/vc_column][\/vc_row][vc_row][vc_column]<div class=\"vc-incubalia-3-images\"><h2 class=\"vc-incubalia-3-images__title\">Prepara la teva escapada de Setmana Santa<\/h2><div class=\"vc-incubalia-3-images__image\"><a href=\"https:\/\/www.tortosaturisme.cat\/wp-content\/uploads\/2026\/03\/PETIT-2026_compressed.pdf\"><img decoding=\"async\" src=\"https:\/\/www.tortosaturisme.cat\/wp-content\/uploads\/2018\/02\/b-800-setmana-santa.jpg\" alt=\"\"><\/a><a href=\"https:\/\/www.tortosaturisme.cat\/wp-content\/uploads\/2026\/03\/PETIT-2026_compressed.pdf\"><p class=\"vc-incubalia-3-images__image-title\">Programa <\/p><\/a><p class=\"vc-incubalia-3-images__image-subtitle\">Processons, concerts i activitats al voltant de la Setmana Santa<\/p><\/div><div class=\"vc-incubalia-3-images__image\"><a href=\"https:\/\/www.tortosaturisme.cat\/wp-content\/uploads\/2025\/04\/cartell.jpg\"><img decoding=\"async\" src=\"https:\/\/www.tortosaturisme.cat\/wp-content\/uploads\/2026\/03\/1774441432787-d63473ab-88ff-4387-a4ae-7e556cd91fba_1-724x600.jpg\" alt=\"\"><\/a><a href=\"https:\/\/www.tortosaturisme.cat\/wp-content\/uploads\/2025\/04\/cartell.jpg\"><p class=\"vc-incubalia-3-images__image-title\">Gospel Experience<\/p><\/a><p class=\"vc-incubalia-3-images__image-subtitle\">Dissabte 28 de mar\u00e7 de 2026 a les 20 h. a la Catedral de Santa Maria de Tortosa<\/p><\/div><div class=\"vc-incubalia-3-images__image\"><a href=\"https:\/\/www.tortosaturisme.cat\/wp-content\/uploads\/2025\/04\/CARTELL-MUSICA-SACRA_2025.pdf\"><img decoding=\"async\" src=\"https:\/\/www.tortosaturisme.cat\/wp-content\/uploads\/2026\/03\/festival-musica-sacra-671x600.jpg\" alt=\"\"><\/a><a href=\"https:\/\/www.tortosaturisme.cat\/wp-content\/uploads\/2025\/04\/CARTELL-MUSICA-SACRA_2025.pdf\"><p class=\"vc-incubalia-3-images__image-title\">21\u00e8 Festival de M\u00fasica Sacra<\/p><\/a><p class=\"vc-incubalia-3-images__image-subtitle\">27 i 28 de mar\u00e7 de 2026<\/p><\/div><\/div>[\/vc_column][\/vc_row][vc_row][vc_column]<div class=\"vc-incubalia-video-3-columns\"><h2 class=\"vc-incubalia-video-3-columns__title\">Viu la setmana santa de Tortosa<\/h2><div class=\"vc-incubalia-video-3-columns__video\"><a class=\"vc-incubalia-video-3-columns__video-link\" href=\"https:\/\/www.youtube.com\/watch?v=KJVpRGXnGPM\">\n                    <img decoding=\"async\" class=\"vc-incubalia-video-3-columns__video-mobile-picture\" src=\"https:\/\/www.tortosaturisme.cat\/wp-content\/uploads\/2018\/02\/b-640-setmana-santa-11.jpg\">\n                    <img decoding=\"async\" class=\"vc-incubalia-video-3-columns__video-desktop-picture\" src=\"https:\/\/www.tortosaturisme.cat\/wp-content\/uploads\/2018\/02\/b-640-setmana-santa-11.jpg\">\n                    <\/a><div class=\"vc-incubalia-video-3-columns__video-text-container\"><p class=\"vc-incubalia-video-3-columns__video-title\">UNA CELEBRACI\u00d3 MULTITUDIN\u00c0RIA<\/p><img decoding=\"async\" class=\"play-button\" src=\"https:\/\/www.tortosaturisme.cat\/wp-content\/plugins\/vc-incubalia-elements\/elements\/..\/assets\/img\/video-play.png\"><\/div><div class=\"vc-incubalia-video-3-columns__video-url-container\"><h4 class=\"vc-incubalia-video-3-columns__video-text\">VEURE V\u00cdDEO<\/h4><span class=\"vc-incubalia-video-3-columns__video-url\"><\/span><\/div><\/div><div class=\"vc-incubalia-video-3-columns__video\"><a class=\"vc-incubalia-video-3-columns__video-link\" href=\"https:\/\/www.youtube.com\/watch?v=frOjfYnpkmo\">\n                    <img decoding=\"async\" class=\"vc-incubalia-video-3-columns__video-mobile-picture\" src=\"https:\/\/www.tortosaturisme.cat\/wp-content\/uploads\/2018\/02\/b-640-setmana-santa-2.jpg\">\n                    <img decoding=\"async\" class=\"vc-incubalia-video-3-columns__video-desktop-picture\" src=\"https:\/\/www.tortosaturisme.cat\/wp-content\/uploads\/2018\/02\/b-640-setmana-santa-2.jpg\">\n                    <\/a><div class=\"vc-incubalia-video-3-columns__video-text-container\"><p class=\"vc-incubalia-video-3-columns__video-title\">ART I PASSI\u00d3 AL CARRER<\/p><img decoding=\"async\" class=\"play-button\" src=\"https:\/\/www.tortosaturisme.cat\/wp-content\/plugins\/vc-incubalia-elements\/elements\/..\/assets\/img\/video-play.png\"><\/div><div class=\"vc-incubalia-video-3-columns__video-url-container\"><h4 class=\"vc-incubalia-video-3-columns__video-text\">VEURE V\u00cdDEO<\/h4><span class=\"vc-incubalia-video-3-columns__video-url\"><\/span><\/div><\/div><div class=\"vc-incubalia-video-3-columns__video\"><a class=\"vc-incubalia-video-3-columns__video-link\" href=\"https:\/\/www.youtube.com\/watch?v=mAaO_L2xY-8\">\n                    <img decoding=\"async\" class=\"vc-incubalia-video-3-columns__video-mobile-picture\" src=\"https:\/\/www.tortosaturisme.cat\/wp-content\/uploads\/2018\/02\/b-640-setmana-santa-1.jpg\">\n                    <img decoding=\"async\" class=\"vc-incubalia-video-3-columns__video-desktop-picture\" src=\"https:\/\/www.tortosaturisme.cat\/wp-content\/uploads\/2018\/02\/b-640-setmana-santa-1.jpg\">\n                    <\/a><div class=\"vc-incubalia-video-3-columns__video-text-container\"><p class=\"vc-incubalia-video-3-columns__video-title\">DIES D'EMOCI\u00d3<\/p><img decoding=\"async\" class=\"play-button\" src=\"https:\/\/www.tortosaturisme.cat\/wp-content\/plugins\/vc-incubalia-elements\/elements\/..\/assets\/img\/video-play.png\"><\/div><div class=\"vc-incubalia-video-3-columns__video-url-container\"><h4 class=\"vc-incubalia-video-3-columns__video-text\">VEURE V\u00cdDEO<\/h4><span class=\"vc-incubalia-video-3-columns__video-url\"><\/span><\/div><\/div><\/div><script>(function($) {\n                $(function() {\n                    $('.vc-incubalia-video-3-columns__video-link').YouTubePopUp();\n                });\n            })(jQuery)<\/script><div class=\"vc-incubalia-text-image-full\"><div class=\"vc-incubalia-text-image-full__image-container\"><img decoding=\"async\" class=\"vc-incubalia-text-image-full__image-mobile\" alt=\"\" src=\"https:\/\/www.tortosaturisme.cat\/wp-content\/uploads\/2018\/03\/setmana-santa-19-llagut-mb.jpg\"><img decoding=\"async\" class=\"vc-incubalia-text-image-full__image-desktop\" alt=\"\" src=\"https:\/\/www.tortosaturisme.cat\/wp-content\/uploads\/2018\/03\/setmana-santa-19-llagut-1.jpg\"><i class=\"arrow-down\"><\/i><\/div><div class=\"vc-incubalia-text-image-full__text-container\"><div class=\"vc-incubalia-text-image-full__text\"><\/div><\/div><\/div><div class=\"vc-incubalia-text-title\"><h2 class=\"vc-incubalia-text-title__title\">Descobreix el territori, la gent, la cuina, la natura i la hist\u00f2ria<\/h2><\/div><div class=\"vc-incubalia-5-cards\"><div class=\"vc-incubalia-5-cards__card card-1 has-url\"><a href=\"\/cicloturisme\/\"><img decoding=\"async\" class=\"vc-incubalia-5-cards__card-mobile-picture\" src=\"https:\/\/www.tortosaturisme.cat\/wp-content\/uploads\/2025\/04\/Paradis-de-la-bicicleta-1280x460-1-640x460.png\">\n                      <img decoding=\"async\" class=\"vc-incubalia-5-cards__card-desktop-picture\" src=\"https:\/\/www.tortosaturisme.cat\/wp-content\/uploads\/2025\/04\/Paradis-de-la-bicicleta-1280x460-1.png\"><\/a><div class=\"vc-incubalia-5-cards__card-text-container\"><p class=\"vc-incubalia-5-cards__card-title\">El Parad\u00eds de la Bicicleta<\/p><p class=\"vc-incubalia-5-cards__card-subtitle\">Un territori per als amants del pedal<\/p><\/div><div class=\"vc-incubalia-5-cards__card-url-container\"><span class=\"vc-incubalia-5-cards__card-url\">Leer m\u00e1s<\/span><\/div><\/div><div class=\"vc-incubalia-5-cards__card card-2 has-url\"><a href=\"\/que-tastar-a-tortosa\/\"><img decoding=\"async\" class=\"vc-incubalia-5-cards__card-mobile-picture\" src=\"https:\/\/www.tortosaturisme.cat\/wp-content\/uploads\/2017\/10\/cuina-640x460.jpg\">\n                      <img decoding=\"async\" class=\"vc-incubalia-5-cards__card-desktop-picture\" src=\"https:\/\/www.tortosaturisme.cat\/wp-content\/uploads\/2017\/10\/cuina-640x460.jpg\"><\/a><div class=\"vc-incubalia-5-cards__card-text-container\"><p class=\"vc-incubalia-5-cards__card-title\">TASTA<\/p><p class=\"vc-incubalia-5-cards__card-subtitle\">Una cuina lligada a la terra i a la mar<\/p><\/div><div class=\"vc-incubalia-5-cards__card-url-container\"><span class=\"vc-incubalia-5-cards__card-url\">Leer m\u00e1s<\/span><\/div><\/div><div class=\"vc-incubalia-5-cards__card-3-and-4-container\"><div class=\"vc-incubalia-5-cards__card card-3 has-url\"><a href=\"\/experiencies\/?experience-type=navegacio&list-view=cards\"><img decoding=\"async\" class=\"vc-incubalia-5-cards__card-mobile-picture\" src=\"https:\/\/www.tortosaturisme.cat\/wp-content\/uploads\/2019\/07\/boto-800x600-llagut-sirgador-640x460.jpg\">\n                      <img decoding=\"async\" class=\"vc-incubalia-5-cards__card-desktop-picture\" src=\"https:\/\/www.tortosaturisme.cat\/wp-content\/uploads\/2019\/07\/boto-800x600-llagut-sirgador-640x460.jpg\"><\/a><div class=\"vc-incubalia-5-cards__card-text-container\"><p class=\"vc-incubalia-5-cards__card-title\">Navega per l'Ebre<\/p><p class=\"vc-incubalia-5-cards__card-subtitle\">A bord del llagut Lo Sirgador. Una activitat original inspiradora i evocadora de l\u2019ess\u00e8ncia de navegar pel riu<\/p><\/div><div class=\"vc-incubalia-5-cards__card-url-container\"><span class=\"vc-incubalia-5-cards__card-url\">Leer m\u00e1s<\/span><\/div><\/div><div class=\"vc-incubalia-5-cards__card card-4 has-url\"><a href=\"https:\/\/www2.tortosa.cat\/ssanta\/ssantah.php\"><img decoding=\"async\" class=\"vc-incubalia-5-cards__card-mobile-picture\" src=\"https:\/\/www.tortosaturisme.cat\/wp-content\/uploads\/2018\/02\/3-setmana-santa-mb-640x350.jpg\">\n                      <img decoding=\"async\" class=\"vc-incubalia-5-cards__card-desktop-picture\" src=\"https:\/\/www.tortosaturisme.cat\/wp-content\/uploads\/2018\/02\/3-setmana-santa-640x460.jpg\"><\/a><div class=\"vc-incubalia-5-cards__card-text-container\"><p class=\"vc-incubalia-5-cards__card-title\">Diumenge de Rams<\/p><p class=\"vc-incubalia-5-cards__card-subtitle\">La process\u00f3 de la Passi\u00f3 es la m\u00e9s matinera de Catalunya. Pla\u00e7a de la Cinta a les 20h<\/p><\/div><div class=\"vc-incubalia-5-cards__card-url-container\"><span class=\"vc-incubalia-5-cards__card-url\">Leer m\u00e1s<\/span><\/div><\/div><\/div><div class=\"vc-incubalia-5-cards__card card-5 has-url\"><a href=\"\/el-joc-de-la-cucafera\/\"><img decoding=\"async\" class=\"vc-incubalia-5-cards__card-mobile-picture\" src=\"https:\/\/www.tortosaturisme.cat\/wp-content\/uploads\/2025\/04\/Disseny-sense-titol9-640x460.png\">\n                      <img decoding=\"async\" class=\"vc-incubalia-5-cards__card-desktop-picture\" src=\"https:\/\/www.tortosaturisme.cat\/wp-content\/uploads\/2025\/04\/Disseny-sense-titol9-640x449.png\"><\/a><\/div><\/div><div class=\"vc-incubalia-text-title\"><h2 class=\"vc-incubalia-text-title__title\">Tortosa, patrimoni cultural i natural<\/h2><\/div><div class=\"vc-incubalia-5-cards\"><div class=\"vc-incubalia-5-cards__card card-1 has-url\"><a href=\"\/tortosa-en-un-dia\/\"><img decoding=\"async\" class=\"vc-incubalia-5-cards__card-mobile-picture\" src=\"https:\/\/www.tortosaturisme.cat\/wp-content\/uploads\/2018\/02\/B-tortosa-en-un-dia-640x460.jpg\">\n                      <img decoding=\"async\" class=\"vc-incubalia-5-cards__card-desktop-picture\" src=\"https:\/\/www.tortosaturisme.cat\/wp-content\/uploads\/2018\/02\/B-tortosa-en-un-dia.jpg\"><\/a><div class=\"vc-incubalia-5-cards__card-text-container\"><p class=\"vc-incubalia-5-cards__card-title\">Tortosa en un dia<\/p><\/div><div class=\"vc-incubalia-5-cards__card-url-container\"><span class=\"vc-incubalia-5-cards__card-url\">Leer m\u00e1s<\/span><\/div><\/div><div class=\"vc-incubalia-5-cards__card card-2 has-url\"><a href=\"\/la-via-verda\/\"><img decoding=\"async\" class=\"vc-incubalia-5-cards__card-mobile-picture\" src=\"https:\/\/www.tortosaturisme.cat\/wp-content\/uploads\/2018\/02\/B-via-verda-640x460.jpg\">\n                      <img decoding=\"async\" class=\"vc-incubalia-5-cards__card-desktop-picture\" src=\"https:\/\/www.tortosaturisme.cat\/wp-content\/uploads\/2018\/02\/B-via-verda-640x460.jpg\"><\/a><div class=\"vc-incubalia-5-cards__card-text-container\"><p class=\"vc-incubalia-5-cards__card-title\">La Via Verda<\/p><p class=\"vc-incubalia-5-cards__card-subtitle\">Amb sortida de Tortosa, recorre les Terres de l'Ebre<\/p><\/div><div class=\"vc-incubalia-5-cards__card-url-container\"><span class=\"vc-incubalia-5-cards__card-url\">Leer m\u00e1s<\/span><\/div><\/div><div class=\"vc-incubalia-5-cards__card-3-and-4-container\"><div class=\"vc-incubalia-5-cards__card card-3 has-url\"><a href=\"\/els-10-imperdibles\/\"><img decoding=\"async\" class=\"vc-incubalia-5-cards__card-mobile-picture\" src=\"https:\/\/www.tortosaturisme.cat\/wp-content\/uploads\/2018\/02\/B-10-imp-640x460.jpg\">\n                      <img decoding=\"async\" class=\"vc-incubalia-5-cards__card-desktop-picture\" src=\"https:\/\/www.tortosaturisme.cat\/wp-content\/uploads\/2018\/02\/B-10-imp-640x460.jpg\"><\/a><div class=\"vc-incubalia-5-cards__card-text-container\"><p class=\"vc-incubalia-5-cards__card-title\">Els 10 imperdibles<\/p><p class=\"vc-incubalia-5-cards__card-subtitle\">Els imprescindibles de la teva visita<\/p><\/div><div class=\"vc-incubalia-5-cards__card-url-container\"><span class=\"vc-incubalia-5-cards__card-url\">Leer m\u00e1s<\/span><\/div><\/div><div class=\"vc-incubalia-5-cards__card card-4 has-url\"><a href=\"\/experiencies\/?experience-type=amb-nens&list-view=cards\"><img decoding=\"async\" class=\"vc-incubalia-5-cards__card-mobile-picture\" src=\"https:\/\/www.tortosaturisme.cat\/wp-content\/uploads\/2020\/06\/experienciesfam\u00edlia_1920x1050-640x460.jpg\">\n                      <img decoding=\"async\" class=\"vc-incubalia-5-cards__card-desktop-picture\" src=\"https:\/\/www.tortosaturisme.cat\/wp-content\/uploads\/2020\/06\/experienciesfam\u00edlia_1920x1050-640x460.jpg\"><\/a><div class=\"vc-incubalia-5-cards__card-text-container\"><p class=\"vc-incubalia-5-cards__card-title\">Activitats en fam\u00edlia<\/p><\/div><div class=\"vc-incubalia-5-cards__card-url-container\"><span class=\"vc-incubalia-5-cards__card-url\">Leer m\u00e1s<\/span><\/div><\/div><\/div><div class=\"vc-incubalia-5-cards__card card-5 has-url\"><a href=\"\/experiencies\/?experience-type=visites-guiades&list-view=cards\"><img decoding=\"async\" class=\"vc-incubalia-5-cards__card-mobile-picture\" src=\"https:\/\/www.tortosaturisme.cat\/wp-content\/uploads\/2025\/04\/visites-guiades-1280x460-1-640x460.png\">\n                      <img decoding=\"async\" class=\"vc-incubalia-5-cards__card-desktop-picture\" src=\"https:\/\/www.tortosaturisme.cat\/wp-content\/uploads\/2025\/04\/visites-guiades-1280x460-1-640x449.png\"><\/a><div class=\"vc-incubalia-5-cards__card-text-container\"><p class=\"vc-incubalia-5-cards__card-title\">Visites guiades<\/p><\/div><div class=\"vc-incubalia-5-cards__card-url-container\"><span class=\"vc-incubalia-5-cards__card-url\">Leer m\u00e1s<\/span><\/div><\/div><\/div><div class=\"vc-incubalia-spacer-half\"><\/div><div class=\"vc-incubalia-3-images\"><h2 class=\"vc-incubalia-3-images__title\">ET PROPOSEM<\/h2><div class=\"vc-incubalia-3-images__image\"><a href=\"\/una-escapa-de-cap-de-setmana\/\"><img decoding=\"async\" src=\"https:\/\/www.tortosaturisme.cat\/wp-content\/uploads\/2020\/06\/parella_porta_800x600.jpg\" alt=\"\"><\/a><a href=\"\/una-escapa-de-cap-de-setmana\/\"><p class=\"vc-incubalia-3-images__image-title\">Una escapada ideal<\/p><\/a><p class=\"vc-incubalia-3-images__image-subtitle\">Un cap de setmana per descobrir Tortosa i les Terres de l'Ebre<\/p><\/div><div class=\"vc-incubalia-3-images__image\"><a href=\"\/que-tastar-a-tortosa\/\"><img decoding=\"async\" src=\"https:\/\/www.tortosaturisme.cat\/wp-content\/uploads\/2018\/02\/B-800-600-cuina.jpg\" alt=\"\"><\/a><a href=\"\/que-tastar-a-tortosa\/\"><p class=\"vc-incubalia-3-images__image-title\">Gastronomia<\/p><\/a><p class=\"vc-incubalia-3-images__image-subtitle\">Descobreix una cuina lligada a la terra<\/p><\/div><div class=\"vc-incubalia-3-images__image\"><a href=\"\/rutes\/\"><img decoding=\"async\" src=\"https:\/\/www.tortosaturisme.cat\/wp-content\/uploads\/2020\/06\/rutes_ciutat_800x600.jpg\" alt=\"\"><\/a><a href=\"\/rutes\/\"><p class=\"vc-incubalia-3-images__image-title\">Rutes<\/p><\/a><p class=\"vc-incubalia-3-images__image-subtitle\">Recorre la ciutat i endinsa't en la seva hist\u00f2ria<\/p><\/div><\/div>[\/vc_column][\/vc_row]<\/p>\n","protected":false},"excerpt":{"rendered":"<p>[vc_row][vc_column][\/vc_column][\/vc_row][vc_row][vc_column][\/vc_column][\/vc_row][vc_row][vc_column][\/vc_column][\/vc_row][vc_row][vc_column][\/vc_column][\/vc_row][vc_row][vc_column][\/vc_column][\/vc_row]<\/p>\n","protected":false},"author":4,"featured_media":0,"parent":0,"menu_order":0,"comment_status":"closed","ping_status":"closed","template":"","meta":{"footnotes":""},"class_list":["post-37272","page","type-page","status-publish","hentry"],"acf":[],"yoast_head":"<!-- This site is optimized with the Yoast SEO plugin v27.5 - https:\/\/yoast.com\/product\/yoast-seo-wordpress\/ -->\n<title>Setmana Santa 2026 - tortosaturisme<\/title>\n<meta name=\"robots\" content=\"index, follow, max-snippet:-1, max-image-preview:large, max-video-preview:-1\" \/>\n<link rel=\"canonical\" href=\"https:\/\/www.tortosaturisme.cat\/es\/setmana-santa-2026\/\" \/>\n<meta property=\"og:locale\" content=\"es_ES\" \/>\n<meta property=\"og:type\" content=\"article\" \/>\n<meta property=\"og:title\" content=\"Setmana Santa 2026 - tortosaturisme\" \/>\n<meta property=\"og:description\" content=\"[vc_row][vc_column][\/vc_column][\/vc_row][vc_row][vc_column][\/vc_column][\/vc_row][vc_row][vc_column][\/vc_column][\/vc_row][vc_row][vc_column][\/vc_column][\/vc_row][vc_row][vc_column][\/vc_column][\/vc_row]\" \/>\n<meta property=\"og:url\" content=\"https:\/\/www.tortosaturisme.cat\/es\/setmana-santa-2026\/\" \/>\n<meta property=\"og:site_name\" content=\"tortosaturisme\" \/>\n<meta property=\"article:modified_time\" content=\"2026-03-26T17:38:53+00:00\" \/>\n<meta name=\"twitter:card\" content=\"summary_large_image\" \/>\n<meta name=\"twitter:label1\" content=\"Tiempo de lectura\" \/>\n\t<meta name=\"twitter:data1\" content=\"5 minutos\" \/>\n<script type=\"application\/ld+json\" class=\"yoast-schema-graph\">{\"@context\":\"https:\\\/\\\/schema.org\",\"@graph\":[{\"@type\":\"WebPage\",\"@id\":\"https:\\\/\\\/www.tortosaturisme.cat\\\/es\\\/setmana-santa-2026\\\/\",\"url\":\"https:\\\/\\\/www.tortosaturisme.cat\\\/es\\\/setmana-santa-2026\\\/\",\"name\":\"Setmana Santa 2026 - tortosaturisme\",\"isPartOf\":{\"@id\":\"https:\\\/\\\/www.tortosaturisme.cat\\\/es\\\/#website\"},\"datePublished\":\"2025-04-12T14:01:00+00:00\",\"dateModified\":\"2026-03-26T17:38:53+00:00\",\"breadcrumb\":{\"@id\":\"https:\\\/\\\/www.tortosaturisme.cat\\\/es\\\/setmana-santa-2026\\\/#breadcrumb\"},\"inLanguage\":\"es\",\"potentialAction\":[{\"@type\":\"ReadAction\",\"target\":[\"https:\\\/\\\/www.tortosaturisme.cat\\\/es\\\/setmana-santa-2026\\\/\"]}]},{\"@type\":\"BreadcrumbList\",\"@id\":\"https:\\\/\\\/www.tortosaturisme.cat\\\/es\\\/setmana-santa-2026\\\/#breadcrumb\",\"itemListElement\":[{\"@type\":\"ListItem\",\"position\":1,\"name\":\"Home\",\"item\":\"https:\\\/\\\/www.tortosaturisme.cat\\\/es\\\/\"},{\"@type\":\"ListItem\",\"position\":2,\"name\":\"Setmana Santa 2026\"}]},{\"@type\":\"WebSite\",\"@id\":\"https:\\\/\\\/www.tortosaturisme.cat\\\/es\\\/#website\",\"url\":\"https:\\\/\\\/www.tortosaturisme.cat\\\/es\\\/\",\"name\":\"tortosaturisme\",\"description\":\"Otro sitio realizado con WordPress\",\"potentialAction\":[{\"@type\":\"SearchAction\",\"target\":{\"@type\":\"EntryPoint\",\"urlTemplate\":\"https:\\\/\\\/www.tortosaturisme.cat\\\/es\\\/?s={search_term_string}\"},\"query-input\":{\"@type\":\"PropertyValueSpecification\",\"valueRequired\":true,\"valueName\":\"search_term_string\"}}],\"inLanguage\":\"es\"}]}<\/script>\n<!-- \/ Yoast SEO plugin. -->","yoast_head_json":{"title":"Setmana Santa 2026 - tortosaturisme","robots":{"index":"index","follow":"follow","max-snippet":"max-snippet:-1","max-image-preview":"max-image-preview:large","max-video-preview":"max-video-preview:-1"},"canonical":"https:\/\/www.tortosaturisme.cat\/es\/setmana-santa-2026\/","og_locale":"es_ES","og_type":"article","og_title":"Setmana Santa 2026 - tortosaturisme","og_description":"[vc_row][vc_column][\/vc_column][\/vc_row][vc_row][vc_column][\/vc_column][\/vc_row][vc_row][vc_column][\/vc_column][\/vc_row][vc_row][vc_column][\/vc_column][\/vc_row][vc_row][vc_column][\/vc_column][\/vc_row]","og_url":"https:\/\/www.tortosaturisme.cat\/es\/setmana-santa-2026\/","og_site_name":"tortosaturisme","article_modified_time":"2026-03-26T17:38:53+00:00","twitter_card":"summary_large_image","twitter_misc":{"Tiempo de lectura":"5 minutos"},"schema":{"@context":"https:\/\/schema.org","@graph":[{"@type":"WebPage","@id":"https:\/\/www.tortosaturisme.cat\/es\/setmana-santa-2026\/","url":"https:\/\/www.tortosaturisme.cat\/es\/setmana-santa-2026\/","name":"Setmana Santa 2026 - tortosaturisme","isPartOf":{"@id":"https:\/\/www.tortosaturisme.cat\/es\/#website"},"datePublished":"2025-04-12T14:01:00+00:00","dateModified":"2026-03-26T17:38:53+00:00","breadcrumb":{"@id":"https:\/\/www.tortosaturisme.cat\/es\/setmana-santa-2026\/#breadcrumb"},"inLanguage":"es","potentialAction":[{"@type":"ReadAction","target":["https:\/\/www.tortosaturisme.cat\/es\/setmana-santa-2026\/"]}]},{"@type":"BreadcrumbList","@id":"https:\/\/www.tortosaturisme.cat\/es\/setmana-santa-2026\/#breadcrumb","itemListElement":[{"@type":"ListItem","position":1,"name":"Home","item":"https:\/\/www.tortosaturisme.cat\/es\/"},{"@type":"ListItem","position":2,"name":"Setmana Santa 2026"}]},{"@type":"WebSite","@id":"https:\/\/www.tortosaturisme.cat\/es\/#website","url":"https:\/\/www.tortosaturisme.cat\/es\/","name":"tortosaturisme","description":"Otro sitio realizado con WordPress","potentialAction":[{"@type":"SearchAction","target":{"@type":"EntryPoint","urlTemplate":"https:\/\/www.tortosaturisme.cat\/es\/?s={search_term_string}"},"query-input":{"@type":"PropertyValueSpecification","valueRequired":true,"valueName":"search_term_string"}}],"inLanguage":"es"}]}},"_links":{"self":[{"href":"https:\/\/www.tortosaturisme.cat\/es\/wp-json\/wp\/v2\/pages\/37272","targetHints":{"allow":["GET"]}}],"collection":[{"href":"https:\/\/www.tortosaturisme.cat\/es\/wp-json\/wp\/v2\/pages"}],"about":[{"href":"https:\/\/www.tortosaturisme.cat\/es\/wp-json\/wp\/v2\/types\/page"}],"author":[{"embeddable":true,"href":"https:\/\/www.tortosaturisme.cat\/es\/wp-json\/wp\/v2\/users\/4"}],"replies":[{"embeddable":true,"href":"https:\/\/www.tortosaturisme.cat\/es\/wp-json\/wp\/v2\/comments?post=37272"}],"version-history":[{"count":41,"href":"https:\/\/www.tortosaturisme.cat\/es\/wp-json\/wp\/v2\/pages\/37272\/revisions"}],"predecessor-version":[{"id":41448,"href":"https:\/\/www.tortosaturisme.cat\/es\/wp-json\/wp\/v2\/pages\/37272\/revisions\/41448"}],"wp:attachment":[{"href":"https:\/\/www.tortosaturisme.cat\/es\/wp-json\/wp\/v2\/media?parent=37272"}],"curies":[{"name":"wp","href":"https:\/\/api.w.org\/{rel}","templated":true}]}}