{"id":4209,"date":"2018-02-08T23:45:20","date_gmt":"2018-02-08T23:45:20","guid":{"rendered":"http:\/\/tortosaturisme-preprod.incubaliadev.com\/es\/a-cel-obert\/"},"modified":"2025-10-02T09:42:04","modified_gmt":"2025-10-02T09:42:04","slug":"a-cel-obert","status":"publish","type":"page","link":"https:\/\/www.tortosaturisme.cat\/es\/a-cel-obert\/","title":{"rendered":"A Cel Obert"},"content":{"rendered":"<p>[vc_row][vc_column]<div class=\"vc-incubalia-image-huge\"><h1 class=\"vc-incubalia-image-huge__title\" style=\"font-size: 56px;\">A Cel Obert<\/h1><img decoding=\"async\" class=\"vc-incubalia-image-huge__mobile-picture\" src=\"https:\/\/www.tortosaturisme.cat\/wp-content\/uploads\/2018\/02\/1-cel-obert-mb.jpg\" alt=\"\"><img decoding=\"async\" class=\"vc-incubalia-image-huge__desktop-picture\" src=\"https:\/\/www.tortosaturisme.cat\/wp-content\/uploads\/2018\/02\/1-cel-obert-ds.jpg\" alt=\"\"><\/div>[\/vc_column][\/vc_row][vc_row][vc_column]<div class=\"vc-incubalia-text-1-column-subtitle\"><h2 class=\"vc-incubalia-text-1-column-subtitle__title\">Un festival innovador, original, encantador, reflexivo... <\/h2><div class=\"vc-incubalia-text-1-column-subtitle__text\"><\/p><br \/>\n<p style=\"text-align: center;\">Son muchos los adjetivos con los que se puede definir el <strong>Festival de Intervenciones Ef\u00edmeras A Cel Obert,<\/strong> que tiene lugar en octubre. El festival convierte los patios de alto valor patrimonial de algunos edificios monumentales y del casco viejo de Tortosa en escenarios de diferentes instalaciones art\u00edsticas. <strong>El<\/strong>\u00a0<strong>objetivo del festival es convertir Tortosa en un escenario de creaci\u00f3n art\u00edstica, reivindicar el patrimonio arquitect\u00f3nico del municipio y difundir y acercar el arte ef\u00edmero<\/strong> a todos los p\u00fablicos. Se establece un di\u00e1logo, as\u00ed, entre la arquitectura m\u00e1s cl\u00e1sica de hace varios siglos con las obras de arte m\u00e1s contempor\u00e1neas.<\/p><br \/>\n<p><\/div><\/div>[\/vc_column][\/vc_row][vc_row][vc_column]<div class=\"vc-incubalia-image-huge\"><img decoding=\"async\" class=\"vc-incubalia-image-huge__mobile-picture brightness-100\" src=\"https:\/\/www.tortosaturisme.cat\/wp-content\/uploads\/2018\/02\/2-cel-obert-ds.mb_.jpg\" alt=\"\"><img decoding=\"async\" class=\"vc-incubalia-image-huge__desktop-picture brightness-100\" src=\"https:\/\/www.tortosaturisme.cat\/wp-content\/uploads\/2018\/02\/2-cel-obert-ds.jpg\" alt=\"\"><\/div><div class=\"vc-incubalia-spacer-half\"><\/div>[\/vc_column][\/vc_row][vc_row][vc_column]<div class=\"vc-incubalia-text-1-column-subtitle\"><div class=\"vc-incubalia-text-1-column-subtitle__text\"><\/p><br \/>\n<p style=\"text-align: center;\">Las propuestas de los arquitectos, artistas y dise\u00f1adores, preparadas al mil\u00edmetro para cada patio en concreto, son escogidas por un jurado que las eval\u00faa t\u00e9cnicamente, en el cumplimiento de la tem\u00e1tica y tambi\u00e9n en su concepto art\u00edstico. <strong>Cada edici\u00f3n aborda un lema diferente<\/strong>, as\u00ed que en algunas ediciones se han visto los patios llenos de colores, otras con intervenciones sobre el concepto del tiempo, sobre la perspectiva, el contraste&#8230; Pero, cuidado, <strong>las intervenciones solo pueden ser visitadas en los patios\u00a0durante tres d\u00edas<\/strong>. Despu\u00e9s&#8230; desaparecen.<\/p><br \/>\n<p><\/div><\/div>[\/vc_column][\/vc_row][vc_row][vc_column]<div class=\"vc-incubalia-text-image-full\"><div class=\"vc-incubalia-text-image-full__image-container\"><img decoding=\"async\" class=\"vc-incubalia-text-image-full__image-mobile\" alt=\"\" src=\"https:\/\/www.tortosaturisme.cat\/wp-content\/uploads\/2018\/02\/3-cel-obert-mb-bo-768x350.jpg\"><img decoding=\"async\" class=\"vc-incubalia-text-image-full__image-desktop\" alt=\"\" src=\"https:\/\/www.tortosaturisme.cat\/wp-content\/uploads\/2018\/02\/3-cel-obert-mb.jpg\"><i class=\"arrow-down\"><\/i><\/div><div class=\"vc-incubalia-text-image-full__text-container\"><div class=\"vc-incubalia-text-image-full__text\"><\/div><\/div><\/div>[\/vc_column][\/vc_row][vc_row][vc_column]<div class=\"vc-incubalia-text-1-column-subtitle\"><div class=\"vc-incubalia-text-1-column-subtitle__text\"><\/p><br \/>\n<p style=\"text-align: center;\">El festival refuerza la propuesta cultural y tur\u00edstica del territorio abriendo las puertas de sus patios. Muchos de estos espacios, de gran peso hist\u00f3rico, permanecen cerrados al p\u00fablico el resto del a\u00f1o y el festival supone<strong>\u00a0una buena ocasi\u00f3n para descubrir este patrimonio lleno de arte. <\/strong><\/p><br \/>\n<p><\/div><\/div>[\/vc_column][\/vc_row][vc_row][vc_column]<div class=\"vc-incubalia-3-images\"><h2 class=\"vc-incubalia-3-images__title\">Para saber m\u00e1s<\/h2><div class=\"vc-incubalia-3-images__image\"><a href=\"https:\/\/acelobertfestival.cat\/es\/edicion-actual\/\"><img decoding=\"async\" src=\"https:\/\/www.tortosaturisme.cat\/wp-content\/uploads\/2018\/02\/b-800-cel-obert.jpg\" alt=\"\"><\/a><a href=\"https:\/\/acelobertfestival.cat\/es\/edicion-actual\/\"><p class=\"vc-incubalia-3-images__image-title\">Web<\/p><\/a><p class=\"vc-incubalia-3-images__image-subtitle\">Toda la informaci\u00f3n de la fiesta con su programaci\u00f3n, proyectos y artistas<\/p><\/div><div class=\"vc-incubalia-3-images__image\"><a href=\"\/es\/sitios\/?place-type=monument-es&list-view=cards\"><img decoding=\"async\" src=\"https:\/\/www.tortosaturisme.cat\/wp-content\/uploads\/2018\/02\/b-800-reials-col-legis.jpg\" alt=\"\"><\/a><a href=\"\/es\/sitios\/?place-type=monument-es&list-view=cards\"><p class=\"vc-incubalia-3-images__image-title\">Monumentos<\/p><\/a><p class=\"vc-incubalia-3-images__image-subtitle\">El festival transforma los patios hist\u00f3ricos, pero, \u00bfc\u00f3mo son el resto del a\u00f1o?<\/p><\/div><div class=\"vc-incubalia-3-images__image\"><a href=\"\/es\/cultiva-el-arte-de-vivir\/\"><img decoding=\"async\" src=\"https:\/\/www.tortosaturisme.cat\/wp-content\/uploads\/2018\/02\/b-800-experiencies-navegacio.jpg\" alt=\"\"><\/a><a href=\"\/es\/cultiva-el-arte-de-vivir\/\"><p class=\"vc-incubalia-3-images__image-title\">Cultiva el arte de vivir<\/p><\/a><p class=\"vc-incubalia-3-images__image-subtitle\">Venir a Tortosa es volver a una tierra que vive su ritmo, disfrutando de todo aquello que tiene alrededor <\/p><\/div><\/div>[\/vc_column][\/vc_row][vc_row][vc_column]<div class=\"vc-incubalia-4-images\"><h2 class=\"vc-incubalia-4-images__title\">Vive la ciudad y el territorio<\/h2><div class=\"vc-incubalia-4-images__image has-url\"\"><a href=\"\/es\/experiencias\/\"><img decoding=\"async\" src=\"https:\/\/www.tortosaturisme.cat\/wp-content\/uploads\/2018\/02\/b-900-visites-guiades.jpg\" alt=\"\"><\/a><div class=\"vc-incubalia-4-images__image-text-container\"><p class=\"vc-incubalia-4-images__image-title\">Experiencias <\/p><p class=\"vc-incubalia-4-images__image-subtitle\">Actividades culturales, de aventura, en grupo, para toda la familia y, sobretodo, \u00a1para disfrutar!<\/p><\/div><div class=\"vc-incubalia-4-images__image-url-container\"><span class=\"vc-incubalia-4-images__image-url\">Leer m\u00e1s<\/span><\/div><\/div><div class=\"vc-incubalia-4-images__image has-url\"\"><a href=\"\/es\/experiencias\/?experience-type=a-laire-lliure-es&list-view=cards\"><img decoding=\"async\" src=\"https:\/\/www.tortosaturisme.cat\/wp-content\/uploads\/2018\/02\/b-900-600-aire-lliure.jpg\" alt=\"\"><\/a><div class=\"vc-incubalia-4-images__image-text-container\"><p class=\"vc-incubalia-4-images__image-title\">Al aire libre<\/p><p class=\"vc-incubalia-4-images__image-subtitle\">Excursiones a pie, en 4x4 o en bici<\/p><\/div><div class=\"vc-incubalia-4-images__image-url-container\"><span class=\"vc-incubalia-4-images__image-url\">Leer m\u00e1s<\/span><\/div><\/div><div class=\"vc-incubalia-4-images__image has-url\"\"><a href=\"\/es\/experiencias\/?experience-type=al-riu-es&list-view=cards\"><img decoding=\"async\" src=\"https:\/\/www.tortosaturisme.cat\/wp-content\/uploads\/2018\/02\/b-900-navega-1.jpg\" alt=\"\"><\/a><div class=\"vc-incubalia-4-images__image-text-container\"><p class=\"vc-incubalia-4-images__image-title\">En el r\u00edo<\/p><p class=\"vc-incubalia-4-images__image-subtitle\">Navega en el la\u00fad o explora en piragua o kayak<\/p><\/div><div class=\"vc-incubalia-4-images__image-url-container\"><span class=\"vc-incubalia-4-images__image-url\">Leer m\u00e1s<\/span><\/div><\/div><div class=\"vc-incubalia-4-images__image has-url\"\"><a href=\"\/es\/experiencias\/?experience-type=amb-nens-es&list-view=cards\"><img decoding=\"async\" src=\"https:\/\/www.tortosaturisme.cat\/wp-content\/uploads\/2018\/02\/b-900-club-poni.jpg\" alt=\"\"><\/a><div class=\"vc-incubalia-4-images__image-text-container\"><p class=\"vc-incubalia-4-images__image-title\">Con ni\u00f1os<\/p><p class=\"vc-incubalia-4-images__image-subtitle\">Una visita inolvidable<\/p><\/div><div class=\"vc-incubalia-4-images__image-url-container\"><span class=\"vc-incubalia-4-images__image-url\">Leer m\u00e1s<\/span><\/div><\/div><\/div>[\/vc_column][\/vc_row]<\/p>\n","protected":false},"excerpt":{"rendered":"<p>[vc_row][vc_column][\/vc_column][\/vc_row][vc_row][vc_column][\/vc_column][\/vc_row][vc_row][vc_column][\/vc_column][\/vc_row][vc_row][vc_column][\/vc_column][\/vc_row][vc_row][vc_column][\/vc_column][\/vc_row][vc_row][vc_column][\/vc_column][\/vc_row][vc_row][vc_column][\/vc_column][\/vc_row][vc_row][vc_column][\/vc_column][\/vc_row]<\/p>\n","protected":false},"author":2,"featured_media":0,"parent":0,"menu_order":414,"comment_status":"closed","ping_status":"closed","template":"","meta":{"footnotes":""},"class_list":["post-4209","page","type-page","status-publish","hentry"],"acf":[],"yoast_head":"<!-- This site is optimized with the Yoast SEO plugin v27.5 - https:\/\/yoast.com\/product\/yoast-seo-wordpress\/ -->\n<title>A Cel Obert - Festival de Arte Ef\u00edmero - Tortosa Turisme<\/title>\n<meta name=\"description\" content=\"Durante el mes de octubre, Tortosa celebra este enigm\u00e1tico festival durante el cual los patios m\u00e1s emblem\u00e1ticos de la ciudad se visten de colores, texturas y obras de arte ef\u00edmero que aportan una nueva forma de ver estos espacios de gran importancia hist\u00f3rica.\" \/>\n<meta name=\"robots\" content=\"index, follow, max-snippet:-1, max-image-preview:large, max-video-preview:-1\" \/>\n<link rel=\"canonical\" href=\"https:\/\/www.tortosaturisme.cat\/es\/a-cel-obert\/\" \/>\n<meta property=\"og:locale\" content=\"es_ES\" \/>\n<meta property=\"og:type\" content=\"article\" \/>\n<meta property=\"og:title\" content=\"A Cel Obert - Festival de Arte Ef\u00edmero - Tortosa Turisme\" \/>\n<meta property=\"og:description\" content=\"Durante el mes de octubre, Tortosa celebra este enigm\u00e1tico festival durante el cual los patios m\u00e1s emblem\u00e1ticos de la ciudad se visten de colores, texturas y obras de arte ef\u00edmero que aportan una nueva forma de ver estos espacios de gran importancia hist\u00f3rica.\" \/>\n<meta property=\"og:url\" content=\"https:\/\/www.tortosaturisme.cat\/es\/a-cel-obert\/\" \/>\n<meta property=\"og:site_name\" content=\"tortosaturisme\" \/>\n<meta property=\"article:modified_time\" content=\"2025-10-02T09:42:04+00:00\" \/>\n<meta name=\"twitter:card\" content=\"summary_large_image\" \/>\n<meta name=\"twitter:label1\" content=\"Tiempo de lectura\" \/>\n\t<meta name=\"twitter:data1\" content=\"3 minutos\" \/>\n<script type=\"application\/ld+json\" class=\"yoast-schema-graph\">{\"@context\":\"https:\\\/\\\/schema.org\",\"@graph\":[{\"@type\":\"WebPage\",\"@id\":\"https:\\\/\\\/www.tortosaturisme.cat\\\/es\\\/a-cel-obert\\\/\",\"url\":\"https:\\\/\\\/www.tortosaturisme.cat\\\/es\\\/a-cel-obert\\\/\",\"name\":\"A Cel Obert - Festival de Arte Ef\u00edmero - Tortosa Turisme\",\"isPartOf\":{\"@id\":\"https:\\\/\\\/www.tortosaturisme.cat\\\/es\\\/#website\"},\"datePublished\":\"2018-02-08T23:45:20+00:00\",\"dateModified\":\"2025-10-02T09:42:04+00:00\",\"description\":\"Durante el mes de octubre, Tortosa celebra este enigm\u00e1tico festival durante el cual los patios m\u00e1s emblem\u00e1ticos de la ciudad se visten de colores, texturas y obras de arte ef\u00edmero que aportan una nueva forma de ver estos espacios de gran importancia hist\u00f3rica.\",\"breadcrumb\":{\"@id\":\"https:\\\/\\\/www.tortosaturisme.cat\\\/es\\\/a-cel-obert\\\/#breadcrumb\"},\"inLanguage\":\"es\",\"potentialAction\":[{\"@type\":\"ReadAction\",\"target\":[\"https:\\\/\\\/www.tortosaturisme.cat\\\/es\\\/a-cel-obert\\\/\"]}]},{\"@type\":\"BreadcrumbList\",\"@id\":\"https:\\\/\\\/www.tortosaturisme.cat\\\/es\\\/a-cel-obert\\\/#breadcrumb\",\"itemListElement\":[{\"@type\":\"ListItem\",\"position\":1,\"name\":\"Home\",\"item\":\"https:\\\/\\\/www.tortosaturisme.cat\\\/es\\\/\"},{\"@type\":\"ListItem\",\"position\":2,\"name\":\"A Cel Obert\"}]},{\"@type\":\"WebSite\",\"@id\":\"https:\\\/\\\/www.tortosaturisme.cat\\\/es\\\/#website\",\"url\":\"https:\\\/\\\/www.tortosaturisme.cat\\\/es\\\/\",\"name\":\"tortosaturisme\",\"description\":\"Otro sitio realizado con WordPress\",\"potentialAction\":[{\"@type\":\"SearchAction\",\"target\":{\"@type\":\"EntryPoint\",\"urlTemplate\":\"https:\\\/\\\/www.tortosaturisme.cat\\\/es\\\/?s={search_term_string}\"},\"query-input\":{\"@type\":\"PropertyValueSpecification\",\"valueRequired\":true,\"valueName\":\"search_term_string\"}}],\"inLanguage\":\"es\"}]}<\/script>\n<!-- \/ Yoast SEO plugin. -->","yoast_head_json":{"title":"A Cel Obert - Festival de Arte Ef\u00edmero - Tortosa Turisme","description":"Durante el mes de octubre, Tortosa celebra este enigm\u00e1tico festival durante el cual los patios m\u00e1s emblem\u00e1ticos de la ciudad se visten de colores, texturas y obras de arte ef\u00edmero que aportan una nueva forma de ver estos espacios de gran importancia hist\u00f3rica.","robots":{"index":"index","follow":"follow","max-snippet":"max-snippet:-1","max-image-preview":"max-image-preview:large","max-video-preview":"max-video-preview:-1"},"canonical":"https:\/\/www.tortosaturisme.cat\/es\/a-cel-obert\/","og_locale":"es_ES","og_type":"article","og_title":"A Cel Obert - Festival de Arte Ef\u00edmero - Tortosa Turisme","og_description":"Durante el mes de octubre, Tortosa celebra este enigm\u00e1tico festival durante el cual los patios m\u00e1s emblem\u00e1ticos de la ciudad se visten de colores, texturas y obras de arte ef\u00edmero que aportan una nueva forma de ver estos espacios de gran importancia hist\u00f3rica.","og_url":"https:\/\/www.tortosaturisme.cat\/es\/a-cel-obert\/","og_site_name":"tortosaturisme","article_modified_time":"2025-10-02T09:42:04+00:00","twitter_card":"summary_large_image","twitter_misc":{"Tiempo de lectura":"3 minutos"},"schema":{"@context":"https:\/\/schema.org","@graph":[{"@type":"WebPage","@id":"https:\/\/www.tortosaturisme.cat\/es\/a-cel-obert\/","url":"https:\/\/www.tortosaturisme.cat\/es\/a-cel-obert\/","name":"A Cel Obert - Festival de Arte Ef\u00edmero - Tortosa Turisme","isPartOf":{"@id":"https:\/\/www.tortosaturisme.cat\/es\/#website"},"datePublished":"2018-02-08T23:45:20+00:00","dateModified":"2025-10-02T09:42:04+00:00","description":"Durante el mes de octubre, Tortosa celebra este enigm\u00e1tico festival durante el cual los patios m\u00e1s emblem\u00e1ticos de la ciudad se visten de colores, texturas y obras de arte ef\u00edmero que aportan una nueva forma de ver estos espacios de gran importancia hist\u00f3rica.","breadcrumb":{"@id":"https:\/\/www.tortosaturisme.cat\/es\/a-cel-obert\/#breadcrumb"},"inLanguage":"es","potentialAction":[{"@type":"ReadAction","target":["https:\/\/www.tortosaturisme.cat\/es\/a-cel-obert\/"]}]},{"@type":"BreadcrumbList","@id":"https:\/\/www.tortosaturisme.cat\/es\/a-cel-obert\/#breadcrumb","itemListElement":[{"@type":"ListItem","position":1,"name":"Home","item":"https:\/\/www.tortosaturisme.cat\/es\/"},{"@type":"ListItem","position":2,"name":"A Cel Obert"}]},{"@type":"WebSite","@id":"https:\/\/www.tortosaturisme.cat\/es\/#website","url":"https:\/\/www.tortosaturisme.cat\/es\/","name":"tortosaturisme","description":"Otro sitio realizado con WordPress","potentialAction":[{"@type":"SearchAction","target":{"@type":"EntryPoint","urlTemplate":"https:\/\/www.tortosaturisme.cat\/es\/?s={search_term_string}"},"query-input":{"@type":"PropertyValueSpecification","valueRequired":true,"valueName":"search_term_string"}}],"inLanguage":"es"}]}},"_links":{"self":[{"href":"https:\/\/www.tortosaturisme.cat\/es\/wp-json\/wp\/v2\/pages\/4209","targetHints":{"allow":["GET"]}}],"collection":[{"href":"https:\/\/www.tortosaturisme.cat\/es\/wp-json\/wp\/v2\/pages"}],"about":[{"href":"https:\/\/www.tortosaturisme.cat\/es\/wp-json\/wp\/v2\/types\/page"}],"author":[{"embeddable":true,"href":"https:\/\/www.tortosaturisme.cat\/es\/wp-json\/wp\/v2\/users\/2"}],"replies":[{"embeddable":true,"href":"https:\/\/www.tortosaturisme.cat\/es\/wp-json\/wp\/v2\/comments?post=4209"}],"version-history":[{"count":16,"href":"https:\/\/www.tortosaturisme.cat\/es\/wp-json\/wp\/v2\/pages\/4209\/revisions"}],"predecessor-version":[{"id":39671,"href":"https:\/\/www.tortosaturisme.cat\/es\/wp-json\/wp\/v2\/pages\/4209\/revisions\/39671"}],"wp:attachment":[{"href":"https:\/\/www.tortosaturisme.cat\/es\/wp-json\/wp\/v2\/media?parent=4209"}],"curies":[{"name":"wp","href":"https:\/\/api.w.org\/{rel}","templated":true}]}}