{"id":12345,"date":"2020-03-05T07:06:02","date_gmt":"2020-03-05T07:06:02","guid":{"rendered":"https:\/\/www.tortosaturisme.cat\/fr\/feder-dertosa-turtuxa-tortosa\/"},"modified":"2020-08-19T16:14:28","modified_gmt":"2020-08-19T16:14:28","slug":"feder-dertosa-turtuxa-tortosa","status":"publish","type":"page","link":"https:\/\/www.tortosaturisme.cat\/fr\/feder-dertosa-turtuxa-tortosa\/","title":{"rendered":"Dertosa-Turtuxa-Tortosa"},"content":{"rendered":"<p>[vc_row][vc_column]<div class=\"vc-incubalia-big-header\"><h1 class=\"vc-incubalia-big-header__title\">DERTOSA-TURTUXA-TORTOSA:<br \/>\nUNE VILLE, TROIS NOMS ET 2000 ANS<br \/>\n<\/h1><img decoding=\"async\" class=\"vc-incubalia-big-header__mobile-picture\" src=\"https:\/\/www.tortosaturisme.cat\/wp-content\/uploads\/2020\/03\/tortosa-turtuxa-2-768x450.jpg\">\n                  <img decoding=\"async\" class=\"vc-incubalia-big-header__desktop-picture\" src=\"https:\/\/www.tortosaturisme.cat\/wp-content\/uploads\/2020\/03\/tortosa-turtuxa-2-1920x700.jpg\"><\/div><div class=\"vc-incubalia-text-1-column\"><h2 class=\"vc-incubalia-text-1-column__title\"><span class=\"first-word\">Op\u00e9ration<\/span> financ\u00e9e par le Programme op\u00e9rationnel FEDER 2014\/2020 AXE-6<\/h2><div class=\"vc-incubalia-text-1-column__text\"><strong>Tortosa<\/strong>, au cours de ses 2000 ans d&rsquo;existence, a vu traverser diff\u00e9rents peuples et cultures qui l\u2019ont construite, en laissant une marque pr\u00e9cieuse. Le fleuve Ebre, le coeur de la ville, a vu na\u00eetre <strong>Dertosa<\/strong>, ville romaine et important port commercial. Elle a \u00e9galement \u00e9t\u00e9 t\u00e9moin des 400 ans de domination musulmane, o\u00f9 <strong>Turtuxa<\/strong>, \u00ab\u00a0l\u2019\u00e9loign\u00e9e\u00a0\u00bb, est devenue un point de rep\u00e8re urbain du nord d&rsquo;Al-\u00c0ndalus. A partir de 1148 avec la conqu\u00eate chr\u00e9tienne, la cit\u00e9 m\u00e9di\u00e9vale se consolide jusqu&rsquo;au XVIe si\u00e8cle, \u00e9poque de la splendeur de la Renaissance.<\/p><br \/>\n<p>L&rsquo;op\u00e9ration FEDER 2014\/2020-AXE 6, \u00ab\u00a0<strong>Dertosa-Turtuxa-Tortosa: une ville, trois noms et 2000 ans<\/strong>\u00a0\u00bb vise \u00e0 r\u00e9cup\u00e9rer et \u00e0 relier les vestiges qui restent de ce pass\u00e9 riche et multiculturel afin de dynamiser la ville \u00e9conomiquement \u00e0 travers un<strong> engagement pour le tourisme culturel<\/strong>. Le projet est compos\u00e9 de<strong> quatre actions<\/strong> connexes qui, afin de prot\u00e9ger et de parier sur le patrimoine de la ville, cherchent \u00e0 consolider la vieille ville de Tortosa en tant que moteur \u00e9conomique et social. La date limite pour l&rsquo;ach\u00e8vement de ces actions est pr\u00e9vue pour d\u00e9cembre 2021.<\/p><br \/>\n<p>Le<strong> budget total<\/strong> de l&rsquo;op\u00e9ration s&rsquo;\u00e9l\u00e8ve \u00e0 4.670.759,62\u20ac, TVA incluse. Sur ce montant, l&rsquo;<strong>Union Europ\u00e9enne<\/strong> participe en contribuant 1.820.694,86\u20ac \u00e0 travers du PO FEDER 2014\/2020 AXE-6. En outre, l&rsquo;op\u00e9ration b\u00e9n\u00e9ficie \u00e9galement de subventions de la Generalitat de Catalunya, qui participe au action Tortosa Cote_0 avec 470.309,91\u20ac, via le programme PINCAT, et \u00e0 l\u2019action\u00a0La promenade Cultures avec 308.253,75\u20ac accord\u00e9e par le Plan de Promotion Touristique, en 2018. La<strong> Diputaci\u00f3 de Tarragona<\/strong> alloue 94.042,50\u20ac et 66.892,75\u20ac pour La promenade Cultures et La Maison des trois Cultures, respectivement, par le biais du PAM. Finalement, la <strong>contribution municipale<\/strong> est de 1.910.565,85\u20ac, ce qui repr\u00e9sente 40,9% de l&rsquo;op\u00e9ration totale.<\/div><\/div><script>\n            (function($) {\n                $(function() {\n                    $(\".vc_col-sm-6\").parent(\".vc_row\").addClass(\"vc_layout_2\");\n                });\n            })(jQuery);\n            <\/script><div class=\"vc-incubalia-text-1-column\"><h2 class=\"vc-incubalia-text-1-column__title\"><span class=\"first-word\">Objectifs<\/span> <\/h2><div class=\"vc-incubalia-text-1-column__text\"><\/p><br \/>\n<ul><br \/>\n<li><strong>Positionner<\/strong> la ville de Tortosa comme la principale r\u00e9f\u00e9rence culturelle, historique, patrimoniale et touristique des Terres de l&rsquo;Ebre.<\/li><br \/>\n<li><strong>Encourager<\/strong> le tourisme culturel et durable.<\/li><br \/>\n<li><strong>Revitaliser<\/strong> la vieille ville de Tortosa pour la consolider en tant que foyer d&rsquo;activit\u00e9s \u00e9conomiques et d&rsquo;actions sociales.<\/li><br \/>\n<li>Pr\u00e9server et <strong>valoriser<\/strong> le patrimoine architectural, monumental, paysager et naturel de la ville.<\/li><br \/>\n<li><strong>Relier<\/strong> urbainement les diff\u00e9rents p\u00f4les d&rsquo;attraction mis en \u00e9vidence par les quatre actions qui composent l&rsquo;op\u00e9ration.<\/li><br \/>\n<\/ul><br \/>\n<p><\/div><\/div><script>\n            (function($) {\n                $(function() {\n                    $(\".vc_col-sm-6\").parent(\".vc_row\").addClass(\"vc_layout_2\");\n                });\n            })(jQuery);\n            <\/script><div class=\"vc-incubalia-text-1-column\"><h2 class=\"vc-incubalia-text-1-column__title\"><span class=\"first-word\">Actions<\/span> <\/h2><div class=\"vc-incubalia-text-1-column__text\">Afin d&rsquo;atteindre les objectifs fix\u00e9s, l&rsquo;op\u00e9ration \u00ab\u00a0Dertosa-Turtuxa-Tortosa: Une ville, trois noms et 2000 ans\u00a0\u00bb propose et ex\u00e9cute <strong>quatre actions<\/strong> visant \u00e0 cr\u00e9er une offre culturelle et touristique diversifi\u00e9e qui peut dynamiser l&rsquo;\u00e9conomie de la ville.<\/div><\/div><script>\n            (function($) {\n                $(function() {\n                    $(\".vc_col-sm-6\").parent(\".vc_row\").addClass(\"vc_layout_2\");\n                });\n            })(jQuery);\n            <\/script><div class=\"vc-incubalia-4-images\"><div class=\"vc-incubalia-4-images__image has-url\"\"><a href=\"\/fr\/tortosa-cota-0\/\"><img decoding=\"async\" src=\"https:\/\/www.tortosaturisme.cat\/wp-content\/uploads\/2020\/03\/fa\u00e7ana_catedral_900x400.jpg\" alt=\"\"><\/a><div class=\"vc-incubalia-4-images__image-text-container\"><p class=\"vc-incubalia-4-images__image-title\">Tortosa Cote_0<\/p><\/div><div class=\"vc-incubalia-4-images__image-url-container\"><span class=\"vc-incubalia-4-images__image-url\">Lire la suite<\/span><\/div><\/div><div class=\"vc-incubalia-4-images__image has-url\"\"><a href=\"\/fr\/passeig-de-les-cultures\/\"><img decoding=\"async\" src=\"https:\/\/www.tortosaturisme.cat\/wp-content\/uploads\/2020\/03\/passeig_arab_900x400.jpg\" alt=\"\"><\/a><div class=\"vc-incubalia-4-images__image-text-container\"><p class=\"vc-incubalia-4-images__image-title\">La promenade Cultures<\/p><\/div><div class=\"vc-incubalia-4-images__image-url-container\"><span class=\"vc-incubalia-4-images__image-url\">Lire la suite<\/span><\/div><\/div><div class=\"vc-incubalia-4-images__image has-url\"\"><a href=\"\/fr\/casa-de-les-tres-cultures\/\"><img decoding=\"async\" src=\"https:\/\/www.tortosaturisme.cat\/wp-content\/uploads\/2020\/03\/Render-Casa-3-Cultures900x400.jpg\" alt=\"\"><\/a><div class=\"vc-incubalia-4-images__image-text-container\"><p class=\"vc-incubalia-4-images__image-title\">la maison des trois cultures<\/p><\/div><div class=\"vc-incubalia-4-images__image-url-container\"><span class=\"vc-incubalia-4-images__image-url\">Lire la suite<\/span><\/div><\/div><div class=\"vc-incubalia-4-images__image has-url\"\"><a href=\"\/fr\/la-llum-de-lebre\/\"><img decoding=\"async\" src=\"https:\/\/www.tortosaturisme.cat\/wp-content\/uploads\/2020\/03\/mapping_provisional_900x400.jpg\" alt=\"\"><\/a><div class=\"vc-incubalia-4-images__image-text-container\"><p class=\"vc-incubalia-4-images__image-title\">La Lumi\u00e8re de l'Ebre<\/p><p class=\"vc-incubalia-4-images__image-subtitle\">Mapping permanente sur la fa\u00e7ade de la Cath\u00e9drale.<\/p><\/div><div class=\"vc-incubalia-4-images__image-url-container\"><span class=\"vc-incubalia-4-images__image-url\">Lire la suite<\/span><\/div><\/div><\/div><div class=\"vc-incubalia-3-buttons\"><div class=\"vc-incubalia-3-buttons__button\"><a href=\"\"><div class=\"vc-incubalia-3-buttons__button-container\"><div class=\"vc-incubalia-3-buttons__button-container-image\"><img decoding=\"async\" src=\"\"><\/div><div class=\"vc-incubalia-3-buttons__button-container-title\"><h4><\/h4><\/div><\/div><\/a><\/div><div class=\"vc-incubalia-3-buttons__button\"><a href=\"https:\/\/www.tortosaturisme.cat\/wp-content\/uploads\/2020\/03\/MEMORIA-TECNICA-FEDER-Dertosa-Turtuxa-Tortosa.pdf\"><div class=\"vc-incubalia-3-buttons__button-container\"><div class=\"vc-incubalia-3-buttons__button-container-image\"><img decoding=\"async\" src=\"\"><\/div><div class=\"vc-incubalia-3-buttons__button-container-title\"><h4>MEM\u00d3IRE PDF<\/h4><\/div><\/div><\/a><\/div><div class=\"vc-incubalia-3-buttons__button\"><a href=\"\"><div class=\"vc-incubalia-3-buttons__button-container\"><div class=\"vc-incubalia-3-buttons__button-container-image\"><img decoding=\"async\" src=\"\"><\/div><div class=\"vc-incubalia-3-buttons__button-container-title\"><h4><\/h4><\/div><\/div><\/a><\/div><\/div><div class=\"vc-incubalia-4-icons\"><h2 class=\"vc-incubalia-4-icons__title\"><\/h2><div class=\"vc-incubalia-4-icons__icon\"><a class=\"vc-incubalia-4-icons__icon-url\" href=\"http:\/\/www2.tortosa.cat\/\"><img decoding=\"async\" class=\"vc-incubalia-4-icons__icon-image\" src=\"https:\/\/www.tortosaturisme.cat\/wp-content\/uploads\/2020\/03\/ajuntament-500x500-400x400.jpg\"><\/a><\/div><div class=\"vc-incubalia-4-icons__icon\"><a class=\"vc-incubalia-4-icons__icon-url\" href=\"http:\/\/www.tortosaturisme.cat\/fr\"><img decoding=\"async\" class=\"vc-incubalia-4-icons__icon-image\" src=\"https:\/\/www.tortosaturisme.cat\/wp-content\/uploads\/2018\/03\/logo-turisme-400-400x355.jpg\"><\/a><\/div><div class=\"vc-incubalia-4-icons__icon\"><a class=\"vc-incubalia-4-icons__icon-url\" href=\"http:\/\/fonseuropeus.gencat.cat\/ca\/\"><img decoding=\"async\" class=\"vc-incubalia-4-icons__icon-image\" src=\"https:\/\/www.tortosaturisme.cat\/wp-content\/uploads\/2020\/03\/FEder_Vertical_400x400.png\"><\/a><\/div><div class=\"vc-incubalia-4-icons__icon\"><a class=\"vc-incubalia-4-icons__icon-url\" href=\"https:\/\/web.gencat.cat\/ca\/inici\"><img decoding=\"async\" class=\"vc-incubalia-4-icons__icon-image\" src=\"https:\/\/www.tortosaturisme.cat\/wp-content\/uploads\/2020\/03\/generalitat-de-catalunya500x500-400x400.jpg\"><\/a><\/div><\/div>[\/vc_column][\/vc_row]<\/p>\n","protected":false},"excerpt":{"rendered":"<p>[vc_row][vc_column][\/vc_column][\/vc_row]<\/p>\n","protected":false},"author":2,"featured_media":0,"parent":0,"menu_order":171,"comment_status":"closed","ping_status":"closed","template":"","meta":{"footnotes":""},"class_list":["post-12345","page","type-page","status-publish","hentry"],"acf":[],"yoast_head":"<!-- This site is optimized with the Yoast SEO plugin v27.5 - https:\/\/yoast.com\/product\/yoast-seo-wordpress\/ -->\n<title>PO FEDER 2014\/2020 AXE-6 &quot;Dertosa-Turtuxa-Tortosa&quot; | Tortosa Turisme<\/title>\n<meta name=\"description\" content=\"L&#039;op\u00e9ration PO FEDER &quot;Dertosa-Turtuxa-Tortosa: une ville, trois noms et 2000 ans&quot; vise \u00e0 retrouver le pass\u00e9 de Tortosa afin de dynamiser la ville \u00e9conomiquement par son engagement dans le tourisme culturel.\" \/>\n<meta name=\"robots\" content=\"index, follow, max-snippet:-1, max-image-preview:large, max-video-preview:-1\" \/>\n<link rel=\"canonical\" href=\"https:\/\/www.tortosaturisme.cat\/fr\/feder-dertosa-turtuxa-tortosa\/\" \/>\n<meta property=\"og:locale\" content=\"fr_FR\" \/>\n<meta property=\"og:type\" content=\"article\" \/>\n<meta property=\"og:title\" content=\"PO FEDER 2014\/2020 AXE-6 &quot;Dertosa-Turtuxa-Tortosa&quot; | Tortosa Turisme\" \/>\n<meta property=\"og:description\" content=\"L&#039;op\u00e9ration PO FEDER &quot;Dertosa-Turtuxa-Tortosa: une ville, trois noms et 2000 ans&quot; vise \u00e0 retrouver le pass\u00e9 de Tortosa afin de dynamiser la ville \u00e9conomiquement par son engagement dans le tourisme culturel.\" \/>\n<meta property=\"og:url\" content=\"https:\/\/www.tortosaturisme.cat\/fr\/feder-dertosa-turtuxa-tortosa\/\" \/>\n<meta property=\"og:site_name\" content=\"tortosaturisme\" \/>\n<meta property=\"article:modified_time\" content=\"2020-08-19T16:14:28+00:00\" \/>\n<meta name=\"twitter:card\" content=\"summary_large_image\" \/>\n<meta name=\"twitter:label1\" content=\"Dur\u00e9e de lecture estim\u00e9e\" \/>\n\t<meta name=\"twitter:data1\" content=\"3 minutes\" \/>\n<script type=\"application\/ld+json\" class=\"yoast-schema-graph\">{\"@context\":\"https:\\\/\\\/schema.org\",\"@graph\":[{\"@type\":\"WebPage\",\"@id\":\"https:\\\/\\\/www.tortosaturisme.cat\\\/fr\\\/feder-dertosa-turtuxa-tortosa\\\/\",\"url\":\"https:\\\/\\\/www.tortosaturisme.cat\\\/fr\\\/feder-dertosa-turtuxa-tortosa\\\/\",\"name\":\"PO FEDER 2014\\\/2020 AXE-6 \\\"Dertosa-Turtuxa-Tortosa\\\" | Tortosa Turisme\",\"isPartOf\":{\"@id\":\"https:\\\/\\\/www.tortosaturisme.cat\\\/fr\\\/#website\"},\"datePublished\":\"2020-03-05T07:06:02+00:00\",\"dateModified\":\"2020-08-19T16:14:28+00:00\",\"description\":\"L'op\u00e9ration PO FEDER \\\"Dertosa-Turtuxa-Tortosa: une ville, trois noms et 2000 ans\\\" vise \u00e0 retrouver le pass\u00e9 de Tortosa afin de dynamiser la ville \u00e9conomiquement par son engagement dans le tourisme culturel.\",\"breadcrumb\":{\"@id\":\"https:\\\/\\\/www.tortosaturisme.cat\\\/fr\\\/feder-dertosa-turtuxa-tortosa\\\/#breadcrumb\"},\"inLanguage\":\"fr-FR\",\"potentialAction\":[{\"@type\":\"ReadAction\",\"target\":[\"https:\\\/\\\/www.tortosaturisme.cat\\\/fr\\\/feder-dertosa-turtuxa-tortosa\\\/\"]}]},{\"@type\":\"BreadcrumbList\",\"@id\":\"https:\\\/\\\/www.tortosaturisme.cat\\\/fr\\\/feder-dertosa-turtuxa-tortosa\\\/#breadcrumb\",\"itemListElement\":[{\"@type\":\"ListItem\",\"position\":1,\"name\":\"Home\",\"item\":\"https:\\\/\\\/www.tortosaturisme.cat\\\/fr\\\/home-page\\\/\"},{\"@type\":\"ListItem\",\"position\":2,\"name\":\"Dertosa-Turtuxa-Tortosa\"}]},{\"@type\":\"WebSite\",\"@id\":\"https:\\\/\\\/www.tortosaturisme.cat\\\/fr\\\/#website\",\"url\":\"https:\\\/\\\/www.tortosaturisme.cat\\\/fr\\\/\",\"name\":\"tortosaturisme\",\"description\":\"Otro sitio realizado con WordPress\",\"potentialAction\":[{\"@type\":\"SearchAction\",\"target\":{\"@type\":\"EntryPoint\",\"urlTemplate\":\"https:\\\/\\\/www.tortosaturisme.cat\\\/fr\\\/?s={search_term_string}\"},\"query-input\":{\"@type\":\"PropertyValueSpecification\",\"valueRequired\":true,\"valueName\":\"search_term_string\"}}],\"inLanguage\":\"fr-FR\"}]}<\/script>\n<!-- \/ Yoast SEO plugin. -->","yoast_head_json":{"title":"PO FEDER 2014\/2020 AXE-6 \"Dertosa-Turtuxa-Tortosa\" | Tortosa Turisme","description":"L'op\u00e9ration PO FEDER \"Dertosa-Turtuxa-Tortosa: une ville, trois noms et 2000 ans\" vise \u00e0 retrouver le pass\u00e9 de Tortosa afin de dynamiser la ville \u00e9conomiquement par son engagement dans le tourisme culturel.","robots":{"index":"index","follow":"follow","max-snippet":"max-snippet:-1","max-image-preview":"max-image-preview:large","max-video-preview":"max-video-preview:-1"},"canonical":"https:\/\/www.tortosaturisme.cat\/fr\/feder-dertosa-turtuxa-tortosa\/","og_locale":"fr_FR","og_type":"article","og_title":"PO FEDER 2014\/2020 AXE-6 \"Dertosa-Turtuxa-Tortosa\" | Tortosa Turisme","og_description":"L'op\u00e9ration PO FEDER \"Dertosa-Turtuxa-Tortosa: une ville, trois noms et 2000 ans\" vise \u00e0 retrouver le pass\u00e9 de Tortosa afin de dynamiser la ville \u00e9conomiquement par son engagement dans le tourisme culturel.","og_url":"https:\/\/www.tortosaturisme.cat\/fr\/feder-dertosa-turtuxa-tortosa\/","og_site_name":"tortosaturisme","article_modified_time":"2020-08-19T16:14:28+00:00","twitter_card":"summary_large_image","twitter_misc":{"Dur\u00e9e de lecture estim\u00e9e":"3 minutes"},"schema":{"@context":"https:\/\/schema.org","@graph":[{"@type":"WebPage","@id":"https:\/\/www.tortosaturisme.cat\/fr\/feder-dertosa-turtuxa-tortosa\/","url":"https:\/\/www.tortosaturisme.cat\/fr\/feder-dertosa-turtuxa-tortosa\/","name":"PO FEDER 2014\/2020 AXE-6 \"Dertosa-Turtuxa-Tortosa\" | Tortosa Turisme","isPartOf":{"@id":"https:\/\/www.tortosaturisme.cat\/fr\/#website"},"datePublished":"2020-03-05T07:06:02+00:00","dateModified":"2020-08-19T16:14:28+00:00","description":"L'op\u00e9ration PO FEDER \"Dertosa-Turtuxa-Tortosa: une ville, trois noms et 2000 ans\" vise \u00e0 retrouver le pass\u00e9 de Tortosa afin de dynamiser la ville \u00e9conomiquement par son engagement dans le tourisme culturel.","breadcrumb":{"@id":"https:\/\/www.tortosaturisme.cat\/fr\/feder-dertosa-turtuxa-tortosa\/#breadcrumb"},"inLanguage":"fr-FR","potentialAction":[{"@type":"ReadAction","target":["https:\/\/www.tortosaturisme.cat\/fr\/feder-dertosa-turtuxa-tortosa\/"]}]},{"@type":"BreadcrumbList","@id":"https:\/\/www.tortosaturisme.cat\/fr\/feder-dertosa-turtuxa-tortosa\/#breadcrumb","itemListElement":[{"@type":"ListItem","position":1,"name":"Home","item":"https:\/\/www.tortosaturisme.cat\/fr\/home-page\/"},{"@type":"ListItem","position":2,"name":"Dertosa-Turtuxa-Tortosa"}]},{"@type":"WebSite","@id":"https:\/\/www.tortosaturisme.cat\/fr\/#website","url":"https:\/\/www.tortosaturisme.cat\/fr\/","name":"tortosaturisme","description":"Otro sitio realizado con WordPress","potentialAction":[{"@type":"SearchAction","target":{"@type":"EntryPoint","urlTemplate":"https:\/\/www.tortosaturisme.cat\/fr\/?s={search_term_string}"},"query-input":{"@type":"PropertyValueSpecification","valueRequired":true,"valueName":"search_term_string"}}],"inLanguage":"fr-FR"}]}},"_links":{"self":[{"href":"https:\/\/www.tortosaturisme.cat\/fr\/wp-json\/wp\/v2\/pages\/12345","targetHints":{"allow":["GET"]}}],"collection":[{"href":"https:\/\/www.tortosaturisme.cat\/fr\/wp-json\/wp\/v2\/pages"}],"about":[{"href":"https:\/\/www.tortosaturisme.cat\/fr\/wp-json\/wp\/v2\/types\/page"}],"author":[{"embeddable":true,"href":"https:\/\/www.tortosaturisme.cat\/fr\/wp-json\/wp\/v2\/users\/2"}],"replies":[{"embeddable":true,"href":"https:\/\/www.tortosaturisme.cat\/fr\/wp-json\/wp\/v2\/comments?post=12345"}],"version-history":[{"count":10,"href":"https:\/\/www.tortosaturisme.cat\/fr\/wp-json\/wp\/v2\/pages\/12345\/revisions"}],"predecessor-version":[{"id":15636,"href":"https:\/\/www.tortosaturisme.cat\/fr\/wp-json\/wp\/v2\/pages\/12345\/revisions\/15636"}],"wp:attachment":[{"href":"https:\/\/www.tortosaturisme.cat\/fr\/wp-json\/wp\/v2\/media?parent=12345"}],"curies":[{"name":"wp","href":"https:\/\/api.w.org\/{rel}","templated":true}]}}