{"id":12353,"date":"2020-03-06T10:43:54","date_gmt":"2020-03-06T10:43:54","guid":{"rendered":"https:\/\/www.tortosaturisme.cat\/fr\/passeig-de-les-cultures\/"},"modified":"2020-08-07T15:50:58","modified_gmt":"2020-08-07T15:50:58","slug":"la-promenade-des-cultures","status":"publish","type":"page","link":"https:\/\/www.tortosaturisme.cat\/fr\/la-promenade-des-cultures\/","title":{"rendered":"La Promenade des Cultures"},"content":{"rendered":"<p>[vc_row][vc_column]<div class=\"vc-incubalia-medium-header\"><img decoding=\"async\" class=\"vc-incubalia-medium-header__mobile-picture brightness-100\" src=\"https:\/\/www.tortosaturisme.cat\/wp-content\/uploads\/2020\/03\/passeig-cap\u00e7alera-768x350.jpg\">\n                  <img decoding=\"async\" class=\"vc-incubalia-medium-header__desktop-picture brightness-100\" src=\"https:\/\/www.tortosaturisme.cat\/wp-content\/uploads\/2020\/03\/passeig_cultures_1920x550.jpg\"><\/div><div class=\"vc-incubalia-text-title\"><h2 class=\"vc-incubalia-text-title__title\">La promenade des Cultures<\/h2><\/div>[\/vc_column][\/vc_row][vc_row][vc_column width=\u00a0\u00bb1\/2&Prime;]<div class=\"vc-incubalia-text-1-column-subtitle\"><h3 class=\"vc-incubalia-text-1-column-subtitle__subtitle\">Action r\u00e9alis\u00e9 par le Programme Op\u00e9rationnel FEDER 2014\/2020-AXE 6, \u00abDertosa-Turtuxa-Tortosa: une ville, trois noms et 2000 ans\u00bb<\/h3><div class=\"vc-incubalia-text-1-column-subtitle__text\">L&rsquo;action <b>La promenade Cultures\u00a0<\/b>au sein du FEDER visait \u00e0 r\u00e9cup\u00e9rer et \u00e0 valoriser un environnement historique privil\u00e9gi\u00e9 qui \u00e9tait en \u00e9tat de d\u00e9gradation avanc\u00e9e.<\/p><br \/>\n<p>L&rsquo;objectif global de l&rsquo;intervention \u00e9tait de relier et de permettre la continuit\u00e9 entre le quartier de Castell et celui de Remolins, donnant une<strong> valeur urbaine et paysag\u00e8re<\/strong> au quartier. Cela a permis aux pi\u00e9tons de se d\u00e9placer le long d&rsquo;une promenade qui relie les principaux atouts touristiques et culturels de la ville. De cette fa\u00e7on, la Cath\u00e9drale, le Ch\u00e2teau de Suda et les remparts, le quartier juif, les Coll\u00e8ges royaux et les Jardins du Prince sont interconnect\u00e9s, favorisant la mobilit\u00e9 des citoyens et de ceux qui visitent Tortosa.<\/div><\/div>[\/vc_column][vc_column width=\u00a0\u00bb1\/2&Prime;]<div class=\"vc-incubalia-image-3x2-centered\"><img decoding=\"async\" class=\"vc-incubalia-image-3x2-centered__mobile-picture\" src=\"https:\/\/www.tortosaturisme.cat\/wp-content\/uploads\/2020\/03\/paseo-catedral-768-768x467.jpg\" alt=\"\"><img decoding=\"async\" class=\"vc-incubalia-image-3x2-centered__desktop-picture\" src=\"https:\/\/www.tortosaturisme.cat\/wp-content\/uploads\/2020\/03\/paseo-catedral-1920-1920x1168.jpg\" alt=\"\"><\/div>[\/vc_column][\/vc_row][vc_row][vc_column]<div class=\"vc-incubalia-text-1-column\"><div class=\"vc-incubalia-text-1-column__text\">Le r\u00e9sultat a \u00e9t\u00e9 une promenade qui retrace la morphologie du rempart suivant l&rsquo;ancien Passeig de Ronda et qui permet d&rsquo;observer le Ch\u00e2teau de la Suda dans une perspective privil\u00e9gi\u00e9e. En plus de l&rsquo;importance historique du site, la <strong>valeur artistique<\/strong> a \u00e9t\u00e9 ajout\u00e9e en introduisant quinze sculptures de l&rsquo;artiste ebrenc Ignasi Blanch, qui guident le visiteur \u00e0 travers l&rsquo;itin\u00e9raire physique de la promenade, ainsi qu&rsquo;\u00e0 travers l&rsquo;histoire de la ville.<\/p><br \/>\n<p>Le<strong> budget total<\/strong> de la repr\u00e9sentation du La promenade Cultures s&rsquo;\u00e9l\u00e8ve \u00e0 741.710,60\u20ac, TVA incluse. Sur ce montant, l&rsquo;<strong>Union europ\u00e9enne<\/strong> participe en apportant 306.491,99\u20ac via PO FEDER 2014\/2020 AXE-6. En outre, l&rsquo;op\u00e9ration b\u00e9n\u00e9ficie \u00e9galement de subventions de la <b>Generalitat de Catalunya<\/b>, avec 308.253,75\u20ac accord\u00e9s par le Pla de Foment Tur\u00edstic, en 2018, et la <strong>Diputaci\u00f3 de Tarragona<\/strong>, qui a allou\u00e9 94.042,50\u20ac par le biais du PAM. Finalement, la contribution municipale est de 32.922,37\u20ac, ce qui repr\u00e9sente le 4,4% du montant total de l&rsquo;action.<\/div><\/div><script>\n            (function($) {\n                $(function() {\n                    $(\".vc_col-sm-6\").parent(\".vc_row\").addClass(\"vc_layout_2\");\n                });\n            })(jQuery);\n            <\/script>[\/vc_column][\/vc_row][vc_row][vc_column width=\u00a0\u00bb1\/3&Prime;]<div class=\"vc-incubalia-image-3x2-centered\"><img decoding=\"async\" class=\"vc-incubalia-image-3x2-centered__mobile-picture\" src=\"https:\/\/www.tortosaturisme.cat\/wp-content\/uploads\/2020\/03\/passeig_despuig768x512.jpg\" alt=\"\"><img decoding=\"async\" class=\"vc-incubalia-image-3x2-centered__desktop-picture\" src=\"https:\/\/www.tortosaturisme.cat\/wp-content\/uploads\/2020\/03\/passeig_despuig1920x1280.jpg\" alt=\"\"><\/div>[\/vc_column][vc_column width=\u00a0\u00bb1\/3&Prime;]<div class=\"vc-incubalia-image-3x2-centered\"><img decoding=\"async\" class=\"vc-incubalia-image-3x2-centered__mobile-picture\" src=\"https:\/\/www.tortosaturisme.cat\/wp-content\/uploads\/2020\/03\/passeig_edatmitjana_768x512.jpg\" alt=\"\"><img decoding=\"async\" class=\"vc-incubalia-image-3x2-centered__desktop-picture\" src=\"https:\/\/www.tortosaturisme.cat\/wp-content\/uploads\/2020\/03\/passeig_edatmitjana_1920x1280.jpg\" alt=\"\"><\/div>[\/vc_column][vc_column width=\u00a0\u00bb1\/3&Prime;]<div class=\"vc-incubalia-image-3x2-centered\"><img decoding=\"async\" class=\"vc-incubalia-image-3x2-centered__mobile-picture\" src=\"https:\/\/www.tortosaturisme.cat\/wp-content\/uploads\/2020\/03\/passeig_familia_768x512.jpg\" alt=\"\"><img decoding=\"async\" class=\"vc-incubalia-image-3x2-centered__desktop-picture\" src=\"https:\/\/www.tortosaturisme.cat\/wp-content\/uploads\/2020\/03\/passeig_familia_1920x1280.jpg\" alt=\"\"><\/div>[\/vc_column][\/vc_row][vc_row][vc_column]<div class=\"vc-incubalia-text-title\"><h2 class=\"vc-incubalia-text-title__title\">Making of<\/h2><\/div><div class=\"vc-incubalia-video-full-width\"><img decoding=\"async\" class=\"vc-incubalia-video-full-width__image-mobile\" src=\"https:\/\/www.tortosaturisme.cat\/wp-content\/uploads\/2020\/03\/video_cultres_768x350.jpg\"><img decoding=\"async\" class=\"vc-incubalia-video-full-width__image-desktop\" src=\"https:\/\/www.tortosaturisme.cat\/wp-content\/uploads\/2020\/03\/video_cultres_1920x550.jpg\"><div id=\"93635e49dc\" class=\"vc-incubalia-video-full-width__play-button\"><img decoding=\"async\" class=\"play-button\" src=\"https:\/\/www.tortosaturisme.cat\/wp-content\/plugins\/vc-incubalia-elements\/elements\/..\/assets\/img\/video-play.png\"><\/div><div class=\"vc-incubalia-video-full-width__youtube-iframe\"><iframe loading=\"lazy\" width=\"560\" height=\"315\" src=\"https:\/\/www.youtube.com\/embed\/7YYsdCdrRqg\" frameborder=\"0\" allowfullscreen><\/iframe><\/div><\/div><script>(function($) {\n                $(function() {\n                    $('#93635e49dc').on('click', function() {\n                        $(this).parent().parent().find('.vc-incubalia-video-full-width').addClass('play');\n                        \/\/$(this).parent().parent().find('.vc-incubalia-video-full-width__youtube-iframe iframe').attr('src', $('.vc-incubalia-video-full-width__youtube-iframe iframe').attr('src') + '?autoplay=1');\n                    });\n                });\n\n                $(window).load(function() {\n                    height = $('.vc-incubalia-video-full-width').height();\n                    setYoutubeIframeDimensions();\n                });\n\n                $(window).resize(function() {\n                    setYoutubeIframeDimensions();\n                });\n\n                function setYoutubeIframeDimensions()\n                {\n                    if ($('.vc-incubalia-video-full-width').height() > 0) {\n                        height = $('.vc-incubalia-video-full-width').height();\n                    }\n                    $('.vc-incubalia-video-full-width__youtube-iframe iframe').attr('height', height);\n                    let width = height * 16 \/ 9;\n                    $('.vc-incubalia-video-full-width__youtube-iframe iframe').attr('width', width);\n                }\n            })(jQuery)<\/script>[\/vc_column][\/vc_row][vc_row][vc_column]<div class=\"vc-incubalia-3-images\"><h2 class=\"vc-incubalia-3-images__title\">En savoir plus<\/h2><div class=\"vc-incubalia-3-images__image\"><a href=\"\/fr\/lugar\/el-passeig-de-les-cultures\/\"><img decoding=\"async\" src=\"https:\/\/www.tortosaturisme.cat\/wp-content\/uploads\/2020\/03\/Passeig-de-les-Cultures_Bqr800x600.jpg\" alt=\"\"><\/a><a href=\"\/fr\/lugar\/el-passeig-de-les-cultures\/\"><p class=\"vc-incubalia-3-images__image-title\">Visitez-le<\/p><\/a><p class=\"vc-incubalia-3-images__image-subtitle\">La promenade Cultures tout pr\u00e8s<\/p><\/div><div class=\"vc-incubalia-3-images__image\"><a href=\"\/fr\/tortosa-cota-0\/\"><img decoding=\"async\" src=\"https:\/\/www.tortosaturisme.cat\/wp-content\/uploads\/2020\/03\/AL\u00c7ATS-COTA_0-800x600.jpg\" alt=\"\"><\/a><a href=\"\/fr\/tortosa-cota-0\/\"><p class=\"vc-incubalia-3-images__image-title\">Tortosa Cote_0<\/p><\/a><p class=\"vc-incubalia-3-images__image-subtitle\">Les vestiges du pass\u00e9<\/p><\/div><div class=\"vc-incubalia-3-images__image\"><a href=\"\/fr\/feder-dertosa-turtuxa-tortosa\/\"><img decoding=\"async\" src=\"https:\/\/www.tortosaturisme.cat\/wp-content\/uploads\/2020\/03\/FEDER_800x600.jpg\" alt=\"\"><\/a><a href=\"\/fr\/feder-dertosa-turtuxa-tortosa\/\"><p class=\"vc-incubalia-3-images__image-title\">Dertosa-Turtuxa-Tortosa: une ville, trois noms et 2000 ans<\/p><\/a><p class=\"vc-incubalia-3-images__image-subtitle\">PO FEDER 2014\/2020-AXE 6<\/p><\/div><\/div>[vc_gmaps link=\u00a0\u00bb#E-8_JTNDaWZyYW1lJTIwc3JjJTNEJTIyaHR0cHMlM0ElMkYlMkZ3d3cuZ29vZ2xlLmNvbSUyRm1hcHMlMkZlbWJlZCUzRnBiJTNEJTIxMW0xOCUyMTFtMTIlMjExbTMlMjExZDMwMTkuNTgxNjI4ODY4OTk0JTIxMmQwLjUyMDk3OTExNTI0Mjk0MjYlMjEzZDQwLjgxNTE4NjUzOTIzMzYzNiUyMTJtMyUyMTFmMCUyMTJmMCUyMTNmMCUyMTNtMiUyMTFpMTAyNCUyMTJpNzY4JTIxNGYxMy4xJTIxM20zJTIxMW0yJTIxMXMweDEyYTBlNGExY2Q0YWM0MjUlMjUzQTB4MTg5YmQyNTNhNTU1NDQ5ZCUyMTJzUGFzc2VpZyUyNTIwZGUlMjUyMFJvbmRhJTI1MkMlMjUyMDQzNTAwJTI1MjBUb3J0b3NhJTI1MkMlMjUyMFRhcnJhZ29uYSUyMTVlMCUyMTNtMiUyMTFzZXMlMjEyc2VzJTIxNHYxNTgzODI4NjM1NDIyJTIxNW0yJTIxMXNlcyUyMTJzZXMlMjIlMjB3aWR0aCUzRCUyMjYwMCUyMiUyMGhlaWdodCUzRCUyMjQ1MCUyMiUyMGZyYW1lYm9yZGVyJTNEJTIyMCUyMiUyMHN0eWxlJTNEJTIyYm9yZGVyJTNBMCUzQiUyMiUyMGFsbG93ZnVsbHNjcmVlbiUzRCUyMiUyMiUzRSUzQyUyRmlmcmFtZSUzRQ==\u00a0\u00bb]<div class=\"vc-incubalia-4-icons\"><h2 class=\"vc-incubalia-4-icons__title\"><\/h2><div class=\"vc-incubalia-4-icons__icon\"><a class=\"vc-incubalia-4-icons__icon-url\" href=\"http:\/\/www2.tortosa.cat\/\"><img decoding=\"async\" class=\"vc-incubalia-4-icons__icon-image\" src=\"https:\/\/www.tortosaturisme.cat\/wp-content\/uploads\/2020\/03\/ajuntament-500x500-400x400.jpg\"><\/a><\/div><div class=\"vc-incubalia-4-icons__icon\"><a class=\"vc-incubalia-4-icons__icon-url\" href=\"https:\/\/www.dipta.cat\/\"><img decoding=\"async\" class=\"vc-incubalia-4-icons__icon-image\" src=\"https:\/\/www.tortosaturisme.cat\/wp-content\/uploads\/2020\/03\/Diputaci\u00f3-de-Tarragona-500x500-400x400.jpg\"><\/a><\/div><div class=\"vc-incubalia-4-icons__icon\"><a class=\"vc-incubalia-4-icons__icon-url\" href=\"http:\/\/fonseuropeus.gencat.cat\/ca\/\"><img decoding=\"async\" class=\"vc-incubalia-4-icons__icon-image\" src=\"https:\/\/www.tortosaturisme.cat\/wp-content\/uploads\/2020\/03\/FEder_Vertical_400x400.png\"><\/a><\/div><div class=\"vc-incubalia-4-icons__icon\"><a class=\"vc-incubalia-4-icons__icon-url\" href=\"https:\/\/web.gencat.cat\/ca\/inici\"><img decoding=\"async\" class=\"vc-incubalia-4-icons__icon-image\" src=\"https:\/\/www.tortosaturisme.cat\/wp-content\/uploads\/2020\/03\/generalitat-de-catalunya500x500-400x400.jpg\"><\/a><\/div><\/div>[\/vc_column][\/vc_row]<\/p>\n","protected":false},"excerpt":{"rendered":"<p>[vc_row][vc_column][\/vc_column][\/vc_row][vc_row][vc_column width=\u00a0\u00bb1\/2&Prime;][\/vc_column][vc_column width=\u00a0\u00bb1\/2&Prime;][\/vc_column][\/vc_row][vc_row][vc_column][\/vc_column][\/vc_row][vc_row][vc_column width=\u00a0\u00bb1\/3&Prime;][\/vc_column][vc_column width=\u00a0\u00bb1\/3&Prime;][\/vc_column][vc_column width=\u00a0\u00bb1\/3&Prime;][\/vc_column][\/vc_row][vc_row][vc_column][\/vc_column][\/vc_row][vc_row][vc_column][vc_gmaps link=\u00a0\u00bb#E-8_JTNDaWZyYW1lJTIwc3JjJTNEJTIyaHR0cHMlM0ElMkYlMkZ3d3cuZ29vZ2xlLmNvbSUyRm1hcHMlMkZlbWJlZCUzRnBiJTNEJTIxMW0xOCUyMTFtMTIlMjExbTMlMjExZDMwMTkuNTgxNjI4ODY4OTk0JTIxMmQwLjUyMDk3OTExNTI0Mjk0MjYlMjEzZDQwLjgxNTE4NjUzOTIzMzYzNiUyMTJtMyUyMTFmMCUyMTJmMCUyMTNmMCUyMTNtMiUyMTFpMTAyNCUyMTJpNzY4JTIxNGYxMy4xJTIxM20zJTIxMW0yJTIxMXMweDEyYTBlNGExY2Q0YWM0MjUlMjUzQTB4MTg5YmQyNTNhNTU1NDQ5ZCUyMTJzUGFzc2VpZyUyNTIwZGUlMjUyMFJvbmRhJTI1MkMlMjUyMDQzNTAwJTI1MjBUb3J0b3NhJTI1MkMlMjUyMFRhcnJhZ29uYSUyMTVlMCUyMTNtMiUyMTFzZXMlMjEyc2VzJTIxNHYxNTgzODI4NjM1NDIyJTIxNW0yJTIxMXNlcyUyMTJzZXMlMjIlMjB3aWR0aCUzRCUyMjYwMCUyMiUyMGhlaWdodCUzRCUyMjQ1MCUyMiUyMGZyYW1lYm9yZGVyJTNEJTIyMCUyMiUyMHN0eWxlJTNEJTIyYm9yZGVyJTNBMCUzQiUyMiUyMGFsbG93ZnVsbHNjcmVlbiUzRCUyMiUyMiUzRSUzQyUyRmlmcmFtZSUzRQ==\u00a0\u00bb][\/vc_column][\/vc_row]<\/p>\n","protected":false},"author":2,"featured_media":0,"parent":0,"menu_order":168,"comment_status":"closed","ping_status":"closed","template":"","meta":{"footnotes":""},"class_list":["post-12353","page","type-page","status-publish","hentry"],"acf":[],"yoast_head":"<!-- This site is optimized with the Yoast SEO plugin v27.5 - https:\/\/yoast.com\/product\/yoast-seo-wordpress\/ -->\n<title>La promenade Cultures - Action PO FEDER | Tortosa Turisme<\/title>\n<meta name=\"description\" content=\"La promenade Cultures est un itin\u00e9raire qui allie art et histoire, dessinant le chemin de l&#039;ancien Pas de Ronda de la muraille m\u00e9di\u00e9vale de Tortosa. Cette action a \u00e9t\u00e9 mise en \u0153uvre dans le cadre du Programme Op\u00e9rationnel FEDER 2014\/2020 AXE-6 &quot;Dertosa-Turtuxa-Tortosa: une ville, trois noms et 2000 ans&quot;.\" \/>\n<meta name=\"robots\" content=\"index, follow, max-snippet:-1, max-image-preview:large, max-video-preview:-1\" \/>\n<link rel=\"canonical\" href=\"https:\/\/www.tortosaturisme.cat\/fr\/la-promenade-des-cultures\/\" \/>\n<meta property=\"og:locale\" content=\"fr_FR\" \/>\n<meta property=\"og:type\" content=\"article\" \/>\n<meta property=\"og:title\" content=\"La promenade Cultures - Action PO FEDER | Tortosa Turisme\" \/>\n<meta property=\"og:description\" content=\"La promenade Cultures est un itin\u00e9raire qui allie art et histoire, dessinant le chemin de l&#039;ancien Pas de Ronda de la muraille m\u00e9di\u00e9vale de Tortosa. Cette action a \u00e9t\u00e9 mise en \u0153uvre dans le cadre du Programme Op\u00e9rationnel FEDER 2014\/2020 AXE-6 &quot;Dertosa-Turtuxa-Tortosa: une ville, trois noms et 2000 ans&quot;.\" \/>\n<meta property=\"og:url\" content=\"https:\/\/www.tortosaturisme.cat\/fr\/la-promenade-des-cultures\/\" \/>\n<meta property=\"og:site_name\" content=\"tortosaturisme\" \/>\n<meta property=\"article:modified_time\" content=\"2020-08-07T15:50:58+00:00\" \/>\n<meta name=\"twitter:card\" content=\"summary_large_image\" \/>\n<meta name=\"twitter:label1\" content=\"Dur\u00e9e de lecture estim\u00e9e\" \/>\n\t<meta name=\"twitter:data1\" content=\"3 minutes\" \/>\n<script type=\"application\/ld+json\" class=\"yoast-schema-graph\">{\"@context\":\"https:\\\/\\\/schema.org\",\"@graph\":[{\"@type\":\"WebPage\",\"@id\":\"https:\\\/\\\/www.tortosaturisme.cat\\\/fr\\\/la-promenade-des-cultures\\\/\",\"url\":\"https:\\\/\\\/www.tortosaturisme.cat\\\/fr\\\/la-promenade-des-cultures\\\/\",\"name\":\"La promenade Cultures - Action PO FEDER | Tortosa Turisme\",\"isPartOf\":{\"@id\":\"https:\\\/\\\/www.tortosaturisme.cat\\\/fr\\\/#website\"},\"datePublished\":\"2020-03-06T10:43:54+00:00\",\"dateModified\":\"2020-08-07T15:50:58+00:00\",\"description\":\"La promenade Cultures est un itin\u00e9raire qui allie art et histoire, dessinant le chemin de l'ancien Pas de Ronda de la muraille m\u00e9di\u00e9vale de Tortosa. Cette action a \u00e9t\u00e9 mise en \u0153uvre dans le cadre du Programme Op\u00e9rationnel FEDER 2014\\\/2020 AXE-6 \\\"Dertosa-Turtuxa-Tortosa: une ville, trois noms et 2000 ans\\\".\",\"breadcrumb\":{\"@id\":\"https:\\\/\\\/www.tortosaturisme.cat\\\/fr\\\/la-promenade-des-cultures\\\/#breadcrumb\"},\"inLanguage\":\"fr-FR\",\"potentialAction\":[{\"@type\":\"ReadAction\",\"target\":[\"https:\\\/\\\/www.tortosaturisme.cat\\\/fr\\\/la-promenade-des-cultures\\\/\"]}]},{\"@type\":\"BreadcrumbList\",\"@id\":\"https:\\\/\\\/www.tortosaturisme.cat\\\/fr\\\/la-promenade-des-cultures\\\/#breadcrumb\",\"itemListElement\":[{\"@type\":\"ListItem\",\"position\":1,\"name\":\"Home\",\"item\":\"https:\\\/\\\/www.tortosaturisme.cat\\\/fr\\\/home-page\\\/\"},{\"@type\":\"ListItem\",\"position\":2,\"name\":\"La Promenade des Cultures\"}]},{\"@type\":\"WebSite\",\"@id\":\"https:\\\/\\\/www.tortosaturisme.cat\\\/fr\\\/#website\",\"url\":\"https:\\\/\\\/www.tortosaturisme.cat\\\/fr\\\/\",\"name\":\"tortosaturisme\",\"description\":\"Otro sitio realizado con WordPress\",\"potentialAction\":[{\"@type\":\"SearchAction\",\"target\":{\"@type\":\"EntryPoint\",\"urlTemplate\":\"https:\\\/\\\/www.tortosaturisme.cat\\\/fr\\\/?s={search_term_string}\"},\"query-input\":{\"@type\":\"PropertyValueSpecification\",\"valueRequired\":true,\"valueName\":\"search_term_string\"}}],\"inLanguage\":\"fr-FR\"}]}<\/script>\n<!-- \/ Yoast SEO plugin. -->","yoast_head_json":{"title":"La promenade Cultures - Action PO FEDER | Tortosa Turisme","description":"La promenade Cultures est un itin\u00e9raire qui allie art et histoire, dessinant le chemin de l'ancien Pas de Ronda de la muraille m\u00e9di\u00e9vale de Tortosa. Cette action a \u00e9t\u00e9 mise en \u0153uvre dans le cadre du Programme Op\u00e9rationnel FEDER 2014\/2020 AXE-6 \"Dertosa-Turtuxa-Tortosa: une ville, trois noms et 2000 ans\".","robots":{"index":"index","follow":"follow","max-snippet":"max-snippet:-1","max-image-preview":"max-image-preview:large","max-video-preview":"max-video-preview:-1"},"canonical":"https:\/\/www.tortosaturisme.cat\/fr\/la-promenade-des-cultures\/","og_locale":"fr_FR","og_type":"article","og_title":"La promenade Cultures - Action PO FEDER | Tortosa Turisme","og_description":"La promenade Cultures est un itin\u00e9raire qui allie art et histoire, dessinant le chemin de l'ancien Pas de Ronda de la muraille m\u00e9di\u00e9vale de Tortosa. Cette action a \u00e9t\u00e9 mise en \u0153uvre dans le cadre du Programme Op\u00e9rationnel FEDER 2014\/2020 AXE-6 \"Dertosa-Turtuxa-Tortosa: une ville, trois noms et 2000 ans\".","og_url":"https:\/\/www.tortosaturisme.cat\/fr\/la-promenade-des-cultures\/","og_site_name":"tortosaturisme","article_modified_time":"2020-08-07T15:50:58+00:00","twitter_card":"summary_large_image","twitter_misc":{"Dur\u00e9e de lecture estim\u00e9e":"3 minutes"},"schema":{"@context":"https:\/\/schema.org","@graph":[{"@type":"WebPage","@id":"https:\/\/www.tortosaturisme.cat\/fr\/la-promenade-des-cultures\/","url":"https:\/\/www.tortosaturisme.cat\/fr\/la-promenade-des-cultures\/","name":"La promenade Cultures - Action PO FEDER | Tortosa Turisme","isPartOf":{"@id":"https:\/\/www.tortosaturisme.cat\/fr\/#website"},"datePublished":"2020-03-06T10:43:54+00:00","dateModified":"2020-08-07T15:50:58+00:00","description":"La promenade Cultures est un itin\u00e9raire qui allie art et histoire, dessinant le chemin de l'ancien Pas de Ronda de la muraille m\u00e9di\u00e9vale de Tortosa. Cette action a \u00e9t\u00e9 mise en \u0153uvre dans le cadre du Programme Op\u00e9rationnel FEDER 2014\/2020 AXE-6 \"Dertosa-Turtuxa-Tortosa: une ville, trois noms et 2000 ans\".","breadcrumb":{"@id":"https:\/\/www.tortosaturisme.cat\/fr\/la-promenade-des-cultures\/#breadcrumb"},"inLanguage":"fr-FR","potentialAction":[{"@type":"ReadAction","target":["https:\/\/www.tortosaturisme.cat\/fr\/la-promenade-des-cultures\/"]}]},{"@type":"BreadcrumbList","@id":"https:\/\/www.tortosaturisme.cat\/fr\/la-promenade-des-cultures\/#breadcrumb","itemListElement":[{"@type":"ListItem","position":1,"name":"Home","item":"https:\/\/www.tortosaturisme.cat\/fr\/home-page\/"},{"@type":"ListItem","position":2,"name":"La Promenade des Cultures"}]},{"@type":"WebSite","@id":"https:\/\/www.tortosaturisme.cat\/fr\/#website","url":"https:\/\/www.tortosaturisme.cat\/fr\/","name":"tortosaturisme","description":"Otro sitio realizado con WordPress","potentialAction":[{"@type":"SearchAction","target":{"@type":"EntryPoint","urlTemplate":"https:\/\/www.tortosaturisme.cat\/fr\/?s={search_term_string}"},"query-input":{"@type":"PropertyValueSpecification","valueRequired":true,"valueName":"search_term_string"}}],"inLanguage":"fr-FR"}]}},"_links":{"self":[{"href":"https:\/\/www.tortosaturisme.cat\/fr\/wp-json\/wp\/v2\/pages\/12353","targetHints":{"allow":["GET"]}}],"collection":[{"href":"https:\/\/www.tortosaturisme.cat\/fr\/wp-json\/wp\/v2\/pages"}],"about":[{"href":"https:\/\/www.tortosaturisme.cat\/fr\/wp-json\/wp\/v2\/types\/page"}],"author":[{"embeddable":true,"href":"https:\/\/www.tortosaturisme.cat\/fr\/wp-json\/wp\/v2\/users\/2"}],"replies":[{"embeddable":true,"href":"https:\/\/www.tortosaturisme.cat\/fr\/wp-json\/wp\/v2\/comments?post=12353"}],"version-history":[{"count":10,"href":"https:\/\/www.tortosaturisme.cat\/fr\/wp-json\/wp\/v2\/pages\/12353\/revisions"}],"predecessor-version":[{"id":15506,"href":"https:\/\/www.tortosaturisme.cat\/fr\/wp-json\/wp\/v2\/pages\/12353\/revisions\/15506"}],"wp:attachment":[{"href":"https:\/\/www.tortosaturisme.cat\/fr\/wp-json\/wp\/v2\/media?parent=12353"}],"curies":[{"name":"wp","href":"https:\/\/api.w.org\/{rel}","templated":true}]}}