{"id":12360,"date":"2020-03-19T13:33:04","date_gmt":"2020-03-19T13:33:04","guid":{"rendered":"https:\/\/www.tortosaturisme.cat\/fr\/casa-de-les-tres-cultures\/"},"modified":"2020-08-07T15:36:39","modified_gmt":"2020-08-07T15:36:39","slug":"maison-des-trois-cultures","status":"publish","type":"page","link":"https:\/\/www.tortosaturisme.cat\/fr\/maison-des-trois-cultures\/","title":{"rendered":"Maison des trois cultures"},"content":{"rendered":"<p>[vc_row][vc_column]<div class=\"vc-incubalia-medium-header\"><img decoding=\"async\" class=\"vc-incubalia-medium-header__mobile-picture brightness-100\" src=\"https:\/\/www.tortosaturisme.cat\/wp-content\/uploads\/2020\/03\/lapida1920x550-768x350.jpg\">\n                  <img decoding=\"async\" class=\"vc-incubalia-medium-header__desktop-picture brightness-100\" src=\"https:\/\/www.tortosaturisme.cat\/wp-content\/uploads\/2020\/03\/lapida1920x550.jpg\"><\/div><div class=\"vc-incubalia-text-1-column-subtitle\"><h2 class=\"vc-incubalia-text-1-column-subtitle__title\">La Maison des trois Cultures<\/h2><h3 class=\"vc-incubalia-text-1-column-subtitle__subtitle\">Action r\u00e9alis\u00e9 par le Programme Op\u00e9rationnel FEDER 2014\/2020-AXE 6, \u00abDertosa-Turtuxa-Tortosa: une ville, trois noms et 2000 ans\u00bb<\/h3><div class=\"vc-incubalia-text-1-column-subtitle__text\"><\/p><br \/>\n<p align=\"JUSTIFY\"><strong>La Maison des trois Cultures<\/strong>\u00a0a \u00e9t\u00e9 \u00e9lev\u00e9e en raison de la n\u00e9cessit\u00e9 de <strong>valoriser le quartier de Remolins.<\/strong> C&rsquo;est un quartier avec une longue histoire o\u00f9, au Moyen \u00c2ge, se trouvaient les deux quartiers (l&rsquo;ancien et le nouveau), le cimeti\u00e8re juif, le quartier maure et le rempart, le portail et les tours qui les entouraient. Par cons\u00e9quent, dans cette zone o\u00f9 se trouvaient les diff\u00e9rents aljamas de Tortosa, juifs, musulmans comme chr\u00e9tiens ont d\u00e9velopp\u00e9 des relations sociales et culturelles tr\u00e8s \u00e9troites.<\/p><br \/>\n<p><strong>La coexistence des trois cultures<\/strong> ancr\u00e9es dans la ville, telles que l&rsquo;arabe, le juif et le chr\u00e9tien depuis le Xe si\u00e8cle est devenue un produit culturel et touristique qui devrait \u00eatre renforc\u00e9. Il s\u2019agit de souligner un discours historique peu connu et tr\u00e8s important au jour d\u2019aujourd\u2019hui, qui explique que la ville de Tortosa \u00e9tait l&rsquo;un des rares endroits de toute la Catalogne o\u00f9, pendant une p\u00e9riode remarquable, les trois communaut\u00e9s \u00e9taient li\u00e9es.<\/div><\/div><div class=\"vc-incubalia-image-3x2-centered\"><img decoding=\"async\" class=\"vc-incubalia-image-3x2-centered__mobile-picture\" src=\"https:\/\/www.tortosaturisme.cat\/wp-content\/uploads\/2020\/03\/personatges-768x444-768x444.jpg\" alt=\"\"><img decoding=\"async\" class=\"vc-incubalia-image-3x2-centered__desktop-picture\" src=\"https:\/\/www.tortosaturisme.cat\/wp-content\/uploads\/2020\/03\/personatges-1920x1110-1920x1110.jpg\" alt=\"\"><\/div>[\/vc_column][\/vc_row][vc_row][vc_column width=\u00a0\u00bb1\/2&Prime;]<div class=\"vc-incubalia-text-1-column\"><div class=\"vc-incubalia-text-1-column__text\">Avec l&rsquo;id\u00e9e de cr\u00e9er un espace o\u00f9 cette histoire peut \u00eatre affich\u00e9e \u00e0 travers une<strong> exposition permanente<\/strong>, il a \u00e9t\u00e9 d\u00e9cid\u00e9 de reconstruire l&rsquo;un des anciens pavillons de l&rsquo;ancien <strong>Baln\u00e9aire del Porcar<\/strong> (19e si\u00e8cle) qui est \u00e0 l&rsquo;int\u00e9rieur des Jardins du Prince, au milieu de l&rsquo;ancien quartier juif.<\/p><br \/>\n<p>Avec cette intervention on pourra ouvrir au public la Maison des trois Cultures, o\u00f9 le visiteur d\u00e9couvrira \u00e0 travers <strong>trois guides<\/strong> <strong>virtuels<\/strong>, qui repr\u00e9sentent leurs cultures respectives, quels \u00e9taient les diff\u00e9rents modes de vie qui existaient au Moyen \u00c2ge.<\/p><br \/>\n<p>Le <strong>budget total<\/strong> du projet s&rsquo;\u00e9l\u00e8ve \u00e0 un total de 194.309,50\u20ac, TVA incluse. Sur ce montant, l&rsquo;<strong>Union Europ\u00e9enne<\/strong> participe en apportant 80.293,18\u20ac via le PO FEDER 2014\/2020 AXE-6. En outre, l&rsquo;op\u00e9ration est \u00e9galement subventionn\u00e9e par la <strong>Diputaci\u00f3 de Tarragona<\/strong>, qui alloue 66.892,75 \u20ac par le biais du PAM. Finalement, la <strong>contribution municipale<\/strong> est de 47.123,57\u20ac, ce qui repr\u00e9sente le 24,3% du montant total de l&rsquo;action.<\/div><\/div><script>\n            (function($) {\n                $(function() {\n                    $(\".vc_col-sm-6\").parent(\".vc_row\").addClass(\"vc_layout_2\");\n                });\n            })(jQuery);\n            <\/script>[\/vc_column][vc_column width=\u00a0\u00bb1\/2&Prime;]<div class=\"vc-incubalia-image-3x2-centered\"><img decoding=\"async\" class=\"vc-incubalia-image-3x2-centered__mobile-picture\" src=\"https:\/\/www.tortosaturisme.cat\/wp-content\/uploads\/2020\/03\/render_casa3cultures_768x512.jpg\" alt=\"\"><img decoding=\"async\" class=\"vc-incubalia-image-3x2-centered__desktop-picture\" src=\"https:\/\/www.tortosaturisme.cat\/wp-content\/uploads\/2020\/03\/render_casa3cultures_1920x1280.jpg\" alt=\"\"><\/div>[\/vc_column][\/vc_row][vc_row][vc_column]<div class=\"vc-incubalia-3-images\"><h2 class=\"vc-incubalia-3-images__title\">En savoir plus<\/h2><div class=\"vc-incubalia-3-images__image\"><a href=\"\/fr\/lugar\/els-jardins-del-princep-museu-descultures-a-laire-lliure-de-santiago-de-santiago\/\"><img decoding=\"async\" src=\"https:\/\/www.tortosaturisme.cat\/wp-content\/uploads\/2020\/03\/Jardins-del-Pr\u00edncep-800x600.jpg\" alt=\"\"><\/a><a href=\"\/fr\/lugar\/els-jardins-del-princep-museu-descultures-a-laire-lliure-de-santiago-de-santiago\/\"><p class=\"vc-incubalia-3-images__image-title\">Les Jardins du Prince<\/p><\/a><p class=\"vc-incubalia-3-images__image-subtitle\">Un mus\u00e9e de sculptures en plein air<\/p><\/div><div class=\"vc-incubalia-3-images__image\"><a href=\"\/fr\/passeig-de-les-cultures\/\"><img decoding=\"async\" src=\"https:\/\/www.tortosaturisme.cat\/wp-content\/uploads\/2020\/03\/Passeig-de-les-Cultures_Bqr800x600.jpg\" alt=\"\"><\/a><a href=\"\/fr\/passeig-de-les-cultures\/\"><p class=\"vc-incubalia-3-images__image-title\">La promenade Cultures<\/p><\/a><p class=\"vc-incubalia-3-images__image-subtitle\">Un tour de l'histoire de Tortosa<\/p><\/div><div class=\"vc-incubalia-3-images__image\"><a href=\"\/fr\/feder-dertosa-turtuxa-tortosa\/\"><img decoding=\"async\" src=\"https:\/\/www.tortosaturisme.cat\/wp-content\/uploads\/2020\/03\/FEDER_800x600.jpg\" alt=\"\"><\/a><a href=\"\/fr\/feder-dertosa-turtuxa-tortosa\/\"><p class=\"vc-incubalia-3-images__image-title\">Dertosa-Turtuxa-Tortosa: une ville, trois noms et 2000 ans<\/p><\/a><p class=\"vc-incubalia-3-images__image-subtitle\">PO FEDER 2014\/2020 AXE-6<\/p><\/div><\/div>[vc_gmaps link=\u00a0\u00bb#E-8_JTNDaWZyYW1lJTIwc3JjJTNEJTIyaHR0cHMlM0ElMkYlMkZ3d3cuZ29vZ2xlLmNvbSUyRm1hcHMlMkZlbWJlZCUzRnBiJTNEJTIxMW0xOCUyMTFtMTIlMjExbTMlMjExZDMwMTkuNTIyMTEyMzg2MDklMjEyZDAuNTIzMDc3MDE0OTA3OTM5NiUyMTNkNDAuODE2NDk0MTM5MTU0MDclMjEybTMlMjExZjAlMjEyZjAlMjEzZjAlMjEzbTIlMjExaTEwMjQlMjEyaTc2OCUyMTRmMTMuMSUyMTNtMyUyMTFtMiUyMTFzMHgxMmEwZTQ5ZmZhZWQzNGRmJTI1M0EweGRlZjdkZmI5ODQyYjM4NGYlMjEyc0phcmRpbnMlMjUyMGRlbCUyNTIwcHIlMjVDMyUyNUFEbmNlcCUyMTVlMCUyMTNtMiUyMTFzZXMlMjEyc2VzJTIxNHYxNTg0NjI5MzQ2ODAzJTIxNW0yJTIxMXNlcyUyMTJzZXMlMjIlMjB3aWR0aCUzRCUyMjYwMCUyMiUyMGhlaWdodCUzRCUyMjQ1MCUyMiUyMGZyYW1lYm9yZGVyJTNEJTIyMCUyMiUyMHN0eWxlJTNEJTIyYm9yZGVyJTNBMCUzQiUyMiUyMGFsbG93ZnVsbHNjcmVlbiUzRCUyMiUyMiUyMGFyaWEtaGlkZGVuJTNEJTIyZmFsc2UlMjIlMjB0YWJpbmRleCUzRCUyMjAlMjIlM0UlM0MlMkZpZnJhbWUlM0U=\u00a0\u00bb][\/vc_column][\/vc_row][vc_row][vc_column]<div class=\"vc-incubalia-4-icons\"><h2 class=\"vc-incubalia-4-icons__title\"><\/h2><div class=\"vc-incubalia-4-icons__icon\"><a class=\"vc-incubalia-4-icons__icon-url\" href=\"http:\/\/www2.tortosa.cat\/\"><img decoding=\"async\" class=\"vc-incubalia-4-icons__icon-image\" src=\"https:\/\/www.tortosaturisme.cat\/wp-content\/uploads\/2020\/03\/ajuntament-500x500-400x400.jpg\"><\/a><\/div><div class=\"vc-incubalia-4-icons__icon\"><a class=\"vc-incubalia-4-icons__icon-url\" href=\"https:\/\/www.dipta.cat\/\"><img decoding=\"async\" class=\"vc-incubalia-4-icons__icon-image\" src=\"https:\/\/www.tortosaturisme.cat\/wp-content\/uploads\/2020\/03\/Diputaci\u00f3-de-Tarragona-500x500-400x400.jpg\"><\/a><\/div><div class=\"vc-incubalia-4-icons__icon\"><a class=\"vc-incubalia-4-icons__icon-url\" href=\"http:\/\/fonseuropeus.gencat.cat\/ca\/\"><img decoding=\"async\" class=\"vc-incubalia-4-icons__icon-image\" src=\"https:\/\/www.tortosaturisme.cat\/wp-content\/uploads\/2020\/03\/FEder_Vertical_400x400.png\"><\/a><\/div><div class=\"vc-incubalia-4-icons__icon\"><a class=\"vc-incubalia-4-icons__icon-url\" href=\"https:\/\/web.gencat.cat\/ca\/inici\"><img decoding=\"async\" class=\"vc-incubalia-4-icons__icon-image\" src=\"https:\/\/www.tortosaturisme.cat\/wp-content\/uploads\/2020\/03\/generalitat-de-catalunya500x500-400x400.jpg\"><\/a><\/div><\/div>[\/vc_column][\/vc_row]<\/p>\n","protected":false},"excerpt":{"rendered":"<p>[vc_row][vc_column][\/vc_column][\/vc_row][vc_row][vc_column width=\u00a0\u00bb1\/2&Prime;][\/vc_column][vc_column width=\u00a0\u00bb1\/2&Prime;][\/vc_column][\/vc_row][vc_row][vc_column][vc_gmaps link=\u00a0\u00bb#E-8_JTNDaWZyYW1lJTIwc3JjJTNEJTIyaHR0cHMlM0ElMkYlMkZ3d3cuZ29vZ2xlLmNvbSUyRm1hcHMlMkZlbWJlZCUzRnBiJTNEJTIxMW0xOCUyMTFtMTIlMjExbTMlMjExZDMwMTkuNTIyMTEyMzg2MDklMjEyZDAuNTIzMDc3MDE0OTA3OTM5NiUyMTNkNDAuODE2NDk0MTM5MTU0MDclMjEybTMlMjExZjAlMjEyZjAlMjEzZjAlMjEzbTIlMjExaTEwMjQlMjEyaTc2OCUyMTRmMTMuMSUyMTNtMyUyMTFtMiUyMTFzMHgxMmEwZTQ5ZmZhZWQzNGRmJTI1M0EweGRlZjdkZmI5ODQyYjM4NGYlMjEyc0phcmRpbnMlMjUyMGRlbCUyNTIwcHIlMjVDMyUyNUFEbmNlcCUyMTVlMCUyMTNtMiUyMTFzZXMlMjEyc2VzJTIxNHYxNTg0NjI5MzQ2ODAzJTIxNW0yJTIxMXNlcyUyMTJzZXMlMjIlMjB3aWR0aCUzRCUyMjYwMCUyMiUyMGhlaWdodCUzRCUyMjQ1MCUyMiUyMGZyYW1lYm9yZGVyJTNEJTIyMCUyMiUyMHN0eWxlJTNEJTIyYm9yZGVyJTNBMCUzQiUyMiUyMGFsbG93ZnVsbHNjcmVlbiUzRCUyMiUyMiUyMGFyaWEtaGlkZGVuJTNEJTIyZmFsc2UlMjIlMjB0YWJpbmRleCUzRCUyMjAlMjIlM0UlM0MlMkZpZnJhbWUlM0U=\u00a0\u00bb][\/vc_column][\/vc_row][vc_row][vc_column][\/vc_column][\/vc_row]<\/p>\n","protected":false},"author":2,"featured_media":0,"parent":0,"menu_order":152,"comment_status":"closed","ping_status":"closed","template":"","meta":{"footnotes":""},"class_list":["post-12360","page","type-page","status-publish","hentry"],"acf":[],"yoast_head":"<!-- This site is optimized with the Yoast SEO plugin v27.5 - https:\/\/yoast.com\/product\/yoast-seo-wordpress\/ -->\n<title>La Maison des Trois Cultures - Action PO FEDER | Tortosa Turisme<\/title>\n<meta name=\"description\" content=\"La Maison des Trois Cultures pr\u00e9sentera une exposition permanente sur les modes de vie des trois communaut\u00e9s religieuses qui vivaient dans la Tortosa m\u00e9di\u00e9vale. Cette action est mise en \u0153uvre dans le cadre du Programme Op\u00e9rationnel FEDER 2014\/2020 AXE-6 \u00abDertosa-Turtuxa-Tortosa: une ville, trois noms et 2000 ans&quot;.\" \/>\n<meta name=\"robots\" content=\"index, follow, max-snippet:-1, max-image-preview:large, max-video-preview:-1\" \/>\n<link rel=\"canonical\" href=\"https:\/\/www.tortosaturisme.cat\/fr\/maison-des-trois-cultures\/\" \/>\n<meta property=\"og:locale\" content=\"fr_FR\" \/>\n<meta property=\"og:type\" content=\"article\" \/>\n<meta property=\"og:title\" content=\"La Maison des Trois Cultures - Action PO FEDER | Tortosa Turisme\" \/>\n<meta property=\"og:description\" content=\"La Maison des Trois Cultures pr\u00e9sentera une exposition permanente sur les modes de vie des trois communaut\u00e9s religieuses qui vivaient dans la Tortosa m\u00e9di\u00e9vale. Cette action est mise en \u0153uvre dans le cadre du Programme Op\u00e9rationnel FEDER 2014\/2020 AXE-6 \u00abDertosa-Turtuxa-Tortosa: une ville, trois noms et 2000 ans&quot;.\" \/>\n<meta property=\"og:url\" content=\"https:\/\/www.tortosaturisme.cat\/fr\/maison-des-trois-cultures\/\" \/>\n<meta property=\"og:site_name\" content=\"tortosaturisme\" \/>\n<meta property=\"article:modified_time\" content=\"2020-08-07T15:36:39+00:00\" \/>\n<meta name=\"twitter:card\" content=\"summary_large_image\" \/>\n<meta name=\"twitter:label1\" content=\"Dur\u00e9e de lecture estim\u00e9e\" \/>\n\t<meta name=\"twitter:data1\" content=\"3 minutes\" \/>\n<script type=\"application\/ld+json\" class=\"yoast-schema-graph\">{\"@context\":\"https:\\\/\\\/schema.org\",\"@graph\":[{\"@type\":\"WebPage\",\"@id\":\"https:\\\/\\\/www.tortosaturisme.cat\\\/fr\\\/maison-des-trois-cultures\\\/\",\"url\":\"https:\\\/\\\/www.tortosaturisme.cat\\\/fr\\\/maison-des-trois-cultures\\\/\",\"name\":\"La Maison des Trois Cultures - Action PO FEDER | Tortosa Turisme\",\"isPartOf\":{\"@id\":\"https:\\\/\\\/www.tortosaturisme.cat\\\/fr\\\/#website\"},\"datePublished\":\"2020-03-19T13:33:04+00:00\",\"dateModified\":\"2020-08-07T15:36:39+00:00\",\"description\":\"La Maison des Trois Cultures pr\u00e9sentera une exposition permanente sur les modes de vie des trois communaut\u00e9s religieuses qui vivaient dans la Tortosa m\u00e9di\u00e9vale. Cette action est mise en \u0153uvre dans le cadre du Programme Op\u00e9rationnel FEDER 2014\\\/2020 AXE-6 \u00abDertosa-Turtuxa-Tortosa: une ville, trois noms et 2000 ans\\\".\",\"breadcrumb\":{\"@id\":\"https:\\\/\\\/www.tortosaturisme.cat\\\/fr\\\/maison-des-trois-cultures\\\/#breadcrumb\"},\"inLanguage\":\"fr-FR\",\"potentialAction\":[{\"@type\":\"ReadAction\",\"target\":[\"https:\\\/\\\/www.tortosaturisme.cat\\\/fr\\\/maison-des-trois-cultures\\\/\"]}]},{\"@type\":\"BreadcrumbList\",\"@id\":\"https:\\\/\\\/www.tortosaturisme.cat\\\/fr\\\/maison-des-trois-cultures\\\/#breadcrumb\",\"itemListElement\":[{\"@type\":\"ListItem\",\"position\":1,\"name\":\"Home\",\"item\":\"https:\\\/\\\/www.tortosaturisme.cat\\\/fr\\\/home-page\\\/\"},{\"@type\":\"ListItem\",\"position\":2,\"name\":\"Maison des trois cultures\"}]},{\"@type\":\"WebSite\",\"@id\":\"https:\\\/\\\/www.tortosaturisme.cat\\\/fr\\\/#website\",\"url\":\"https:\\\/\\\/www.tortosaturisme.cat\\\/fr\\\/\",\"name\":\"tortosaturisme\",\"description\":\"Otro sitio realizado con WordPress\",\"potentialAction\":[{\"@type\":\"SearchAction\",\"target\":{\"@type\":\"EntryPoint\",\"urlTemplate\":\"https:\\\/\\\/www.tortosaturisme.cat\\\/fr\\\/?s={search_term_string}\"},\"query-input\":{\"@type\":\"PropertyValueSpecification\",\"valueRequired\":true,\"valueName\":\"search_term_string\"}}],\"inLanguage\":\"fr-FR\"}]}<\/script>\n<!-- \/ Yoast SEO plugin. -->","yoast_head_json":{"title":"La Maison des Trois Cultures - Action PO FEDER | Tortosa Turisme","description":"La Maison des Trois Cultures pr\u00e9sentera une exposition permanente sur les modes de vie des trois communaut\u00e9s religieuses qui vivaient dans la Tortosa m\u00e9di\u00e9vale. Cette action est mise en \u0153uvre dans le cadre du Programme Op\u00e9rationnel FEDER 2014\/2020 AXE-6 \u00abDertosa-Turtuxa-Tortosa: une ville, trois noms et 2000 ans\".","robots":{"index":"index","follow":"follow","max-snippet":"max-snippet:-1","max-image-preview":"max-image-preview:large","max-video-preview":"max-video-preview:-1"},"canonical":"https:\/\/www.tortosaturisme.cat\/fr\/maison-des-trois-cultures\/","og_locale":"fr_FR","og_type":"article","og_title":"La Maison des Trois Cultures - Action PO FEDER | Tortosa Turisme","og_description":"La Maison des Trois Cultures pr\u00e9sentera une exposition permanente sur les modes de vie des trois communaut\u00e9s religieuses qui vivaient dans la Tortosa m\u00e9di\u00e9vale. Cette action est mise en \u0153uvre dans le cadre du Programme Op\u00e9rationnel FEDER 2014\/2020 AXE-6 \u00abDertosa-Turtuxa-Tortosa: une ville, trois noms et 2000 ans\".","og_url":"https:\/\/www.tortosaturisme.cat\/fr\/maison-des-trois-cultures\/","og_site_name":"tortosaturisme","article_modified_time":"2020-08-07T15:36:39+00:00","twitter_card":"summary_large_image","twitter_misc":{"Dur\u00e9e de lecture estim\u00e9e":"3 minutes"},"schema":{"@context":"https:\/\/schema.org","@graph":[{"@type":"WebPage","@id":"https:\/\/www.tortosaturisme.cat\/fr\/maison-des-trois-cultures\/","url":"https:\/\/www.tortosaturisme.cat\/fr\/maison-des-trois-cultures\/","name":"La Maison des Trois Cultures - Action PO FEDER | Tortosa Turisme","isPartOf":{"@id":"https:\/\/www.tortosaturisme.cat\/fr\/#website"},"datePublished":"2020-03-19T13:33:04+00:00","dateModified":"2020-08-07T15:36:39+00:00","description":"La Maison des Trois Cultures pr\u00e9sentera une exposition permanente sur les modes de vie des trois communaut\u00e9s religieuses qui vivaient dans la Tortosa m\u00e9di\u00e9vale. Cette action est mise en \u0153uvre dans le cadre du Programme Op\u00e9rationnel FEDER 2014\/2020 AXE-6 \u00abDertosa-Turtuxa-Tortosa: une ville, trois noms et 2000 ans\".","breadcrumb":{"@id":"https:\/\/www.tortosaturisme.cat\/fr\/maison-des-trois-cultures\/#breadcrumb"},"inLanguage":"fr-FR","potentialAction":[{"@type":"ReadAction","target":["https:\/\/www.tortosaturisme.cat\/fr\/maison-des-trois-cultures\/"]}]},{"@type":"BreadcrumbList","@id":"https:\/\/www.tortosaturisme.cat\/fr\/maison-des-trois-cultures\/#breadcrumb","itemListElement":[{"@type":"ListItem","position":1,"name":"Home","item":"https:\/\/www.tortosaturisme.cat\/fr\/home-page\/"},{"@type":"ListItem","position":2,"name":"Maison des trois cultures"}]},{"@type":"WebSite","@id":"https:\/\/www.tortosaturisme.cat\/fr\/#website","url":"https:\/\/www.tortosaturisme.cat\/fr\/","name":"tortosaturisme","description":"Otro sitio realizado con WordPress","potentialAction":[{"@type":"SearchAction","target":{"@type":"EntryPoint","urlTemplate":"https:\/\/www.tortosaturisme.cat\/fr\/?s={search_term_string}"},"query-input":{"@type":"PropertyValueSpecification","valueRequired":true,"valueName":"search_term_string"}}],"inLanguage":"fr-FR"}]}},"_links":{"self":[{"href":"https:\/\/www.tortosaturisme.cat\/fr\/wp-json\/wp\/v2\/pages\/12360","targetHints":{"allow":["GET"]}}],"collection":[{"href":"https:\/\/www.tortosaturisme.cat\/fr\/wp-json\/wp\/v2\/pages"}],"about":[{"href":"https:\/\/www.tortosaturisme.cat\/fr\/wp-json\/wp\/v2\/types\/page"}],"author":[{"embeddable":true,"href":"https:\/\/www.tortosaturisme.cat\/fr\/wp-json\/wp\/v2\/users\/2"}],"replies":[{"embeddable":true,"href":"https:\/\/www.tortosaturisme.cat\/fr\/wp-json\/wp\/v2\/comments?post=12360"}],"version-history":[{"count":5,"href":"https:\/\/www.tortosaturisme.cat\/fr\/wp-json\/wp\/v2\/pages\/12360\/revisions"}],"predecessor-version":[{"id":15501,"href":"https:\/\/www.tortosaturisme.cat\/fr\/wp-json\/wp\/v2\/pages\/12360\/revisions\/15501"}],"wp:attachment":[{"href":"https:\/\/www.tortosaturisme.cat\/fr\/wp-json\/wp\/v2\/media?parent=12360"}],"curies":[{"name":"wp","href":"https:\/\/api.w.org\/{rel}","templated":true}]}}