{"id":38463,"date":"2025-06-03T11:49:20","date_gmt":"2025-06-03T11:49:20","guid":{"rendered":"https:\/\/www.tortosaturisme.cat\/recepta-fideus-amb-costella\/"},"modified":"2025-06-27T11:49:41","modified_gmt":"2025-06-27T11:49:41","slug":"recette-vermicelles-a-la-cote-de-porc","status":"publish","type":"page","link":"https:\/\/www.tortosaturisme.cat\/fr\/recette-vermicelles-a-la-cote-de-porc\/","title":{"rendered":"recette vermicelles \u00e0 la c\u00f4te de porc"},"content":{"rendered":"<p>[vc_row][vc_column]<div class=\"vc-incubalia-big-header\"><h1 class=\"vc-incubalia-big-header__title\">Vermicelles \u00e0 la c\u00f4te de porc<\/h1><img decoding=\"async\" class=\"vc-incubalia-big-header__mobile-picture\" src=\"https:\/\/www.tortosaturisme.cat\/wp-content\/uploads\/2025\/06\/Capcalera-principal-768x7502-1.png\">\n                  <img decoding=\"async\" class=\"vc-incubalia-big-header__desktop-picture\" src=\"https:\/\/www.tortosaturisme.cat\/wp-content\/uploads\/2025\/06\/Capcalera-gran-1920x700-1.jpg\"><\/div>[\/vc_column][\/vc_row][vc_row][vc_column]<div class=\"vc-incubalia-text-1-column\"><div class=\"vc-incubalia-text-1-column__text\"><\/p><br \/>\n<p data-start=\"1093\" data-end=\"1290\">Les <strong>nouilles \u00e0 la c\u00f4te de porc<\/strong> peuvent \u00e9galement \u00eatre pr\u00e9par\u00e9es e<strong>n rempla\u00e7ant les nouilles par du riz<\/strong>, donnant ainsi naissance \u00e0 un <strong>plat profond\u00e9ment enracin\u00e9 localement : le riz \u00e0 la c\u00f4te de porc.<\/strong><\/p><br \/>\n<p data-start=\"1292\" data-end=\"1586\">Cette recette fait partie du <a href=\"\/fr\/llibre-blanc-del-turisme-gastronomic\/\"><strong>Livre Blanc du tourisme gastronomique<\/strong><\/a><strong> \u00e0 Tortosa<\/strong> et a \u00e9t\u00e9 tir\u00e9e du livre <strong>La cuina de Tortosa<\/strong>, de <strong>Josep \u00c0ngel \u00d2dena<\/strong> (Lleida : Editorial Ribera i Rius, 1992). Elle a \u00e9t\u00e9 r\u00e9alis\u00e9e \u00e0 l\u2019<strong>\u00c9cole d\u2019H\u00f4tellerie du Lyc\u00e9e Dertosa de Tortosa<\/strong> par la cheffe<strong> Margaret Nofre<\/strong>.<\/p><br \/>\n<p><\/div><\/div><script>\n            (function($) {\n                $(function() {\n                    $(\".vc_col-sm-6\").parent(\".vc_row\").addClass(\"vc_layout_2\");\n                });\n            })(jQuery);\n            <\/script><div class=\"vc-incubalia-text-1-column\"><h2 class=\"vc-incubalia-text-1-column__title\"><span class=\"first-word\">Ingr\u00e9dients<\/span> <\/h2><div class=\"vc-incubalia-text-1-column__text\">1\/2 kg de c\u00f4tes de porc coup\u00e9es en d\u00e9s<\/p><br \/>\n<p>200 g de vermicelles n\u00b02<\/p><br \/>\n<p>1 oignon<\/p><br \/>\n<p>2 tomates m\u00fbres<\/p><br \/>\n<p>Persil<\/p><br \/>\n<p>1 gousse d\u2019ail<\/p><br \/>\n<p>Quelques filaments de safran<\/p><br \/>\n<p>Amandes grill\u00e9es<\/p><br \/>\n<p>Paprika doux, poivre noir<\/p><br \/>\n<p>Sel, huile d\u2019olive<\/div><\/div><script>\n            (function($) {\n                $(function() {\n                    $(\".vc_col-sm-6\").parent(\".vc_row\").addClass(\"vc_layout_2\");\n                });\n            })(jQuery);\n            <\/script>[\/vc_column][\/vc_row][vc_row][vc_column]<div class=\"vc-incubalia-image-3x2-centered\"><img decoding=\"async\" class=\"vc-incubalia-image-3x2-centered__mobile-picture\" src=\"https:\/\/www.tortosaturisme.cat\/wp-content\/uploads\/2025\/06\/Imatge-movil-768x512-1.jpg\" alt=\"\"><img decoding=\"async\" class=\"vc-incubalia-image-3x2-centered__desktop-picture\" src=\"https:\/\/www.tortosaturisme.cat\/wp-content\/uploads\/2025\/06\/Escrip-tori-1920x1280-1.jpg\" alt=\"\"><\/div>[\/vc_column][\/vc_row][vc_row][vc_column]<div class=\"vc-incubalia-text-image\"><h3 class=\"vc-incubalia-text-image__title\">Pr\u00e9paration<\/h3><div class=\"vc-incubalia-text-image__container\"><div class=\"vc-incubalia-text-image__image mobile desktop\"><img decoding=\"async\" src=\"https:\/\/www.tortosaturisme.cat\/wp-content\/uploads\/2025\/06\/1.jpg\" alt=\"\"><\/div><div class=\"vc-incubalia-text-image__text\"><h4 class=\"vc-incubalia-text-image__subtitle\">1<\/h4>Salez et poivrez les c\u00f4tes de porc. \u00c9pluchez et hachez finement l\u2019oignon et les tomates. Faites chauffer une cocotte avec de l\u2019huile et faites dorer les morceaux de c\u00f4te de porc.<\/div><\/div><\/div><div class=\"vc-incubalia-text-image\"><div class=\"vc-incubalia-text-image__container\"><div class=\"vc-incubalia-text-image__image mobile desktop\"><img decoding=\"async\" src=\"https:\/\/www.tortosaturisme.cat\/wp-content\/uploads\/2025\/06\/2.jpg\" alt=\"\"><\/div><div class=\"vc-incubalia-text-image__text\"><h4 class=\"vc-incubalia-text-image__subtitle\">2<\/h4>Une fois dor\u00e9s, ajoutez l\u2019oignon et la tomate, et poursuivez le sofrito (rissolage).<\/div><\/div><\/div><div class=\"vc-incubalia-text-image\"><div class=\"vc-incubalia-text-image__container\"><div class=\"vc-incubalia-text-image__image mobile desktop\"><img decoding=\"async\" src=\"https:\/\/www.tortosaturisme.cat\/wp-content\/uploads\/2025\/06\/3.jpg\" alt=\"\"><\/div><div class=\"vc-incubalia-text-image__text\"><h4 class=\"vc-incubalia-text-image__subtitle\">3<\/h4>Incorporez le paprika doux, m\u00e9langez, puis ajoutez juste assez d\u2019eau pour couvrir la viande. Couvrez et laissez mijoter \u00e0 feu doux pendant 20 \u00e0 25 minutes.<\/div><\/div><\/div><div class=\"vc-incubalia-text-image\"><div class=\"vc-incubalia-text-image__container\"><div class=\"vc-incubalia-text-image__image mobile desktop\"><img decoding=\"async\" src=\"https:\/\/www.tortosaturisme.cat\/wp-content\/uploads\/2025\/06\/4.jpg\" alt=\"\"><\/div><div class=\"vc-incubalia-text-image__text\"><h4 class=\"vc-incubalia-text-image__subtitle\">4<\/h4>Pendant ce temps, pr\u00e9parez une picada dans un mortier avec le persil, l\u2019ail, le safran et les amandes grill\u00e9es et pel\u00e9es. D\u00e9layez avec un peu d\u2019eau et ajoutez le tout dans la cocotte.<\/div><\/div><\/div><div class=\"vc-incubalia-text-image\"><div class=\"vc-incubalia-text-image__container\"><div class=\"vc-incubalia-text-image__image mobile desktop\"><img decoding=\"async\" src=\"https:\/\/www.tortosaturisme.cat\/wp-content\/uploads\/2025\/06\/5.jpg\" alt=\"\"><\/div><div class=\"vc-incubalia-text-image__text\"><h4 class=\"vc-incubalia-text-image__subtitle\">5<\/h4>Lorsque l\u2019\u00e9bullition reprend, ajoutez les vermicelles. \u00c0 mi-cuisson, rectifiez l\u2019assaisonnement en sel.<\/div><\/div><\/div><div class=\"vc-incubalia-text-image\"><div class=\"vc-incubalia-text-image__container\"><div class=\"vc-incubalia-text-image__image mobile desktop\"><img decoding=\"async\" src=\"https:\/\/www.tortosaturisme.cat\/wp-content\/uploads\/2025\/06\/6.jpg\" alt=\"\"><\/div><div class=\"vc-incubalia-text-image__text\"><h4 class=\"vc-incubalia-text-image__subtitle\">6<\/h4>Laissez cuire jusqu\u2019\u00e0 ce que les vermicelles soient cuits, ils doivent rester l\u00e9g\u00e8rement en sauce (caldosos). Retirez du feu et servez chaud.<\/div><\/div><\/div>[\/vc_column][\/vc_row][vc_row][vc_column]<div class=\"vc-incubalia-image-3x2-centered\"><img decoding=\"async\" class=\"vc-incubalia-image-3x2-centered__mobile-picture\" src=\"https:\/\/www.tortosaturisme.cat\/wp-content\/uploads\/2025\/06\/Disseny-sense-titol1.jpg\" alt=\"\"><img decoding=\"async\" class=\"vc-incubalia-image-3x2-centered__desktop-picture\" src=\"https:\/\/www.tortosaturisme.cat\/wp-content\/uploads\/2025\/06\/Disseny-sense-titol.jpg\" alt=\"\"><\/div>[\/vc_column][\/vc_row][vc_row][vc_column]<div class=\"vc-incubalia-4-icons\"><h2 class=\"vc-incubalia-4-icons__title\"><\/h2><div class=\"vc-incubalia-4-icons__icon\"><a class=\"vc-incubalia-4-icons__icon-url\" href=\"http:\/\/www.tortosa.cat\"><img decoding=\"async\" class=\"vc-incubalia-4-icons__icon-image\" src=\"https:\/\/www.tortosaturisme.cat\/wp-content\/uploads\/2020\/03\/ajuntament-500x500-400x400.jpg\"><\/a><\/div><div class=\"vc-incubalia-4-icons__icon\"><a class=\"vc-incubalia-4-icons__icon-url\" href=\"http:\/\/www.tortosaturisme.cat\/fr\/\"><img decoding=\"async\" class=\"vc-incubalia-4-icons__icon-image\" src=\"https:\/\/www.tortosaturisme.cat\/wp-content\/uploads\/2018\/03\/logo-turisme-400-400x355.jpg\"><\/a><\/div><div class=\"vc-incubalia-4-icons__icon\"><a class=\"vc-incubalia-4-icons__icon-url\" href=\"\"><img decoding=\"async\" class=\"vc-incubalia-4-icons__icon-image\" src=\"\"><\/a><\/div><div class=\"vc-incubalia-4-icons__icon\"><a class=\"vc-incubalia-4-icons__icon-url\" href=\"\"><img decoding=\"async\" class=\"vc-incubalia-4-icons__icon-image\" src=\"\"><\/a><\/div><\/div>[\/vc_column][\/vc_row][vc_row][vc_column]<div class=\"vc-incubalia-image-3x2-centered\"><img decoding=\"async\" class=\"vc-incubalia-image-3x2-centered__mobile-picture\" src=\"https:\/\/www.tortosaturisme.cat\/wp-content\/uploads\/2025\/05\/Petit-next-gen.jpg\" alt=\"\"><img decoding=\"async\" class=\"vc-incubalia-image-3x2-centered__desktop-picture\" src=\"https:\/\/www.tortosaturisme.cat\/wp-content\/uploads\/2025\/05\/Next-gen-logos-petit.jpg\" alt=\"\"><\/div>[\/vc_column][\/vc_row]<\/p>\n","protected":false},"excerpt":{"rendered":"<p>[vc_row][vc_column][\/vc_column][\/vc_row][vc_row][vc_column][\/vc_column][\/vc_row][vc_row][vc_column][\/vc_column][\/vc_row][vc_row][vc_column][\/vc_column][\/vc_row][vc_row][vc_column][\/vc_column][\/vc_row][vc_row][vc_column][\/vc_column][\/vc_row][vc_row][vc_column][\/vc_column][\/vc_row]<\/p>\n","protected":false},"author":4,"featured_media":0,"parent":0,"menu_order":0,"comment_status":"closed","ping_status":"closed","template":"","meta":{"footnotes":""},"class_list":["post-38463","page","type-page","status-publish","hentry"],"acf":[],"yoast_head":"<!-- This site is optimized with the Yoast SEO plugin v27.4 - https:\/\/yoast.com\/product\/yoast-seo-wordpress\/ -->\n<title>recette vermicelles \u00e0 la c\u00f4te de porc - tortosaturisme<\/title>\n<meta name=\"robots\" content=\"index, follow, max-snippet:-1, max-image-preview:large, max-video-preview:-1\" \/>\n<link rel=\"canonical\" href=\"https:\/\/www.tortosaturisme.cat\/fr\/recette-vermicelles-a-la-cote-de-porc\/\" \/>\n<meta property=\"og:locale\" content=\"fr_FR\" \/>\n<meta property=\"og:type\" content=\"article\" \/>\n<meta property=\"og:title\" content=\"recette vermicelles \u00e0 la c\u00f4te de porc - tortosaturisme\" \/>\n<meta property=\"og:description\" content=\"[vc_row][vc_column][\/vc_column][\/vc_row][vc_row][vc_column][\/vc_column][\/vc_row][vc_row][vc_column][\/vc_column][\/vc_row][vc_row][vc_column][\/vc_column][\/vc_row][vc_row][vc_column][\/vc_column][\/vc_row][vc_row][vc_column][\/vc_column][\/vc_row][vc_row][vc_column][\/vc_column][\/vc_row]\" \/>\n<meta property=\"og:url\" content=\"https:\/\/www.tortosaturisme.cat\/fr\/recette-vermicelles-a-la-cote-de-porc\/\" \/>\n<meta property=\"og:site_name\" content=\"tortosaturisme\" \/>\n<meta property=\"article:modified_time\" content=\"2025-06-27T11:49:41+00:00\" \/>\n<meta name=\"twitter:card\" content=\"summary_large_image\" \/>\n<meta name=\"twitter:label1\" content=\"Dur\u00e9e de lecture estim\u00e9e\" \/>\n\t<meta name=\"twitter:data1\" content=\"2 minutes\" \/>\n<script type=\"application\/ld+json\" class=\"yoast-schema-graph\">{\"@context\":\"https:\\\/\\\/schema.org\",\"@graph\":[{\"@type\":\"WebPage\",\"@id\":\"https:\\\/\\\/www.tortosaturisme.cat\\\/fr\\\/recette-vermicelles-a-la-cote-de-porc\\\/\",\"url\":\"https:\\\/\\\/www.tortosaturisme.cat\\\/fr\\\/recette-vermicelles-a-la-cote-de-porc\\\/\",\"name\":\"recette vermicelles \u00e0 la c\u00f4te de porc - tortosaturisme\",\"isPartOf\":{\"@id\":\"https:\\\/\\\/www.tortosaturisme.cat\\\/fr\\\/#website\"},\"datePublished\":\"2025-06-03T11:49:20+00:00\",\"dateModified\":\"2025-06-27T11:49:41+00:00\",\"breadcrumb\":{\"@id\":\"https:\\\/\\\/www.tortosaturisme.cat\\\/fr\\\/recette-vermicelles-a-la-cote-de-porc\\\/#breadcrumb\"},\"inLanguage\":\"fr-FR\",\"potentialAction\":[{\"@type\":\"ReadAction\",\"target\":[\"https:\\\/\\\/www.tortosaturisme.cat\\\/fr\\\/recette-vermicelles-a-la-cote-de-porc\\\/\"]}]},{\"@type\":\"BreadcrumbList\",\"@id\":\"https:\\\/\\\/www.tortosaturisme.cat\\\/fr\\\/recette-vermicelles-a-la-cote-de-porc\\\/#breadcrumb\",\"itemListElement\":[{\"@type\":\"ListItem\",\"position\":1,\"name\":\"Home\",\"item\":\"https:\\\/\\\/www.tortosaturisme.cat\\\/fr\\\/home-page\\\/\"},{\"@type\":\"ListItem\",\"position\":2,\"name\":\"recette vermicelles \u00e0 la c\u00f4te de porc\"}]},{\"@type\":\"WebSite\",\"@id\":\"https:\\\/\\\/www.tortosaturisme.cat\\\/fr\\\/#website\",\"url\":\"https:\\\/\\\/www.tortosaturisme.cat\\\/fr\\\/\",\"name\":\"tortosaturisme\",\"description\":\"Otro sitio realizado con WordPress\",\"potentialAction\":[{\"@type\":\"SearchAction\",\"target\":{\"@type\":\"EntryPoint\",\"urlTemplate\":\"https:\\\/\\\/www.tortosaturisme.cat\\\/fr\\\/?s={search_term_string}\"},\"query-input\":{\"@type\":\"PropertyValueSpecification\",\"valueRequired\":true,\"valueName\":\"search_term_string\"}}],\"inLanguage\":\"fr-FR\"}]}<\/script>\n<!-- \/ Yoast SEO plugin. -->","yoast_head_json":{"title":"recette vermicelles \u00e0 la c\u00f4te de porc - tortosaturisme","robots":{"index":"index","follow":"follow","max-snippet":"max-snippet:-1","max-image-preview":"max-image-preview:large","max-video-preview":"max-video-preview:-1"},"canonical":"https:\/\/www.tortosaturisme.cat\/fr\/recette-vermicelles-a-la-cote-de-porc\/","og_locale":"fr_FR","og_type":"article","og_title":"recette vermicelles \u00e0 la c\u00f4te de porc - tortosaturisme","og_description":"[vc_row][vc_column][\/vc_column][\/vc_row][vc_row][vc_column][\/vc_column][\/vc_row][vc_row][vc_column][\/vc_column][\/vc_row][vc_row][vc_column][\/vc_column][\/vc_row][vc_row][vc_column][\/vc_column][\/vc_row][vc_row][vc_column][\/vc_column][\/vc_row][vc_row][vc_column][\/vc_column][\/vc_row]","og_url":"https:\/\/www.tortosaturisme.cat\/fr\/recette-vermicelles-a-la-cote-de-porc\/","og_site_name":"tortosaturisme","article_modified_time":"2025-06-27T11:49:41+00:00","twitter_card":"summary_large_image","twitter_misc":{"Dur\u00e9e de lecture estim\u00e9e":"2 minutes"},"schema":{"@context":"https:\/\/schema.org","@graph":[{"@type":"WebPage","@id":"https:\/\/www.tortosaturisme.cat\/fr\/recette-vermicelles-a-la-cote-de-porc\/","url":"https:\/\/www.tortosaturisme.cat\/fr\/recette-vermicelles-a-la-cote-de-porc\/","name":"recette vermicelles \u00e0 la c\u00f4te de porc - tortosaturisme","isPartOf":{"@id":"https:\/\/www.tortosaturisme.cat\/fr\/#website"},"datePublished":"2025-06-03T11:49:20+00:00","dateModified":"2025-06-27T11:49:41+00:00","breadcrumb":{"@id":"https:\/\/www.tortosaturisme.cat\/fr\/recette-vermicelles-a-la-cote-de-porc\/#breadcrumb"},"inLanguage":"fr-FR","potentialAction":[{"@type":"ReadAction","target":["https:\/\/www.tortosaturisme.cat\/fr\/recette-vermicelles-a-la-cote-de-porc\/"]}]},{"@type":"BreadcrumbList","@id":"https:\/\/www.tortosaturisme.cat\/fr\/recette-vermicelles-a-la-cote-de-porc\/#breadcrumb","itemListElement":[{"@type":"ListItem","position":1,"name":"Home","item":"https:\/\/www.tortosaturisme.cat\/fr\/home-page\/"},{"@type":"ListItem","position":2,"name":"recette vermicelles \u00e0 la c\u00f4te de porc"}]},{"@type":"WebSite","@id":"https:\/\/www.tortosaturisme.cat\/fr\/#website","url":"https:\/\/www.tortosaturisme.cat\/fr\/","name":"tortosaturisme","description":"Otro sitio realizado con WordPress","potentialAction":[{"@type":"SearchAction","target":{"@type":"EntryPoint","urlTemplate":"https:\/\/www.tortosaturisme.cat\/fr\/?s={search_term_string}"},"query-input":{"@type":"PropertyValueSpecification","valueRequired":true,"valueName":"search_term_string"}}],"inLanguage":"fr-FR"}]}},"_links":{"self":[{"href":"https:\/\/www.tortosaturisme.cat\/fr\/wp-json\/wp\/v2\/pages\/38463","targetHints":{"allow":["GET"]}}],"collection":[{"href":"https:\/\/www.tortosaturisme.cat\/fr\/wp-json\/wp\/v2\/pages"}],"about":[{"href":"https:\/\/www.tortosaturisme.cat\/fr\/wp-json\/wp\/v2\/types\/page"}],"author":[{"embeddable":true,"href":"https:\/\/www.tortosaturisme.cat\/fr\/wp-json\/wp\/v2\/users\/4"}],"replies":[{"embeddable":true,"href":"https:\/\/www.tortosaturisme.cat\/fr\/wp-json\/wp\/v2\/comments?post=38463"}],"version-history":[{"count":6,"href":"https:\/\/www.tortosaturisme.cat\/fr\/wp-json\/wp\/v2\/pages\/38463\/revisions"}],"predecessor-version":[{"id":38797,"href":"https:\/\/www.tortosaturisme.cat\/fr\/wp-json\/wp\/v2\/pages\/38463\/revisions\/38797"}],"wp:attachment":[{"href":"https:\/\/www.tortosaturisme.cat\/fr\/wp-json\/wp\/v2\/media?parent=38463"}],"curies":[{"name":"wp","href":"https:\/\/api.w.org\/{rel}","templated":true}]}}