{"id":4297,"date":"2018-02-11T18:01:17","date_gmt":"2018-02-11T18:01:17","guid":{"rendered":"http:\/\/tortosaturisme-preprod.incubaliadev.com\/fr\/mes-a-mes\/"},"modified":"2020-11-06T12:08:53","modified_gmt":"2020-11-06T12:08:53","slug":"tortosa-mois-par-mois","status":"publish","type":"page","link":"https:\/\/www.tortosaturisme.cat\/fr\/tortosa-mois-par-mois\/","title":{"rendered":"Tortosa, mois par mois"},"content":{"rendered":"<p>[vc_row][vc_column]<div class=\"vc-incubalia-big-header\"><h1 class=\"vc-incubalia-big-header__title\">Tortosa, mois par mois<\/h1><img decoding=\"async\" class=\"vc-incubalia-big-header__mobile-picture\" src=\"https:\/\/www.tortosaturisme.cat\/wp-content\/uploads\/2018\/02\/1-mes-a-mes-mb.jpg\">\n                  <img decoding=\"async\" class=\"vc-incubalia-big-header__desktop-picture\" src=\"https:\/\/www.tortosaturisme.cat\/wp-content\/uploads\/2018\/02\/1-mes-a-mes-ds.jpg\"><\/div><div class=\"vc-incubalia-text-1-column-subtitle\"><h2 class=\"vc-incubalia-text-1-column-subtitle__title\">Janvier<\/h2><div class=\"vc-incubalia-text-1-column-subtitle__text\">&nbsp;<\/p><br \/>\n<p lang=\"fr-FR\" style=\"text-align: center;\" align=\"justify\">Apr\u00e8s le r\u00e9veillon du Nouvel An, Tortosa c\u00e9l\u00e8bre la nuit la plus magique de l&rsquo;ann\u00e9e pour de nombreux enfants, le 5 janvier, avec une grande <strong>procession de Rois Mages<\/strong> comme les protagonistes, en plus de leurs majest\u00e9s, de nombreux personnages de l&rsquo;histoire. Pour les amateurs de <strong>Cr\u00e8ches<\/strong>, J\u00e9sus est expos\u00e9 d&rsquo;une fa\u00e7on immense et vivante, ainsi qu&rsquo;une exposition de dioramas et cr\u00e8ches dans la crypte de la R\u00e9paration de Tortosa. Pour \u00e9vincer les derniers jours des vacances des plus petits, <strong>No\u00ebl Jeune<\/strong> est organis\u00e9, avec de nombreuses activit\u00e9s qui leur sont destin\u00e9es, ainsi qu&rsquo;une <strong>patinoire<\/strong> au milieu de la place de la Mairie.<\/p><br \/>\n<p><\/div><\/div>[\/vc_column][\/vc_row][vc_row][vc_column]<div class=\"vc-incubalia-text-image-full\"><div class=\"vc-incubalia-text-image-full__image-container\"><img decoding=\"async\" class=\"vc-incubalia-text-image-full__image-mobile\" alt=\"\" src=\"https:\/\/www.tortosaturisme.cat\/wp-content\/uploads\/2018\/02\/2-mes-a-mes-mb.jpg\"><img decoding=\"async\" class=\"vc-incubalia-text-image-full__image-desktop\" alt=\"\" src=\"https:\/\/www.tortosaturisme.cat\/wp-content\/uploads\/2018\/02\/2-mes-a-mes-ds.jpg\"><h2 class=\"vc-incubalia-text-image-full__title\">F\u00e9vrier<\/h2><i class=\"arrow-down\"><\/i><\/div><div class=\"vc-incubalia-text-image-full__text-container\"><div class=\"vc-incubalia-text-image-full__text\">&nbsp;<\/p><br \/>\n<p lang=\"fr-FR\" style=\"text-align: center;\">Pendant le mois de f\u00e9vrier, dans le pavillon de la foire se tient <strong>TortosAntic<\/strong>, la foire aux antiquit\u00e9s et d\u00e9charg\u00e9es, une excellente occasion de localiser des pi\u00e8ces de valeur pleines de charme, des petits objets aux meubles d&rsquo;il y a un si\u00e8cle. Toujours en f\u00e9vrier, au <strong>Mus\u00e9e de Tortosa<\/strong>, nous trouverons les \u0153uvres du Prix de <strong>Peinture Francesc Gimeno<\/strong>, qui nous permet de conna\u00eetre de pr\u00e8s le panorama pictural le plus actuel. Tortosa c\u00e9l\u00e8bre l&rsquo;arriv\u00e9e du <strong>Carnaval<\/strong> avec un d\u00e9fil\u00e9 populaire dans l&rsquo;ermitage de Mig Cam\u00ed le jeudi gras. Quand le Carnestoltes (personnage du Carnaval) arrive, le peuple de J\u00e9sus organise un d\u00e9fil\u00e9 de costumes et une danse de masque. Fin f\u00e9vrier, Jes\u00fas c\u00e9l\u00e8bre \u00e9galement l&rsquo;excellente <strong>Foire \u00e0 l&rsquo;huile<\/strong> et une route des tapas que les \u00e9tablissements ont pr\u00e9par\u00e9es sp\u00e9cialement pour l&rsquo;occasion.<\/p><br \/>\n<p><\/div><\/div><\/div><div class=\"vc-incubalia-text-image-full\"><div class=\"vc-incubalia-text-image-full__image-container\"><img decoding=\"async\" class=\"vc-incubalia-text-image-full__image-mobile\" alt=\"\" src=\"https:\/\/www.tortosaturisme.cat\/wp-content\/uploads\/2020\/02\/O7I7958_768x350.jpg\"><img decoding=\"async\" class=\"vc-incubalia-text-image-full__image-desktop\" alt=\"\" src=\"https:\/\/www.tortosaturisme.cat\/wp-content\/uploads\/2020\/02\/O7I7958_1920_550.jpg\"><h2 class=\"vc-incubalia-text-image-full__title\">Mars<\/h2><i class=\"arrow-down\"><\/i><\/div><div class=\"vc-incubalia-text-image-full__text-container\"><div class=\"vc-incubalia-text-image-full__text\">&nbsp;<\/p><br \/>\n<p lang=\"fr-FR\" style=\"text-align: center;\">L&rsquo;<strong>Auditorium Felip Pedrell<\/strong> accueille un large \u00e9ventail de programmes de th\u00e9\u00e2tre, de danse et de cirque tout au long de l&rsquo;ann\u00e9e, ainsi que des propositions le dimanche pour les plus petits de la maison. Tous les <strong>troisi\u00e8mes samedis<\/strong> du mois dans le quartier des Ferreries un<strong> march\u00e9 avec une grande vari\u00e9t\u00e9 d&rsquo;antiquit\u00e9s<\/strong> est organis\u00e9, dans un rendez-vous incontournable pour les amoureux du collectionnisme. La ville accueille \u00e9galement, le premier samedi du mois, une rencontre d&rsquo;artistes et d&rsquo;artisans, o\u00f9 vous pourrez trouver des peintures, des bijoux, de la d\u00e9coration et toutes sortes de cr\u00e9ations artisanales. Tr\u00e8s important, dans le domaine de la gastronomie, est le salon <strong>Festast<\/strong>, qui se tient tous les deux ans avec un grand nombre d&rsquo;exposants et de showcookings. En outre, \u00e0 la fin du mois de mars, les jours de r\u00e9cr\u00e9ation historique sont c\u00e9l\u00e9br\u00e9s dans le Si\u00e8ge de Tortosa, qui revit les derniers jours de la r\u00e9sistance de la ville pendant le conflit de la Guerre de Succession d&rsquo;Espagne.<\/p><br \/>\n<p><\/div><\/div><\/div><div class=\"vc-incubalia-text-image-full\"><div class=\"vc-incubalia-text-image-full__image-container\"><img decoding=\"async\" class=\"vc-incubalia-text-image-full__image-mobile\" alt=\"\" src=\"https:\/\/www.tortosaturisme.cat\/wp-content\/uploads\/2018\/02\/4-mes-a-mes-mb.jpg\"><img decoding=\"async\" class=\"vc-incubalia-text-image-full__image-desktop\" alt=\"\" src=\"https:\/\/www.tortosaturisme.cat\/wp-content\/uploads\/2018\/02\/4-mes-a-mes-ds.jpg\"><h2 class=\"vc-incubalia-text-image-full__title\">Avril<\/h2><i class=\"arrow-down\"><\/i><\/div><div class=\"vc-incubalia-text-image-full__text-container\"><div class=\"vc-incubalia-text-image-full__text\">&nbsp;<\/p><br \/>\n<p lang=\"fr-FR\" style=\"text-align: center;\">La <strong>Semaine Sainte<\/strong> est tr\u00e8s importante dans la ville, avec des processions bond\u00e9es telles que la Passion ou le Silence, qui a lieu \u00e0 minuit. Li\u00e9 \u00e0 ces jours, vous pouvez \u00e9galement profiter des <strong>Journ\u00e9es Gastronomiques Abadejo<\/strong> (la morue). Au cours de ce mois, se tient le <strong>Festival d&rsquo;Anglais de Tortosa<\/strong>, avec des activit\u00e9s ouvertes \u00e0 tous o\u00f9 seul l&rsquo;anglais peut \u00eatre parl\u00e9. Dans le domaine de la culture, Jes\u00fas accueille, quelques jours avant Saint-Jordi, la foire Joan Cid i Mulet, avec des pr\u00e9sentations de livres et des propositions litt\u00e9raires. La<strong> Saint-Jordi<\/strong> est \u00e9galement tr\u00e8s attachante dans la ville, car le beau temps printanier fait de Tortosa un endroit id\u00e9al pour se promener et profiter.<\/p><br \/>\n<p><\/div><\/div><\/div><div class=\"vc-incubalia-text-image-full\"><div class=\"vc-incubalia-text-image-full__image-container\"><img decoding=\"async\" class=\"vc-incubalia-text-image-full__image-mobile\" alt=\"\" src=\"https:\/\/www.tortosaturisme.cat\/wp-content\/uploads\/2018\/02\/5-mes-a-mes-mb.jpg\"><img decoding=\"async\" class=\"vc-incubalia-text-image-full__image-desktop\" alt=\"\" src=\"https:\/\/www.tortosaturisme.cat\/wp-content\/uploads\/2018\/02\/5-mes-a-mes-ds.jpg\"><h2 class=\"vc-incubalia-text-image-full__title\">Mai<\/h2><i class=\"arrow-down\"><\/i><\/div><div class=\"vc-incubalia-text-image-full__text-container\"><div class=\"vc-incubalia-text-image-full__text\"><\/p><br \/>\n<p style=\"text-align: center;\"><br \/>\n<p lang=\"fr-FR\" style=\"text-align: center;\">Fin avril ou d\u00e9but mai, Tortosa devient la capitale internationale du cin\u00e9ma touristique et durable avec le <strong>Festival Terres Catalunya<\/strong>, une proposition puissante avec des congr\u00e8s d&rsquo;experts et des projections audiovisuelles. Le premier week-end de mai se d\u00e9roule dans la ville d&rsquo;<strong>Expoebre<\/strong>, une foire multisectorielle avec entr\u00e9e gratuite situ\u00e9e dans le pavillon du salon. \u00c0 la fin du mois, la ville rejoint la <strong>Nuit des Mus\u00e9es<\/strong>, avec des soir\u00e9es sp\u00e9ciales.<\/p><br \/>\n<p><\/div><\/div><\/div><div class=\"vc-incubalia-text-image-full\"><div class=\"vc-incubalia-text-image-full__image-container\"><img decoding=\"async\" class=\"vc-incubalia-text-image-full__image-mobile\" alt=\"\" src=\"https:\/\/www.tortosaturisme.cat\/wp-content\/uploads\/2018\/02\/Nomad-768x350.jpg\"><img decoding=\"async\" class=\"vc-incubalia-text-image-full__image-desktop\" alt=\"\" src=\"https:\/\/www.tortosaturisme.cat\/wp-content\/uploads\/2018\/02\/Nomad-1920x550.jpg\"><h2 class=\"vc-incubalia-text-image-full__title\">Juin<\/h2><i class=\"arrow-down\"><\/i><\/div><div class=\"vc-incubalia-text-image-full__text-container\"><div class=\"vc-incubalia-text-image-full__text\"><\/p><br \/>\n<p style=\"text-align: center;\"><br \/>\n<p lang=\"fr-FR\" style=\"text-align: center;\">Avec l&rsquo;arriv\u00e9e du beau temps, c&rsquo;est un plaisir de se promener et de profiter des activit\u00e9s de plein air. Une proposition qui allie gastronomie et musique est le <strong>Nomad Festival<\/strong>, avec une dizaine de food trucks avec de la nourriture de toutes sortes au milieu du parc municipal. Autour de<strong> Sant Joan<\/strong>, la nuit la plus magique de l&rsquo;ann\u00e9e, le quartier de Ferreries et la ville d&rsquo;<strong>Els Reguers<\/strong> vivent leurs festivit\u00e9s. De son c\u00f4t\u00e9, <strong>Campred\u00f3<\/strong> accueille le salon du luthier <strong>Mestr\u00e0lia<\/strong> \u00e0 la fin du mois, un espace unique o\u00f9 l&rsquo;on peut trouver des instruments et des cr\u00e9ations artisanales.<\/p><br \/>\n<p><\/div><\/div><\/div><div class=\"vc-incubalia-text-image-full\"><div class=\"vc-incubalia-text-image-full__image-container\"><img decoding=\"async\" class=\"vc-incubalia-text-image-full__image-mobile\" alt=\"\" src=\"https:\/\/www.tortosaturisme.cat\/wp-content\/uploads\/2018\/02\/7-mes-a-mes-mb-1.jpg\"><img decoding=\"async\" class=\"vc-incubalia-text-image-full__image-desktop\" alt=\"\" src=\"https:\/\/www.tortosaturisme.cat\/wp-content\/uploads\/2018\/02\/7-mes-a-mes-ds-1.jpg\"><h2 class=\"vc-incubalia-text-image-full__title\">Juillet<\/h2><i class=\"arrow-down\"><\/i><\/div><div class=\"vc-incubalia-text-image-full__text-container\"><div class=\"vc-incubalia-text-image-full__text\">&nbsp;<\/p><br \/>\n<p lang=\"fr-FR\" style=\"text-align: center;\">L&rsquo;\u00e9t\u00e9 \u00e0 <strong>Tortosa<\/strong> commence \u00e0 partir de l&rsquo;un des principaux \u00e9v\u00e9nements culturels de la ville, le <strong>Jazz Show<\/strong>, avec d&rsquo;excellentes propositions pour profiter de concerts et de d\u00eeners en plein air avec musique live. La troisi\u00e8me semaine de juillet commence la <strong>F\u00eate de la Renaissance<\/strong>, une r\u00e9cr\u00e9ation historique qui se d\u00e9roule au XVIe si\u00e8cle et qui est devenue une r\u00e9f\u00e9rence dans ce type de festival. Toute la ville est orn\u00e9e et voyage cinq si\u00e8cles en arri\u00e8re dans un <strong>\u00e9v\u00e9nement unique<\/strong> qui re\u00e7oit des visiteurs de toute l&rsquo;Europe. Essentiel.<\/p><br \/>\n<p><\/div><\/div><\/div><div class=\"vc-incubalia-text-image-full\"><div class=\"vc-incubalia-text-image-full__image-container\"><img decoding=\"async\" class=\"vc-incubalia-text-image-full__image-mobile\" alt=\"\" src=\"https:\/\/www.tortosaturisme.cat\/wp-content\/uploads\/2018\/02\/8-mes-a-mes-mb.jpg\"><img decoding=\"async\" class=\"vc-incubalia-text-image-full__image-desktop\" alt=\"\" src=\"https:\/\/www.tortosaturisme.cat\/wp-content\/uploads\/2018\/02\/8-mes-a-mes-ds.jpg\"><h2 class=\"vc-incubalia-text-image-full__title\">Ao\u00fbt<\/h2><i class=\"arrow-down\"><\/i><\/div><div class=\"vc-incubalia-text-image-full__text-container\"><div class=\"vc-incubalia-text-image-full__text\">&nbsp;<\/p><br \/>\n<p lang=\"fr-FR\" style=\"text-align: center;\">Pour les amateurs de folklore populaire, une<strong> journ\u00e9e g\u00e9ante<\/strong> est c\u00e9l\u00e9br\u00e9e fin ao\u00fbt, avec la traditionnelle plant\u00e9e dans le parc municipal et un d\u00e9fil\u00e9 avec les trois couples de g\u00e9ants de la ville (chr\u00e9tiens, juifs et arabes) et le bestiaire folklorique. \u00c0 la fin de ce mois, avec le beau temps, les concerts du <strong>Festival<\/strong> <strong>EbreMusik<\/strong> ont \u00e9galement lieu.<\/p><br \/>\n<p><\/div><\/div><\/div><div class=\"vc-incubalia-text-image-full\"><div class=\"vc-incubalia-text-image-full__image-container\"><img decoding=\"async\" class=\"vc-incubalia-text-image-full__image-mobile\" alt=\"\" src=\"https:\/\/www.tortosaturisme.cat\/wp-content\/uploads\/2018\/02\/9-mes-a-mes-mb.jpg\"><img decoding=\"async\" class=\"vc-incubalia-text-image-full__image-desktop\" alt=\"\" src=\"https:\/\/www.tortosaturisme.cat\/wp-content\/uploads\/2018\/02\/9-mes-a-mes-ds.jpg\"><h2 class=\"vc-incubalia-text-image-full__title\">Septembre<\/h2><i class=\"arrow-down\"><\/i><\/div><div class=\"vc-incubalia-text-image-full__text-container\"><div class=\"vc-incubalia-text-image-full__text\">&nbsp;<\/p><br \/>\n<p lang=\"fr-FR\" style=\"text-align: center;\">Le premier week-end de septembre, Tortosa c\u00e9l\u00e8bre ses <strong>grandes festivit\u00e9s<\/strong> en l&rsquo;honneur de la sainte patronne, la Vierge de la Cinta. Pendant ces jours, la ville combine des concerts exceptionnels par d&rsquo;importants groupes de musique dans le parc et des activit\u00e9s festives avec une section d\u00e9di\u00e9e aux \u00e9v\u00e9nements traditionnels, comme l&rsquo;offrande ou une procession \u00e9motionnelle. Ensuite, le village de<strong> B\u00edtem<\/strong> c\u00e9l\u00e8bre \u00e9galement ses grandes f\u00eates. En un demi-mois, vous pourrez profiter d\u2019<strong>EbreBeer<\/strong>, le plus important salon de la bi\u00e8re artisanale des <strong>Terres de l\u2019\u00c8bre<\/strong>.<\/p><br \/>\n<p><\/div><\/div><\/div><div class=\"vc-incubalia-text-image-full\"><div class=\"vc-incubalia-text-image-full__image-container\"><img decoding=\"async\" class=\"vc-incubalia-text-image-full__image-mobile\" alt=\"\" src=\"https:\/\/www.tortosaturisme.cat\/wp-content\/uploads\/2018\/02\/10-mes-a-mes-mb.jpg\"><img decoding=\"async\" class=\"vc-incubalia-text-image-full__image-desktop\" alt=\"\" src=\"https:\/\/www.tortosaturisme.cat\/wp-content\/uploads\/2018\/02\/10-mes-a-mes-dw.jpg\"><h2 class=\"vc-incubalia-text-image-full__title\">Octobre<\/h2><i class=\"arrow-down\"><\/i><\/div><div class=\"vc-incubalia-text-image-full__text-container\"><div class=\"vc-incubalia-text-image-full__text\"><\/p><br \/>\n<p style=\"text-align: center;\"><br \/>\n<p lang=\"fr-FR\" style=\"text-align: center;\">Pour maximiser les derniers jours de lumi\u00e8re et de temp\u00e9ratures douces, il y a deux propositions en octobre qui peuvent \u00eatre combin\u00e9es et r\u00e9alis\u00e9es en m\u00eame temps: d&rsquo;une part, participer au <strong>Festival A Cel Obert<\/strong>, en visitant les cours monumentales de la ville concern\u00e9e artistiquement; de l\u2019autre, faire la <strong>route des tapas<\/strong> de la ville, avec une trentaine de d\u00e9licieuses propositions. D&rsquo;\u00e9tablissement en \u00e9tablissement et de cour en cour ! <strong>B\u00edtem<\/strong> c\u00e9l\u00e8bre ce mois-ci la <strong>Foire de la Cl\u00e9mentine<\/strong>, avec des activit\u00e9s li\u00e9es \u00e0 la production et \u00e0 l&rsquo;\u00e9laboration de cet agrume si caract\u00e9ristique de la population.<\/p><br \/>\n<p><\/div><\/div><\/div><div class=\"vc-incubalia-text-image-full\"><div class=\"vc-incubalia-text-image-full__image-container\"><img decoding=\"async\" class=\"vc-incubalia-text-image-full__image-mobile\" alt=\"\" src=\"https:\/\/www.tortosaturisme.cat\/wp-content\/uploads\/2018\/02\/11-mes-a-mes-mb.jpg\"><img decoding=\"async\" class=\"vc-incubalia-text-image-full__image-desktop\" alt=\"\" src=\"https:\/\/www.tortosaturisme.cat\/wp-content\/uploads\/2018\/02\/11-mes-a-mes-ds.jpg\"><h2 class=\"vc-incubalia-text-image-full__title\">Novembre<\/h2><i class=\"arrow-down\"><\/i><\/div><div class=\"vc-incubalia-text-image-full__text-container\"><div class=\"vc-incubalia-text-image-full__text\">&nbsp;<\/p><br \/>\n<p lang=\"fr-FR\" style=\"text-align: center;\">Avec l&rsquo;automne arrivent les <strong>champignons<\/strong>, et autour du Parc Naturel d&rsquo;<strong>Els Ports<\/strong>, il y a de nombreux fans qui passent de longues journ\u00e9es \u00e0 remplir un bon panier. La ville d&rsquo;<strong>Els Reguers<\/strong> c\u00e9l\u00e8bre la <strong>Fira del Rovell\u00f3<\/strong>, le champignon vedette de ces r\u00e9gions, avec des d\u00e9gustations gastronomiques et des spectacles musicaux. Pendant le mois de la ville, deux \u00e9v\u00e9nements importants dans le domaine de la culture sont \u00e9galement organis\u00e9s: d&rsquo;une part, le <strong>Pedrell Music Festival<\/strong>, avec des propositions allant des op\u00e9ras de Mozart aux concerts de de la musique classique aux cr\u00e9ations contemporaines; de l&rsquo;autre, les <strong>Journ\u00e9es du Patrimoine Litt\u00e9raire Ebrenc<\/strong> de la Biblioth\u00e8que Marcel\u00b7l\u00ed Domingo, avec une puissante semaine d&rsquo;\u00e9changes avec des \u00e9crivains, des journalistes et des cr\u00e9ateurs consacr\u00e9s chaque ann\u00e9e \u00e0 un th\u00e8me. La <strong>Fira de Sant Eloi<\/strong> a lieu dans le quartier de\u00a0<strong>Ferreries<\/strong>, avec l&rsquo;artisanat, le commerce, la musique et la danse.<\/p><br \/>\n<p><\/div><\/div><\/div><div class=\"vc-incubalia-text-image-full\"><div class=\"vc-incubalia-text-image-full__image-container\"><img decoding=\"async\" class=\"vc-incubalia-text-image-full__image-mobile\" alt=\"\" src=\"https:\/\/www.tortosaturisme.cat\/wp-content\/uploads\/2018\/02\/12-mes-a-mes-mb.jpg\"><img decoding=\"async\" class=\"vc-incubalia-text-image-full__image-desktop\" alt=\"\" src=\"https:\/\/www.tortosaturisme.cat\/wp-content\/uploads\/2018\/02\/12-mes-a-mes-ds.jpg\"><h2 class=\"vc-incubalia-text-image-full__title\">D\u00e9cembre<\/h2><i class=\"arrow-down\"><\/i><\/div><div class=\"vc-incubalia-text-image-full__text-container\"><div class=\"vc-incubalia-text-image-full__text\">&nbsp;<\/p><br \/>\n<p lang=\"fr-FR\" style=\"text-align: center;\">Le froid arrive, d\u00e9cembre\u2026 Et donc <strong>No\u00ebl<\/strong>. Durant ce mois, la ville se pare de lumi\u00e8res et d&rsquo;une ambiance de No\u00ebl pour se promener et faire du shopping dans les rues pleines de charme. De plus, la vieille ville accueille une <strong>foire de No\u00ebl<\/strong> pour retrouver toutes les d\u00e9corations de No\u00ebl et de nombreuses cr\u00e9ations artisanales. Une patinoire s&rsquo;ouvre sur la place de la Mairie qui ravit les enfants de la ville, ainsi qu&rsquo;un grand espace plein d&rsquo;activit\u00e9s pour eux pendant les vacances, dans le pavillon du salon, avec <strong>No\u00ebl Jeune<\/strong>.<\/p><br \/>\n<p><\/div><\/div><\/div>[\/vc_column][\/vc_row][vc_row][vc_column]<div class=\"vc-incubalia-5-cards\"><h2 class=\"vc-incubalia-5-cards__title\">\u00c0 ne pas manquer<\/h2><div class=\"vc-incubalia-5-cards__card card-1 has-url\"><a href=\" \/tortosa-en-un-dia\"><img decoding=\"async\" class=\"vc-incubalia-5-cards__card-mobile-picture\" src=\"https:\/\/www.tortosaturisme.cat\/wp-content\/uploads\/2018\/02\/B-tortosa-en-un-dia-640x460.jpg\">\n                      <img decoding=\"async\" class=\"vc-incubalia-5-cards__card-desktop-picture\" src=\"https:\/\/www.tortosaturisme.cat\/wp-content\/uploads\/2018\/02\/B-tortosa-en-un-dia.jpg\"><\/a><div class=\"vc-incubalia-5-cards__card-text-container\"><p class=\"vc-incubalia-5-cards__card-title\">Tortosa en une journ\u00e9e<\/p><\/div><div class=\"vc-incubalia-5-cards__card-url-container\"><span class=\"vc-incubalia-5-cards__card-url\">Lire la suite<\/span><\/div><\/div><div class=\"vc-incubalia-5-cards__card card-2 has-url\"><a href=\"\/la-via-verda\/\"><img decoding=\"async\" class=\"vc-incubalia-5-cards__card-mobile-picture\" src=\"https:\/\/www.tortosaturisme.cat\/wp-content\/uploads\/2018\/02\/B-via-verda-640x460.jpg\">\n                      <img decoding=\"async\" class=\"vc-incubalia-5-cards__card-desktop-picture\" src=\"https:\/\/www.tortosaturisme.cat\/wp-content\/uploads\/2018\/02\/B-via-verda-640x460.jpg\"><\/a><div class=\"vc-incubalia-5-cards__card-text-container\"><p class=\"vc-incubalia-5-cards__card-title\">La Voie Verte<\/p><p class=\"vc-incubalia-5-cards__card-subtitle\">Avec le d\u00e9part depuis Tortosa, traversez les Terres de l'\u00c8bre<\/p><\/div><div class=\"vc-incubalia-5-cards__card-url-container\"><span class=\"vc-incubalia-5-cards__card-url\">Lire la suite<\/span><\/div><\/div><div class=\"vc-incubalia-5-cards__card-3-and-4-container\"><div class=\"vc-incubalia-5-cards__card card-3 has-url\"><a href=\"\/els-10-imperdibles\/\"><img decoding=\"async\" class=\"vc-incubalia-5-cards__card-mobile-picture\" src=\"https:\/\/www.tortosaturisme.cat\/wp-content\/uploads\/2018\/02\/B-10-imp-640x460.jpg\">\n                      <img decoding=\"async\" class=\"vc-incubalia-5-cards__card-desktop-picture\" src=\"https:\/\/www.tortosaturisme.cat\/wp-content\/uploads\/2018\/02\/B-10-imp-640x460.jpg\"><\/a><div class=\"vc-incubalia-5-cards__card-text-container\"><p class=\"vc-incubalia-5-cards__card-title\">Les 10 incontournables<\/p><p class=\"vc-incubalia-5-cards__card-subtitle\">Les incontournables de votre visite<\/p><\/div><div class=\"vc-incubalia-5-cards__card-url-container\"><span class=\"vc-incubalia-5-cards__card-url\">Lire la suite<\/span><\/div><\/div><div class=\"vc-incubalia-5-cards__card card-4 has-url\"><a href=\"\/el-delta-de-lebre\/\"><img decoding=\"async\" class=\"vc-incubalia-5-cards__card-mobile-picture\" src=\"https:\/\/www.tortosaturisme.cat\/wp-content\/uploads\/2018\/02\/B-delta-ebre-e1560351224263-640x460.jpg\">\n                      <img decoding=\"async\" class=\"vc-incubalia-5-cards__card-desktop-picture\" src=\"https:\/\/www.tortosaturisme.cat\/wp-content\/uploads\/2018\/02\/B-delta-ebre-e1560351224263-640x460.jpg\"><\/a><div class=\"vc-incubalia-5-cards__card-text-container\"><p class=\"vc-incubalia-5-cards__card-title\">Le Delta de l'\u00c8bre<\/p><\/div><div class=\"vc-incubalia-5-cards__card-url-container\"><span class=\"vc-incubalia-5-cards__card-url\">Lire la suite<\/span><\/div><\/div><\/div><div class=\"vc-incubalia-5-cards__card card-5 has-url\"><a href=\"\/fr\/els-ports\/\"><img decoding=\"async\" class=\"vc-incubalia-5-cards__card-mobile-picture\" src=\"https:\/\/www.tortosaturisme.cat\/wp-content\/uploads\/2018\/02\/b-1280-parc-ports-640x460.jpg\">\n                      <img decoding=\"async\" class=\"vc-incubalia-5-cards__card-desktop-picture\" src=\"https:\/\/www.tortosaturisme.cat\/wp-content\/uploads\/2018\/02\/b-1280-parc-ports-640x449.jpg\"><\/a><div class=\"vc-incubalia-5-cards__card-text-container\"><p class=\"vc-incubalia-5-cards__card-title\">Le Parc Naturel d'Els Ports<\/p><\/div><div class=\"vc-incubalia-5-cards__card-url-container\"><span class=\"vc-incubalia-5-cards__card-url\">Lire la suite<\/span><\/div><\/div><\/div><div class=\"vc-incubalia-4-images\"><h2 class=\"vc-incubalia-4-images__title\">Vivez la ville et le territoire<\/h2><div class=\"vc-incubalia-4-images__image\"\"><img decoding=\"async\" src=\"https:\/\/www.tortosaturisme.cat\/wp-content\/uploads\/2018\/02\/B-experiencies.jpg\" alt=\"\"><div class=\"vc-incubalia-4-images__image-text-container\"><p class=\"vc-incubalia-4-images__image-title\">Exp\u00e9riences<\/p><p class=\"vc-incubalia-4-images__image-subtitle\">Activit\u00e9s culturelles, aventures, en groupe, pour toute la famille et, surtout, pour s'amuser !<\/p><\/div><div class=\"vc-incubalia-4-images__image-url-container\"><span class=\"vc-incubalia-4-images__image-url\">Lire la suite<\/span><\/div><\/div><div class=\"vc-incubalia-4-images__image\"\"><img decoding=\"async\" src=\"https:\/\/www.tortosaturisme.cat\/wp-content\/uploads\/2018\/02\/B-exp-aire-lliure.jpg\" alt=\"\"><div class=\"vc-incubalia-4-images__image-text-container\"><p class=\"vc-incubalia-4-images__image-title\">En plein air<\/p><p class=\"vc-incubalia-4-images__image-subtitle\">Excursions \u00e0 pied, en 4x4 ou \u00e0 v\u00e9lo.<\/p><\/div><div class=\"vc-incubalia-4-images__image-url-container\"><span class=\"vc-incubalia-4-images__image-url\">Lire la suite<\/span><\/div><\/div><div class=\"vc-incubalia-4-images__image\"\"><img decoding=\"async\" src=\"https:\/\/www.tortosaturisme.cat\/wp-content\/uploads\/2018\/02\/B-exp-piragua.jpg\" alt=\"\"><div class=\"vc-incubalia-4-images__image-text-container\"><p class=\"vc-incubalia-4-images__image-title\">Au fleuve<\/p><p class=\"vc-incubalia-4-images__image-subtitle\">Naviguez en luth ou explorez en cano\u00eb ou en kayak<\/p><\/div><div class=\"vc-incubalia-4-images__image-url-container\"><span class=\"vc-incubalia-4-images__image-url\">Lire la suite<\/span><\/div><\/div><div class=\"vc-incubalia-4-images__image\"\"><img decoding=\"async\" src=\"https:\/\/www.tortosaturisme.cat\/wp-content\/uploads\/2018\/02\/B-exp-nens.jpg\" alt=\"\"><div class=\"vc-incubalia-4-images__image-text-container\"><p class=\"vc-incubalia-4-images__image-title\">Avec des enfants<\/p><p class=\"vc-incubalia-4-images__image-subtitle\">Une visite inoubliable<\/p><\/div><div class=\"vc-incubalia-4-images__image-url-container\"><span class=\"vc-incubalia-4-images__image-url\">Lire la suite<\/span><\/div><\/div><\/div>[\/vc_column][\/vc_row][vc_row][vc_column]<div class=\"vc-incubalia-3-images\"><h2 class=\"vc-incubalia-3-images__title\">On vous propose<\/h2><div class=\"vc-incubalia-3-images__image\"><a href=\"\/una-escapa-de-cap-de-setmana\/\"><img decoding=\"async\" src=\"https:\/\/www.tortosaturisme.cat\/wp-content\/uploads\/2018\/02\/B-800-600-escapada-finde.jpg\" alt=\"\"><\/a><a href=\"\/una-escapa-de-cap-de-setmana\/\"><p class=\"vc-incubalia-3-images__image-title\">Une escapade id\u00e9ale<\/p><\/a><p class=\"vc-incubalia-3-images__image-subtitle\">Un week-end pour d\u00e9couvrir Tortosa et les Terres de l'\u00c8bre<\/p><\/div><div class=\"vc-incubalia-3-images__image\"><a href=\"\/la-cuina-de-les-terres-de-lebre\/\"><img decoding=\"async\" src=\"https:\/\/www.tortosaturisme.cat\/wp-content\/uploads\/2018\/02\/B-800-600-cuina.jpg\" alt=\"\"><\/a><a href=\"\/la-cuina-de-les-terres-de-lebre\/\"><p class=\"vc-incubalia-3-images__image-title\">La gastronomie<\/p><\/a><p class=\"vc-incubalia-3-images__image-subtitle\">D\u00e9couvrez une cuisine li\u00e9e \u00e0 la terre<\/p><\/div><div class=\"vc-incubalia-3-images__image\"><img decoding=\"async\" src=\"https:\/\/www.tortosaturisme.cat\/wp-content\/uploads\/2018\/02\/B-800-600-rutes.jpg\" alt=\"\"><p class=\"vc-incubalia-3-images__image-title\">Itin\u00e9raires<\/p><p class=\"vc-incubalia-3-images__image-subtitle\">Visitez la ville et plongez-vous dans son histoire<\/p><\/div><\/div>[\/vc_column][\/vc_row]<\/p>\n","protected":false},"excerpt":{"rendered":"<p>[vc_row][vc_column][\/vc_column][\/vc_row][vc_row][vc_column][\/vc_column][\/vc_row][vc_row][vc_column][\/vc_column][\/vc_row][vc_row][vc_column][\/vc_column][\/vc_row]<\/p>\n","protected":false},"author":2,"featured_media":0,"parent":0,"menu_order":348,"comment_status":"closed","ping_status":"closed","template":"","meta":{"footnotes":""},"class_list":["post-4297","page","type-page","status-publish","hentry"],"acf":[],"yoast_head":"<!-- This site is optimized with the Yoast SEO plugin v27.5 - https:\/\/yoast.com\/product\/yoast-seo-wordpress\/ -->\n<title>Tortosa, mois par mois - tortosaturisme<\/title>\n<meta name=\"robots\" content=\"index, follow, max-snippet:-1, max-image-preview:large, max-video-preview:-1\" \/>\n<link rel=\"canonical\" href=\"https:\/\/www.tortosaturisme.cat\/fr\/tortosa-mois-par-mois\/\" \/>\n<meta property=\"og:locale\" content=\"fr_FR\" \/>\n<meta property=\"og:type\" content=\"article\" \/>\n<meta property=\"og:title\" content=\"Tortosa, mois par mois - tortosaturisme\" \/>\n<meta property=\"og:description\" content=\"[vc_row][vc_column][\/vc_column][\/vc_row][vc_row][vc_column][\/vc_column][\/vc_row][vc_row][vc_column][\/vc_column][\/vc_row][vc_row][vc_column][\/vc_column][\/vc_row]\" \/>\n<meta property=\"og:url\" content=\"https:\/\/www.tortosaturisme.cat\/fr\/tortosa-mois-par-mois\/\" \/>\n<meta property=\"og:site_name\" content=\"tortosaturisme\" \/>\n<meta property=\"article:modified_time\" content=\"2020-11-06T12:08:53+00:00\" \/>\n<meta name=\"twitter:card\" content=\"summary_large_image\" \/>\n<meta name=\"twitter:label1\" content=\"Dur\u00e9e de lecture estim\u00e9e\" \/>\n\t<meta name=\"twitter:data1\" content=\"9 minutes\" \/>\n<script type=\"application\/ld+json\" class=\"yoast-schema-graph\">{\"@context\":\"https:\\\/\\\/schema.org\",\"@graph\":[{\"@type\":\"WebPage\",\"@id\":\"https:\\\/\\\/www.tortosaturisme.cat\\\/fr\\\/tortosa-mois-par-mois\\\/\",\"url\":\"https:\\\/\\\/www.tortosaturisme.cat\\\/fr\\\/tortosa-mois-par-mois\\\/\",\"name\":\"Tortosa, mois par mois - tortosaturisme\",\"isPartOf\":{\"@id\":\"https:\\\/\\\/www.tortosaturisme.cat\\\/fr\\\/#website\"},\"datePublished\":\"2018-02-11T18:01:17+00:00\",\"dateModified\":\"2020-11-06T12:08:53+00:00\",\"breadcrumb\":{\"@id\":\"https:\\\/\\\/www.tortosaturisme.cat\\\/fr\\\/tortosa-mois-par-mois\\\/#breadcrumb\"},\"inLanguage\":\"fr-FR\",\"potentialAction\":[{\"@type\":\"ReadAction\",\"target\":[\"https:\\\/\\\/www.tortosaturisme.cat\\\/fr\\\/tortosa-mois-par-mois\\\/\"]}]},{\"@type\":\"BreadcrumbList\",\"@id\":\"https:\\\/\\\/www.tortosaturisme.cat\\\/fr\\\/tortosa-mois-par-mois\\\/#breadcrumb\",\"itemListElement\":[{\"@type\":\"ListItem\",\"position\":1,\"name\":\"Home\",\"item\":\"https:\\\/\\\/www.tortosaturisme.cat\\\/fr\\\/home-page\\\/\"},{\"@type\":\"ListItem\",\"position\":2,\"name\":\"Tortosa, mois par mois\"}]},{\"@type\":\"WebSite\",\"@id\":\"https:\\\/\\\/www.tortosaturisme.cat\\\/fr\\\/#website\",\"url\":\"https:\\\/\\\/www.tortosaturisme.cat\\\/fr\\\/\",\"name\":\"tortosaturisme\",\"description\":\"Otro sitio realizado con WordPress\",\"potentialAction\":[{\"@type\":\"SearchAction\",\"target\":{\"@type\":\"EntryPoint\",\"urlTemplate\":\"https:\\\/\\\/www.tortosaturisme.cat\\\/fr\\\/?s={search_term_string}\"},\"query-input\":{\"@type\":\"PropertyValueSpecification\",\"valueRequired\":true,\"valueName\":\"search_term_string\"}}],\"inLanguage\":\"fr-FR\"}]}<\/script>\n<!-- \/ Yoast SEO plugin. -->","yoast_head_json":{"title":"Tortosa, mois par mois - tortosaturisme","robots":{"index":"index","follow":"follow","max-snippet":"max-snippet:-1","max-image-preview":"max-image-preview:large","max-video-preview":"max-video-preview:-1"},"canonical":"https:\/\/www.tortosaturisme.cat\/fr\/tortosa-mois-par-mois\/","og_locale":"fr_FR","og_type":"article","og_title":"Tortosa, mois par mois - tortosaturisme","og_description":"[vc_row][vc_column][\/vc_column][\/vc_row][vc_row][vc_column][\/vc_column][\/vc_row][vc_row][vc_column][\/vc_column][\/vc_row][vc_row][vc_column][\/vc_column][\/vc_row]","og_url":"https:\/\/www.tortosaturisme.cat\/fr\/tortosa-mois-par-mois\/","og_site_name":"tortosaturisme","article_modified_time":"2020-11-06T12:08:53+00:00","twitter_card":"summary_large_image","twitter_misc":{"Dur\u00e9e de lecture estim\u00e9e":"9 minutes"},"schema":{"@context":"https:\/\/schema.org","@graph":[{"@type":"WebPage","@id":"https:\/\/www.tortosaturisme.cat\/fr\/tortosa-mois-par-mois\/","url":"https:\/\/www.tortosaturisme.cat\/fr\/tortosa-mois-par-mois\/","name":"Tortosa, mois par mois - tortosaturisme","isPartOf":{"@id":"https:\/\/www.tortosaturisme.cat\/fr\/#website"},"datePublished":"2018-02-11T18:01:17+00:00","dateModified":"2020-11-06T12:08:53+00:00","breadcrumb":{"@id":"https:\/\/www.tortosaturisme.cat\/fr\/tortosa-mois-par-mois\/#breadcrumb"},"inLanguage":"fr-FR","potentialAction":[{"@type":"ReadAction","target":["https:\/\/www.tortosaturisme.cat\/fr\/tortosa-mois-par-mois\/"]}]},{"@type":"BreadcrumbList","@id":"https:\/\/www.tortosaturisme.cat\/fr\/tortosa-mois-par-mois\/#breadcrumb","itemListElement":[{"@type":"ListItem","position":1,"name":"Home","item":"https:\/\/www.tortosaturisme.cat\/fr\/home-page\/"},{"@type":"ListItem","position":2,"name":"Tortosa, mois par mois"}]},{"@type":"WebSite","@id":"https:\/\/www.tortosaturisme.cat\/fr\/#website","url":"https:\/\/www.tortosaturisme.cat\/fr\/","name":"tortosaturisme","description":"Otro sitio realizado con WordPress","potentialAction":[{"@type":"SearchAction","target":{"@type":"EntryPoint","urlTemplate":"https:\/\/www.tortosaturisme.cat\/fr\/?s={search_term_string}"},"query-input":{"@type":"PropertyValueSpecification","valueRequired":true,"valueName":"search_term_string"}}],"inLanguage":"fr-FR"}]}},"_links":{"self":[{"href":"https:\/\/www.tortosaturisme.cat\/fr\/wp-json\/wp\/v2\/pages\/4297","targetHints":{"allow":["GET"]}}],"collection":[{"href":"https:\/\/www.tortosaturisme.cat\/fr\/wp-json\/wp\/v2\/pages"}],"about":[{"href":"https:\/\/www.tortosaturisme.cat\/fr\/wp-json\/wp\/v2\/types\/page"}],"author":[{"embeddable":true,"href":"https:\/\/www.tortosaturisme.cat\/fr\/wp-json\/wp\/v2\/users\/2"}],"replies":[{"embeddable":true,"href":"https:\/\/www.tortosaturisme.cat\/fr\/wp-json\/wp\/v2\/comments?post=4297"}],"version-history":[{"count":7,"href":"https:\/\/www.tortosaturisme.cat\/fr\/wp-json\/wp\/v2\/pages\/4297\/revisions"}],"predecessor-version":[{"id":15953,"href":"https:\/\/www.tortosaturisme.cat\/fr\/wp-json\/wp\/v2\/pages\/4297\/revisions\/15953"}],"wp:attachment":[{"href":"https:\/\/www.tortosaturisme.cat\/fr\/wp-json\/wp\/v2\/media?parent=4297"}],"curies":[{"name":"wp","href":"https:\/\/api.w.org\/{rel}","templated":true}]}}